{"id":8736,"date":"2022-08-19T18:23:14","date_gmt":"2022-08-19T17:23:14","guid":{"rendered":"https:\/\/socialagri.com\/agriFM\/?post_type=podcast&#038;p=8736"},"modified":"2022-08-19T22:05:47","modified_gmt":"2022-08-19T21:05:47","slug":"especial-siavs-2022-bate-papo-com-a-ricardo-santin-abpa","status":"publish","type":"podcast","link":"https:\/\/socialagri.com\/agriFM\/pt-br\/podcast\/especial-siavs-2022-bate-papo-com-a-ricardo-santin-abpa\/","title":{"rendered":"Especial SIAVS 2022 &#8211; Bate-papo com Ricardo Santin, Presidente da ABPA"},"content":{"rendered":"Confira o balan\u00e7o do SIAVS 2022 com <a href=\"https:\/\/socialagri.com\/agriFM\/pt-br\/podcast\/o-mercado-do-frango-no-brasil-e-no-mundo\/\" target=\"_blank\" rel=\"noopener\">Ricardo Santin<\/a>, Presidente da Associa\u00e7\u00e3o Brasileira de Prote\u00edna Animal (ABPA) que \u00e9 respons\u00e1vel pela realiza\u00e7\u00e3o Sal\u00e3o Internacional de Avicultura (SIAVS). Maior evento dos setores do pa\u00eds reuniu cadeia produtiva em programa\u00e7\u00e3o focada na sustentabilidade e na seguran\u00e7a alimentar global.\r\n\r\nTerminou com recordes a edi\u00e7\u00e3o 2022 do Sal\u00e3o Internacional de Avicultura e Suinocultura (SIAVS),o maior evento dos setores no Brasil, realizado pela Associa\u00e7\u00e3o Brasileira de Prote\u00edna Animal (ABPA) entre os dias 9 e 11 de agosto, no Anhembi Parque, em S\u00e3o Paulo (SP).\r\n\r\nAp\u00f3s a abertura, uma ampla programa\u00e7\u00e3o de palestras e debates foi iniciada, com o tema \u201cProdu\u00e7\u00e3o Sustent\u00e1vel: Caminhos para a Seguran\u00e7a Alimentar Global\u201d. Ao todo, 2.300 congressistas e 80 palestrantes participaram de dois temas t\u00e9cnicos e conjunturais.\r\n\r\nEntre os destaques esteve o painel dos CEOS, com l\u00edderes de agroind\u00fastrias do setor, em debate sobre os rumos da cadeia produtiva. Outros pain\u00e9is sobre proje\u00e7\u00f5es de futuro para a prote\u00edna animal, competitividade e gest\u00e3o de crise.\r\n\r\nCom \u00e1rea 30% maior, o SIAVS contou com cerca de 200 expositores de equipamentos, insumos biol\u00f3gicos e farmac\u00eauticos, ra\u00e7\u00f5es e outros fornecedores de diversas \u00e1reas da cadeia produtiva.\r\n\r\nOs expositores apresentaram em mais de 20 mil metros quadrados, suas tecnologias voltadas para a produ\u00e7\u00e3o de prote\u00edna animal.\r\n\r\nCom o SIAVS Multiprote\u00ednas, mais de 40 agroind\u00fastrias produtoras de aves, su\u00ednos, bovinos, l\u00e1cteos, bubalinos e peixes de cultivo realizam neg\u00f3cios com importadores e representantes do varejo nacional que est\u00e3o presentes.\r\n\r\nComo grandes empresas de equipamentos para o setor, casas gen\u00e9ticas, laborat\u00f3rios, ra\u00e7\u00f5es e prestadoras de servi\u00e7os participantes da feira, juntamente com decisores de compras dos frigor\u00edficos, produtores integrados e independentes das agroind\u00fastrias, importadores de mercados alvo para as prote\u00ednas do Brasil, supermercadistas de atacado e varejo.\r\n\r\nO SIAVS 2022 tamb\u00e9m contou com a participa\u00e7\u00e3o do Banco do Brasil e da Caixa Econ\u00f4mica Federal. Com linhas de cr\u00e9dito especiais para o p\u00fablico do agro. Como institui\u00e7\u00f5es financeiras foram unidade itinerantes, que estavam estacionadas em meio \u00e0 feira.\r\n\r\nAo todo, 21 mil visitantes de 53 pa\u00edses estavam presentes no evento \u2013 n\u00famero maior j\u00e1 registrado at\u00e9 aqui. Pelo Projeto Produtor foram 1,9 mil avicultores e suinocultores integrados.\r\n\r\nSe voc\u00ea quiser acompanhar entrevistas como essa ao vivo, siga-nos em nosso perfil no Instagram:\u00a0<a href=\"https:\/\/www.instagram.com\/avinewsbrasil\/\" target=\"_blank\" rel=\"noopener\">@avinewsbrasil<\/a>\r\n\r\nE se voc\u00ea quiser assistir a essa entrevista \u00e9 s\u00f3 clicar<a href=\"https:\/\/www.youtube.com\/watch?v=KdvWL8Yf6SM&amp;t=1s\" target=\"_blank\" rel=\"noopener\"> aqui!<\/a>","protected":false},"author":2,"featured_media":0,"parent":0,"menu_order":0,"template":"","meta":{"_acf_changed":false,"footnotes":""},"categories":[125,129],"tags":[],"canales":[208],"Idioma":[13],"intereses":[326,224],"acf":{"link_podcast1":"https:\/\/images.socialagri.com\/agriFM\/wp-content\/uploads\/2022\/08\/17194430\/podcast-siavs-santin-agrinewsbr.mp3","imagen_podcast1":"https:\/\/images.socialagri.com\/agriFM\/wp-content\/uploads\/2022\/08\/18160051\/capa_podcast_siavs_abpa.jpg"},"yoast_head":"<!-- This site is optimized with the Yoast SEO plugin v22.9 - https:\/\/yoast.com\/wordpress\/plugins\/seo\/ -->\n<title>Especial SIAVS 2022 - Bate-papo com Ricardo Santin<\/title>\n<meta name=\"description\" content=\"Confira o balan\u00e7o do SIAVS 2022 com o Ricardo Santin, presidente da ABPA, que \u00e9 respons\u00e1vel pela realiza\u00e7\u00e3o do SIAVS.\" \/>\n<meta name=\"robots\" content=\"index, follow, max-snippet:-1, max-image-preview:large, max-video-preview:-1\" \/>\n<link rel=\"canonical\" href=\"https:\/\/socialagri.com\/agriFM\/pt-br\/podcast\/especial-siavs-2022-bate-papo-com-a-ricardo-santin-abpa\/\" \/>\n<meta property=\"og:locale\" content=\"pt_BR\" \/>\n<meta property=\"og:type\" content=\"article\" \/>\n<meta property=\"og:title\" content=\"Especial SIAVS 2022 - Bate-papo com Ricardo Santin\" \/>\n<meta property=\"og:description\" content=\"Confira o balan\u00e7o do SIAVS 2022 com o Ricardo Santin, presidente da ABPA, que \u00e9 respons\u00e1vel pela realiza\u00e7\u00e3o do SIAVS.\" \/>\n<meta property=\"og:url\" content=\"https:\/\/socialagri.com\/agriFM\/pt-br\/podcast\/especial-siavs-2022-bate-papo-com-a-ricardo-santin-abpa\/\" \/>\n<meta property=\"og:site_name\" content=\"agriFM\" \/>\n<meta property=\"article:modified_time\" content=\"2022-08-19T21:05:47+00:00\" \/>\n<meta name=\"twitter:card\" content=\"summary_large_image\" \/>\n<meta name=\"twitter:label1\" content=\"Est. tempo de leitura\" \/>\n\t<meta name=\"twitter:data1\" content=\"2 minutos\" \/>\n<script type=\"application\/ld+json\" class=\"yoast-schema-graph\">{\"@context\":\"https:\/\/schema.org\",\"@graph\":[{\"@type\":\"WebPage\",\"@id\":\"https:\/\/socialagri.com\/agriFM\/pt-br\/podcast\/especial-siavs-2022-bate-papo-com-a-ricardo-santin-abpa\/\",\"url\":\"https:\/\/socialagri.com\/agriFM\/pt-br\/podcast\/especial-siavs-2022-bate-papo-com-a-ricardo-santin-abpa\/\",\"name\":\"Especial SIAVS 2022 - Bate-papo com Ricardo Santin\",\"isPartOf\":{\"@id\":\"https:\/\/socialagri.com\/agriFM\/#website\"},\"datePublished\":\"2022-08-19T17:23:14+00:00\",\"dateModified\":\"2022-08-19T21:05:47+00:00\",\"description\":\"Confira o balan\u00e7o do SIAVS 2022 com o Ricardo Santin, presidente da ABPA, que \u00e9 respons\u00e1vel pela realiza\u00e7\u00e3o do SIAVS.\",\"breadcrumb\":{\"@id\":\"https:\/\/socialagri.com\/agriFM\/pt-br\/podcast\/especial-siavs-2022-bate-papo-com-a-ricardo-santin-abpa\/#breadcrumb\"},\"inLanguage\":\"pt-BR\",\"potentialAction\":[{\"@type\":\"ReadAction\",\"target\":[\"https:\/\/socialagri.com\/agriFM\/pt-br\/podcast\/especial-siavs-2022-bate-papo-com-a-ricardo-santin-abpa\/\"]}]},{\"@type\":\"BreadcrumbList\",\"@id\":\"https:\/\/socialagri.com\/agriFM\/pt-br\/podcast\/especial-siavs-2022-bate-papo-com-a-ricardo-santin-abpa\/#breadcrumb\",\"itemListElement\":[{\"@type\":\"ListItem\",\"position\":1,\"name\":\"Portada\",\"item\":\"https:\/\/socialagri.com\/agriFM\/pt-br\/\"},{\"@type\":\"ListItem\",\"position\":2,\"name\":\"Podcast\",\"item\":\"https:\/\/socialagri.com\/agriFM\/es\/podcast\/\"},{\"@type\":\"ListItem\",\"position\":3,\"name\":\"Especial SIAVS 2022 &#8211; Bate-papo com Ricardo Santin, Presidente da ABPA\"}]},{\"@type\":\"WebSite\",\"@id\":\"https:\/\/socialagri.com\/agriFM\/#website\",\"url\":\"https:\/\/socialagri.com\/agriFM\/\",\"name\":\"agriFM\",\"description\":\"Otro sitio realizado con WordPress\",\"potentialAction\":[{\"@type\":\"SearchAction\",\"target\":{\"@type\":\"EntryPoint\",\"urlTemplate\":\"https:\/\/socialagri.com\/agriFM\/?s={search_term_string}\"},\"query-input\":\"required name=search_term_string\"}],\"inLanguage\":\"pt-BR\"}]}<\/script>\n<!-- \/ Yoast SEO plugin. -->","yoast_head_json":{"title":"Especial SIAVS 2022 - Bate-papo com Ricardo Santin","description":"Confira o balan\u00e7o do SIAVS 2022 com o Ricardo Santin, presidente da ABPA, que \u00e9 respons\u00e1vel pela realiza\u00e7\u00e3o do SIAVS.","robots":{"index":"index","follow":"follow","max-snippet":"max-snippet:-1","max-image-preview":"max-image-preview:large","max-video-preview":"max-video-preview:-1"},"canonical":"https:\/\/socialagri.com\/agriFM\/pt-br\/podcast\/especial-siavs-2022-bate-papo-com-a-ricardo-santin-abpa\/","og_locale":"pt_BR","og_type":"article","og_title":"Especial SIAVS 2022 - Bate-papo com Ricardo Santin","og_description":"Confira o balan\u00e7o do SIAVS 2022 com o Ricardo Santin, presidente da ABPA, que \u00e9 respons\u00e1vel pela realiza\u00e7\u00e3o do SIAVS.","og_url":"https:\/\/socialagri.com\/agriFM\/pt-br\/podcast\/especial-siavs-2022-bate-papo-com-a-ricardo-santin-abpa\/","og_site_name":"agriFM","article_modified_time":"2022-08-19T21:05:47+00:00","twitter_card":"summary_large_image","twitter_misc":{"Est. tempo de leitura":"2 minutos"},"schema":{"@context":"https:\/\/schema.org","@graph":[{"@type":"WebPage","@id":"https:\/\/socialagri.com\/agriFM\/pt-br\/podcast\/especial-siavs-2022-bate-papo-com-a-ricardo-santin-abpa\/","url":"https:\/\/socialagri.com\/agriFM\/pt-br\/podcast\/especial-siavs-2022-bate-papo-com-a-ricardo-santin-abpa\/","name":"Especial SIAVS 2022 - Bate-papo com Ricardo Santin","isPartOf":{"@id":"https:\/\/socialagri.com\/agriFM\/#website"},"datePublished":"2022-08-19T17:23:14+00:00","dateModified":"2022-08-19T21:05:47+00:00","description":"Confira o balan\u00e7o do SIAVS 2022 com o Ricardo Santin, presidente da ABPA, que \u00e9 respons\u00e1vel pela realiza\u00e7\u00e3o do SIAVS.","breadcrumb":{"@id":"https:\/\/socialagri.com\/agriFM\/pt-br\/podcast\/especial-siavs-2022-bate-papo-com-a-ricardo-santin-abpa\/#breadcrumb"},"inLanguage":"pt-BR","potentialAction":[{"@type":"ReadAction","target":["https:\/\/socialagri.com\/agriFM\/pt-br\/podcast\/especial-siavs-2022-bate-papo-com-a-ricardo-santin-abpa\/"]}]},{"@type":"BreadcrumbList","@id":"https:\/\/socialagri.com\/agriFM\/pt-br\/podcast\/especial-siavs-2022-bate-papo-com-a-ricardo-santin-abpa\/#breadcrumb","itemListElement":[{"@type":"ListItem","position":1,"name":"Portada","item":"https:\/\/socialagri.com\/agriFM\/pt-br\/"},{"@type":"ListItem","position":2,"name":"Podcast","item":"https:\/\/socialagri.com\/agriFM\/es\/podcast\/"},{"@type":"ListItem","position":3,"name":"Especial SIAVS 2022 &#8211; Bate-papo com Ricardo Santin, Presidente da ABPA"}]},{"@type":"WebSite","@id":"https:\/\/socialagri.com\/agriFM\/#website","url":"https:\/\/socialagri.com\/agriFM\/","name":"agriFM","description":"Otro sitio realizado con WordPress","potentialAction":[{"@type":"SearchAction","target":{"@type":"EntryPoint","urlTemplate":"https:\/\/socialagri.com\/agriFM\/?s={search_term_string}"},"query-input":"required name=search_term_string"}],"inLanguage":"pt-BR"}]}},"canal_name":"aviNews Brasil in Live","_links":{"self":[{"href":"https:\/\/socialagri.com\/agriFM\/pt-br\/wp-json\/wp\/v2\/podcast\/8736"}],"collection":[{"href":"https:\/\/socialagri.com\/agriFM\/pt-br\/wp-json\/wp\/v2\/podcast"}],"about":[{"href":"https:\/\/socialagri.com\/agriFM\/pt-br\/wp-json\/wp\/v2\/types\/podcast"}],"author":[{"embeddable":true,"href":"https:\/\/socialagri.com\/agriFM\/pt-br\/wp-json\/wp\/v2\/users\/2"}],"version-history":[{"count":3,"href":"https:\/\/socialagri.com\/agriFM\/pt-br\/wp-json\/wp\/v2\/podcast\/8736\/revisions"}],"predecessor-version":[{"id":8766,"href":"https:\/\/socialagri.com\/agriFM\/pt-br\/wp-json\/wp\/v2\/podcast\/8736\/revisions\/8766"}],"wp:attachment":[{"href":"https:\/\/socialagri.com\/agriFM\/pt-br\/wp-json\/wp\/v2\/media?parent=8736"}],"wp:term":[{"taxonomy":"category","embeddable":true,"href":"https:\/\/socialagri.com\/agriFM\/pt-br\/wp-json\/wp\/v2\/categories?post=8736"},{"taxonomy":"post_tag","embeddable":true,"href":"https:\/\/socialagri.com\/agriFM\/pt-br\/wp-json\/wp\/v2\/tags?post=8736"},{"taxonomy":"canales","embeddable":true,"href":"https:\/\/socialagri.com\/agriFM\/pt-br\/wp-json\/wp\/v2\/canales?post=8736"},{"taxonomy":"Idioma","embeddable":true,"href":"https:\/\/socialagri.com\/agriFM\/pt-br\/wp-json\/wp\/v2\/Idioma?post=8736"},{"taxonomy":"intereses","embeddable":true,"href":"https:\/\/socialagri.com\/agriFM\/pt-br\/wp-json\/wp\/v2\/intereses?post=8736"}],"curies":[{"name":"wp","href":"https:\/\/api.w.org\/{rel}","templated":true}]}}