{"id":8384,"date":"2022-08-17T10:00:55","date_gmt":"2022-08-17T09:00:55","guid":{"rendered":"https:\/\/socialagri.com\/agriFM\/?post_type=podcast&#038;p=8384"},"modified":"2022-09-08T13:56:41","modified_gmt":"2022-09-08T12:56:41","slug":"nutricao-sustentavel-de-suinos","status":"publish","type":"podcast","link":"https:\/\/socialagri.com\/agriFM\/pt-br\/podcast\/nutricao-sustentavel-de-suinos\/","title":{"rendered":"Nutri\u00e7\u00e3o sustent\u00e1vel de su\u00ednos"},"content":{"rendered":"<ul>\r\n \t<li>Nutri\u00e7\u00e3o sustent\u00e1vel de su\u00ednos<\/li>\r\n \t<li><\/li>\r\n \t<li>A abordagem sobre o tema nutri\u00e7\u00e3o\r\nsustent\u00e1vel de su\u00ednos \u00e9, ao mesmo\r\ntempo, empolgante e desafiadora.<\/li>\r\n \t<li><\/li>\r\n \t<li>Empolgante porque a suinocultura \u00e9\r\numa atividade din\u00e2mica e que oferece\r\ngrandes oportunidades para o seu\r\ncrescimento e desenvolvimento.<\/li>\r\n \t<li><\/li>\r\n \t<li>Por outro lado, \u00e9 desafiadora j\u00e1 que a\r\nnutri\u00e7\u00e3o sustent\u00e1vel apresenta diferentes\r\nfacetas, dentre as quais pode-se destacar\r\no aspecto econ\u00f4mico, o ambiental e o\r\nnutricional propriamente dito.<\/li>\r\n \t<li><\/li>\r\n \t<li>\u00c9 fato que o fator mais oneroso do\r\ncusto de produ\u00e7\u00e3o de su\u00ednos \u00e9 sua\r\nalimenta\u00e7\u00e3o. O aumento na demanda\r\npela produ\u00e7\u00e3o de carne su\u00edna, em\r\nfun\u00e7\u00e3o da peste su\u00edna africana\r\nque surgiu em diferentes partes do\r\nmundo, bem como a eleva\u00e7\u00e3o do\r\ncusto dos principais ingredientes que\r\nfazem parte das dietas dos animais,\r\nintensificado pelos conflitos que\r\nocorrem em alguns pa\u00edses europeus,\r\ncontribu\u00edram para o agravamento\r\ndesta situa\u00e7\u00e3o.<\/li>\r\n \t<li><\/li>\r\n \t<li>Assim sendo, a busca de alternativas\r\nnutricionais para a redu\u00e7\u00e3o dos\r\ncustos de produ\u00e7\u00e3o torna-se\r\nferramenta indispens\u00e1vel para atender\r\nadequadamente a exig\u00eancia dos\r\nanimais de forma sustent\u00e1vel.<\/li>\r\n \t<li><\/li>\r\n \t<li>A produ\u00e7\u00e3o de su\u00ednos \u00e9 a atividade\r\nque produz a maior quantidade de\r\ndejetos por quilograma de peso\r\nanimal vivo.<\/li>\r\n \t<li><\/li>\r\n \t<li>Ademais, ressalta-se o fato de que os\r\nanimais aproveitam somente uma parcela\r\ndos nutrientes que s\u00e3o ingeridos por meio\r\nda dieta consumida.<\/li>\r\n \t<li><\/li>\r\n \t<li>Esta condi\u00e7\u00e3o representa uma dupla\r\nperda j\u00e1 que, se estes dejetos n\u00e3o\r\nforem adequadamente manejados,\r\nos nutrientes presentes na sua\r\ncomposi\u00e7\u00e3o trar\u00e3o um desequil\u00edbrio\r\nambiental pela contamina\u00e7\u00e3o dos\r\nsolos e dos mananciais de \u00e1gua, al\u00e9m\r\nda indisponibilidade de parte dos\r\nnutrientes que s\u00e3o eliminados pela\r\nfalta de utiliza\u00e7\u00e3o pelo animal.<\/li>\r\n \t<li><\/li>\r\n \t<li>Estima-se que 20% das\r\nenfermidades que atingem o\r\nhomem, especialmente as crian\u00e7as\r\nest\u00e3o, direta ou indiretamente,\r\nligadas \u00e0s contamina\u00e7\u00f5es da \u00e1gua.<\/li>\r\n \t<li><\/li>\r\n \t<li>Para ler o artigo &#8220;<em>Nutri\u00e7\u00e3o sustent\u00e1vel de su\u00ednos&#8221;<\/em>, clique <a href=\"https:\/\/porcinews.com\/pt-br\/nutricao-sustentavel-de-suinos\/\" target=\"_blank\" rel=\"noopener\"><strong>AQUI<img loading=\"lazy\" decoding=\"async\" class=\"alignnone wp-image-8367\" src=\"https:\/\/images.socialagri.com\/agriFM\/wp-content\/uploads\/2022\/08\/05182134\/capa-podcast-mercado-320x320.png\" alt=\"\" width=\"5\" height=\"5\" srcset=\"https:\/\/images.socialagri.com\/agriFM\/wp-content\/uploads\/2022\/08\/05182134\/capa-podcast-mercado-320x320.png 320w, https:\/\/images.socialagri.com\/agriFM\/wp-content\/uploads\/2022\/08\/05182134\/capa-podcast-mercado-112x112.png 112w, https:\/\/images.socialagri.com\/agriFM\/wp-content\/uploads\/2022\/08\/05182134\/capa-podcast-mercado.png 500w\" sizes=\"(max-width: 5px) 100vw, 5px\" \/><\/strong><\/a><\/li>\r\n \t<li><\/li>\r\n \t<li>Ou\u00e7a tamb\u00e9m: &#8220;<a href=\"https:\/\/socialagri.com\/agriFM\/pt-br\/?post_type=podcast&amp;p=8375\">Rotavirose su\u00edna: Epidemiologia, patogenia, sinais cl\u00ednicos, diagn\u00f3stico e controle da doen\u00e7a<\/a>&#8220;<\/li>\r\n \t<li><\/li>\r\n<\/ul>\r\n&nbsp;","protected":false},"author":2,"featured_media":0,"parent":0,"menu_order":0,"template":"","meta":{"_acf_changed":false,"footnotes":""},"categories":[129],"tags":[],"canales":[211],"Idioma":[13],"intereses":[324],"participantes":[],"acf":{"link_podcast1":"https:\/\/images.socialagri.com\/agriFM\/wp-content\/uploads\/2022\/08\/05185909\/podcast-nutricao-sustentavel.mp3","imagen_podcast1":"https:\/\/images.socialagri.com\/agriFM\/wp-content\/uploads\/2022\/08\/05185841\/capa-podcast-nutricao-sustentavel.png"},"yoast_head":"<!-- This site is optimized with the Yoast SEO plugin v22.9 - https:\/\/yoast.com\/wordpress\/plugins\/seo\/ -->\n<title>Nutri\u00e7\u00e3o sustent\u00e1vel de su\u00ednos - agriFM<\/title>\n<meta name=\"description\" content=\"A abordagem sobre o tema nutri\u00e7\u00e3o sustent\u00e1vel de su\u00ednos \u00e9, ao mesmo tempo, empolgante e desafiadora.\" \/>\n<meta name=\"robots\" content=\"index, follow, max-snippet:-1, max-image-preview:large, max-video-preview:-1\" \/>\n<link rel=\"canonical\" href=\"https:\/\/socialagri.com\/agriFM\/pt-br\/podcast\/nutricao-sustentavel-de-suinos\/\" \/>\n<meta property=\"og:locale\" content=\"pt_BR\" \/>\n<meta property=\"og:type\" content=\"article\" \/>\n<meta property=\"og:title\" content=\"Nutri\u00e7\u00e3o sustent\u00e1vel de su\u00ednos - agriFM\" \/>\n<meta property=\"og:description\" content=\"A abordagem sobre o tema nutri\u00e7\u00e3o sustent\u00e1vel de su\u00ednos \u00e9, ao mesmo tempo, empolgante e desafiadora.\" \/>\n<meta property=\"og:url\" content=\"https:\/\/socialagri.com\/agriFM\/pt-br\/podcast\/nutricao-sustentavel-de-suinos\/\" \/>\n<meta property=\"og:site_name\" content=\"agriFM\" \/>\n<meta property=\"article:modified_time\" content=\"2022-09-08T12:56:41+00:00\" \/>\n<meta property=\"og:image\" content=\"https:\/\/socialagri.com\/agriFM\/wp-content\/uploads\/2022\/08\/capa-podcast-mercado-320x320.png\" \/>\n<meta name=\"twitter:card\" content=\"summary_large_image\" \/>\n<meta name=\"twitter:image\" content=\"https:\/\/images.socialagri.com\/agriFM\/wp-content\/uploads\/2022\/08\/05185841\/capa-podcast-nutricao-sustentavel.png\" \/>\n<meta name=\"twitter:label1\" content=\"Est. tempo de leitura\" \/>\n\t<meta name=\"twitter:data1\" content=\"2 minutos\" \/>\n<script type=\"application\/ld+json\" class=\"yoast-schema-graph\">{\"@context\":\"https:\/\/schema.org\",\"@graph\":[{\"@type\":\"WebPage\",\"@id\":\"https:\/\/socialagri.com\/agriFM\/pt-br\/podcast\/nutricao-sustentavel-de-suinos\/\",\"url\":\"https:\/\/socialagri.com\/agriFM\/pt-br\/podcast\/nutricao-sustentavel-de-suinos\/\",\"name\":\"Nutri\u00e7\u00e3o sustent\u00e1vel de su\u00ednos - agriFM\",\"isPartOf\":{\"@id\":\"https:\/\/socialagri.com\/agriFM\/#website\"},\"primaryImageOfPage\":{\"@id\":\"https:\/\/socialagri.com\/agriFM\/pt-br\/podcast\/nutricao-sustentavel-de-suinos\/#primaryimage\"},\"image\":{\"@id\":\"https:\/\/socialagri.com\/agriFM\/pt-br\/podcast\/nutricao-sustentavel-de-suinos\/#primaryimage\"},\"thumbnailUrl\":\"https:\/\/socialagri.com\/agriFM\/wp-content\/uploads\/2022\/08\/capa-podcast-mercado-320x320.png\",\"datePublished\":\"2022-08-17T09:00:55+00:00\",\"dateModified\":\"2022-09-08T12:56:41+00:00\",\"description\":\"A abordagem sobre o tema nutri\u00e7\u00e3o sustent\u00e1vel de su\u00ednos \u00e9, ao mesmo tempo, empolgante e desafiadora.\",\"breadcrumb\":{\"@id\":\"https:\/\/socialagri.com\/agriFM\/pt-br\/podcast\/nutricao-sustentavel-de-suinos\/#breadcrumb\"},\"inLanguage\":\"pt-BR\",\"potentialAction\":[{\"@type\":\"ReadAction\",\"target\":[\"https:\/\/socialagri.com\/agriFM\/pt-br\/podcast\/nutricao-sustentavel-de-suinos\/\"]}]},{\"@type\":\"ImageObject\",\"inLanguage\":\"pt-BR\",\"@id\":\"https:\/\/socialagri.com\/agriFM\/pt-br\/podcast\/nutricao-sustentavel-de-suinos\/#primaryimage\",\"url\":\"https:\/\/socialagri.com\/agriFM\/wp-content\/uploads\/2022\/08\/capa-podcast-mercado-320x320.png\",\"contentUrl\":\"https:\/\/socialagri.com\/agriFM\/wp-content\/uploads\/2022\/08\/capa-podcast-mercado-320x320.png\"},{\"@type\":\"BreadcrumbList\",\"@id\":\"https:\/\/socialagri.com\/agriFM\/pt-br\/podcast\/nutricao-sustentavel-de-suinos\/#breadcrumb\",\"itemListElement\":[{\"@type\":\"ListItem\",\"position\":1,\"name\":\"Portada\",\"item\":\"https:\/\/socialagri.com\/agriFM\/pt-br\/\"},{\"@type\":\"ListItem\",\"position\":2,\"name\":\"Podcast\",\"item\":\"https:\/\/socialagri.com\/agriFM\/es\/podcast\/\"},{\"@type\":\"ListItem\",\"position\":3,\"name\":\"Nutri\u00e7\u00e3o sustent\u00e1vel de su\u00ednos\"}]},{\"@type\":\"WebSite\",\"@id\":\"https:\/\/socialagri.com\/agriFM\/#website\",\"url\":\"https:\/\/socialagri.com\/agriFM\/\",\"name\":\"agriFM\",\"description\":\"Otro sitio realizado con WordPress\",\"potentialAction\":[{\"@type\":\"SearchAction\",\"target\":{\"@type\":\"EntryPoint\",\"urlTemplate\":\"https:\/\/socialagri.com\/agriFM\/?s={search_term_string}\"},\"query-input\":\"required name=search_term_string\"}],\"inLanguage\":\"pt-BR\"}]}<\/script>\n<!-- \/ Yoast SEO plugin. -->","yoast_head_json":{"title":"Nutri\u00e7\u00e3o sustent\u00e1vel de su\u00ednos - agriFM","description":"A abordagem sobre o tema nutri\u00e7\u00e3o sustent\u00e1vel de su\u00ednos \u00e9, ao mesmo tempo, empolgante e desafiadora.","robots":{"index":"index","follow":"follow","max-snippet":"max-snippet:-1","max-image-preview":"max-image-preview:large","max-video-preview":"max-video-preview:-1"},"canonical":"https:\/\/socialagri.com\/agriFM\/pt-br\/podcast\/nutricao-sustentavel-de-suinos\/","og_locale":"pt_BR","og_type":"article","og_title":"Nutri\u00e7\u00e3o sustent\u00e1vel de su\u00ednos - agriFM","og_description":"A abordagem sobre o tema nutri\u00e7\u00e3o sustent\u00e1vel de su\u00ednos \u00e9, ao mesmo tempo, empolgante e desafiadora.","og_url":"https:\/\/socialagri.com\/agriFM\/pt-br\/podcast\/nutricao-sustentavel-de-suinos\/","og_site_name":"agriFM","article_modified_time":"2022-09-08T12:56:41+00:00","og_image":[{"url":"https:\/\/socialagri.com\/agriFM\/wp-content\/uploads\/2022\/08\/capa-podcast-mercado-320x320.png"}],"twitter_card":"summary_large_image","twitter_image":"https:\/\/images.socialagri.com\/agriFM\/wp-content\/uploads\/2022\/08\/05185841\/capa-podcast-nutricao-sustentavel.png","twitter_misc":{"Est. tempo de leitura":"2 minutos"},"schema":{"@context":"https:\/\/schema.org","@graph":[{"@type":"WebPage","@id":"https:\/\/socialagri.com\/agriFM\/pt-br\/podcast\/nutricao-sustentavel-de-suinos\/","url":"https:\/\/socialagri.com\/agriFM\/pt-br\/podcast\/nutricao-sustentavel-de-suinos\/","name":"Nutri\u00e7\u00e3o sustent\u00e1vel de su\u00ednos - agriFM","isPartOf":{"@id":"https:\/\/socialagri.com\/agriFM\/#website"},"primaryImageOfPage":{"@id":"https:\/\/socialagri.com\/agriFM\/pt-br\/podcast\/nutricao-sustentavel-de-suinos\/#primaryimage"},"image":{"@id":"https:\/\/socialagri.com\/agriFM\/pt-br\/podcast\/nutricao-sustentavel-de-suinos\/#primaryimage"},"thumbnailUrl":"https:\/\/socialagri.com\/agriFM\/wp-content\/uploads\/2022\/08\/capa-podcast-mercado-320x320.png","datePublished":"2022-08-17T09:00:55+00:00","dateModified":"2022-09-08T12:56:41+00:00","description":"A abordagem sobre o tema nutri\u00e7\u00e3o sustent\u00e1vel de su\u00ednos \u00e9, ao mesmo tempo, empolgante e desafiadora.","breadcrumb":{"@id":"https:\/\/socialagri.com\/agriFM\/pt-br\/podcast\/nutricao-sustentavel-de-suinos\/#breadcrumb"},"inLanguage":"pt-BR","potentialAction":[{"@type":"ReadAction","target":["https:\/\/socialagri.com\/agriFM\/pt-br\/podcast\/nutricao-sustentavel-de-suinos\/"]}]},{"@type":"ImageObject","inLanguage":"pt-BR","@id":"https:\/\/socialagri.com\/agriFM\/pt-br\/podcast\/nutricao-sustentavel-de-suinos\/#primaryimage","url":"https:\/\/socialagri.com\/agriFM\/wp-content\/uploads\/2022\/08\/capa-podcast-mercado-320x320.png","contentUrl":"https:\/\/socialagri.com\/agriFM\/wp-content\/uploads\/2022\/08\/capa-podcast-mercado-320x320.png"},{"@type":"BreadcrumbList","@id":"https:\/\/socialagri.com\/agriFM\/pt-br\/podcast\/nutricao-sustentavel-de-suinos\/#breadcrumb","itemListElement":[{"@type":"ListItem","position":1,"name":"Portada","item":"https:\/\/socialagri.com\/agriFM\/pt-br\/"},{"@type":"ListItem","position":2,"name":"Podcast","item":"https:\/\/socialagri.com\/agriFM\/es\/podcast\/"},{"@type":"ListItem","position":3,"name":"Nutri\u00e7\u00e3o sustent\u00e1vel de su\u00ednos"}]},{"@type":"WebSite","@id":"https:\/\/socialagri.com\/agriFM\/#website","url":"https:\/\/socialagri.com\/agriFM\/","name":"agriFM","description":"Otro sitio realizado con WordPress","potentialAction":[{"@type":"SearchAction","target":{"@type":"EntryPoint","urlTemplate":"https:\/\/socialagri.com\/agriFM\/?s={search_term_string}"},"query-input":"required name=search_term_string"}],"inLanguage":"pt-BR"}]}},"canal_name":"SuinoBrasil","_links":{"self":[{"href":"https:\/\/socialagri.com\/agriFM\/pt-br\/wp-json\/wp\/v2\/podcast\/8384"}],"collection":[{"href":"https:\/\/socialagri.com\/agriFM\/pt-br\/wp-json\/wp\/v2\/podcast"}],"about":[{"href":"https:\/\/socialagri.com\/agriFM\/pt-br\/wp-json\/wp\/v2\/types\/podcast"}],"author":[{"embeddable":true,"href":"https:\/\/socialagri.com\/agriFM\/pt-br\/wp-json\/wp\/v2\/users\/2"}],"version-history":[{"count":1,"href":"https:\/\/socialagri.com\/agriFM\/pt-br\/wp-json\/wp\/v2\/podcast\/8384\/revisions"}],"predecessor-version":[{"id":8392,"href":"https:\/\/socialagri.com\/agriFM\/pt-br\/wp-json\/wp\/v2\/podcast\/8384\/revisions\/8392"}],"wp:attachment":[{"href":"https:\/\/socialagri.com\/agriFM\/pt-br\/wp-json\/wp\/v2\/media?parent=8384"}],"wp:term":[{"taxonomy":"category","embeddable":true,"href":"https:\/\/socialagri.com\/agriFM\/pt-br\/wp-json\/wp\/v2\/categories?post=8384"},{"taxonomy":"post_tag","embeddable":true,"href":"https:\/\/socialagri.com\/agriFM\/pt-br\/wp-json\/wp\/v2\/tags?post=8384"},{"taxonomy":"canales","embeddable":true,"href":"https:\/\/socialagri.com\/agriFM\/pt-br\/wp-json\/wp\/v2\/canales?post=8384"},{"taxonomy":"Idioma","embeddable":true,"href":"https:\/\/socialagri.com\/agriFM\/pt-br\/wp-json\/wp\/v2\/Idioma?post=8384"},{"taxonomy":"intereses","embeddable":true,"href":"https:\/\/socialagri.com\/agriFM\/pt-br\/wp-json\/wp\/v2\/intereses?post=8384"},{"taxonomy":"participantes","embeddable":true,"href":"https:\/\/socialagri.com\/agriFM\/pt-br\/wp-json\/wp\/v2\/participantes?post=8384"}],"curies":[{"name":"wp","href":"https:\/\/api.w.org\/{rel}","templated":true}]}}