{"id":7698,"date":"2022-06-27T16:51:48","date_gmt":"2022-06-27T15:51:48","guid":{"rendered":"https:\/\/socialagri.com\/agriFM\/?post_type=podcast&#038;p=7698"},"modified":"2022-07-05T08:57:39","modified_gmt":"2022-07-05T07:57:39","slug":"impacto-ambiental-da-suinocultura","status":"publish","type":"podcast","link":"https:\/\/socialagri.com\/agriFM\/pt-br\/podcast\/impacto-ambiental-da-suinocultura\/","title":{"rendered":"Impacto ambiental da suinocultura"},"content":{"rendered":"Atender a crescente demanda mundial por alimentos \u00e9 certamente um dos maiores desafios que enfrentaremos nas pr\u00f3ximas d\u00e9cadas. O setor produtivo (incluindo agricultura e pecu\u00e1ria) precisar\u00e1 alimentar uma popula\u00e7\u00e3o cada vez maior, por\u00e9m, sem comprometer a capacidade das gera\u00e7\u00f5es futuras de tamb\u00e9m atenderem \u00e0s suas necessidades.\r\n\r\nEm outras palavras, a constru\u00e7\u00e3o de sistemas agroalimentares sustent\u00e1veis \u00e9 um requisito obrigat\u00f3rio. A suinocultura j\u00e1 apresenta n\u00edveis muito altos de desempenho e certamente tem um papel social important\u00edssimo para a seguran\u00e7a alimentar do planeta.\r\n\r\nOs impactos ambientais da suinocultura t\u00eam sido geralmente analisados de forma isolada (exemplo: com foco no animal) ou restrita \u00e0s suas associa\u00e7\u00f5es diretas (exemplo: emiss\u00f5es no ambiente onde o animal \u00e9 criado).\r\n\r\nEstes indicadores s\u00e3o \u00fateis quando as emiss\u00f5es poluentes da cadeia t\u00eam um efeito apenas no ambiente local e s\u00e3o frequentemente utilizados para avaliar a emiss\u00e3o de subst\u00e2ncias como nitrato, am\u00f4nia ou fosfato.\r\n\r\nPor\u00e9m, a suinocultura \u00e9 uma cadeia complexa e, por isso, os impactos ambientais podem ser mais bem compreendidos em abordagens multidisciplinares que considerem todo seu ciclo de produ\u00e7\u00e3o.\r\n\r\nAs t\u00e9cnicas de avalia\u00e7\u00e3o global geram indicadores ambientais mais representativos, pois consideram al\u00e9m dos impactos diretos da atividade, tamb\u00e9m as emiss\u00f5es associadas \u00e0s mat\u00e9rias-primas utilizadas ao longo da cadeia produtiva.\r\n<div class=\"col-12 col-sm-12 col-md-12 col-lg-7 px-4\">\r\n\r\n<strong>Todo produto causa um impacto ao meio ambiente<\/strong>, seja em fun\u00e7\u00e3o de seu processo produtivo, das mat\u00e9rias-primas que consome, ou devido ao seu uso ou disposi\u00e7\u00e3o final.\r\n\r\n<\/div>\r\n<div class=\"col-12 col-sm-12 col-md-12 col-lg-7 px-4\">\r\n\r\nNo caso da suinocultura, um animal terminado para o abate s\u00f3 \u00e9 produzido ap\u00f3s uma longa cadeia (produ\u00e7\u00e3o dos leit\u00f5es; cultivo, colheita e transporte dos gr\u00e3os; etc.) e em cada etapa desta cadeia produtiva, energia \u00e9 gasta e elementos poluentes s\u00e3o gerados.\r\n\r\nA\u00a0<strong>avalia\u00e7\u00e3o do ciclo de vida<\/strong>\u00a0(do ingl\u00eas,\u00a0<em>Life Cycle Assessment<\/em>\u00a0\u2013 LCA) \u00e9 uma ferramenta amplamente reconhecida no contexto de an\u00e1lises globais de impacto ambiental. A t\u00e9cnica permite examinar um determinado sistema (servi\u00e7o ou produto) e analisar sistematicamente os fluxos e os impactos ambientais que podem ser associados \u00e0 totalidade do seu ciclo de vida (\u201cdo ber\u00e7o at\u00e9 ao t\u00famulo\u201d ou da extra\u00e7\u00e3o das mat\u00e9rias primas at\u00e9 sua disposi\u00e7\u00e3o final), pressupondo que h\u00e1 um impacto ambiental associado a cada recurso ou a cada unidade de energia consumida no sistema.\r\n\r\n<\/div>","protected":false},"author":2,"featured_media":0,"parent":0,"menu_order":0,"template":"","meta":{"_acf_changed":false,"footnotes":""},"categories":[129],"tags":[],"canales":[209],"Idioma":[13],"intereses":[324],"participantes":[],"acf":{"link_podcast1":"https:\/\/images.socialagri.com\/agriFM\/wp-content\/uploads\/2022\/06\/27163053\/sustentabilidade-na-suinocultura.mp3","imagen_podcast1":"https:\/\/images.socialagri.com\/agriFM\/wp-content\/uploads\/2022\/06\/27163905\/impacto-ambiental-suinocultura-podcast.png"},"yoast_head":"<!-- This site is optimized with the Yoast SEO plugin v22.9 - https:\/\/yoast.com\/wordpress\/plugins\/seo\/ -->\n<title>Impacto ambiental da suinocultura<\/title>\n<meta name=\"description\" content=\"Impacto ambiental da suinocultura: mais um exemplo de que s\u00f3 melhoramos aquilo que medimos!\" \/>\n<meta name=\"robots\" content=\"index, follow, max-snippet:-1, max-image-preview:large, max-video-preview:-1\" \/>\n<link rel=\"canonical\" href=\"https:\/\/socialagri.com\/agriFM\/pt-br\/podcast\/impacto-ambiental-da-suinocultura\/\" \/>\n<meta property=\"og:locale\" content=\"pt_BR\" \/>\n<meta property=\"og:type\" content=\"article\" \/>\n<meta property=\"og:title\" content=\"Impacto ambiental da suinocultura\" \/>\n<meta property=\"og:description\" content=\"Impacto ambiental da suinocultura: mais um exemplo de que s\u00f3 melhoramos aquilo que medimos!\" \/>\n<meta property=\"og:url\" content=\"https:\/\/socialagri.com\/agriFM\/pt-br\/podcast\/impacto-ambiental-da-suinocultura\/\" \/>\n<meta property=\"og:site_name\" content=\"agriFM\" \/>\n<meta property=\"article:modified_time\" content=\"2022-07-05T07:57:39+00:00\" \/>\n<meta name=\"twitter:card\" content=\"summary_large_image\" \/>\n<meta name=\"twitter:label1\" content=\"Est. tempo de leitura\" \/>\n\t<meta name=\"twitter:data1\" content=\"2 minutos\" \/>\n<script type=\"application\/ld+json\" class=\"yoast-schema-graph\">{\"@context\":\"https:\/\/schema.org\",\"@graph\":[{\"@type\":\"WebPage\",\"@id\":\"https:\/\/socialagri.com\/agriFM\/pt-br\/podcast\/impacto-ambiental-da-suinocultura\/\",\"url\":\"https:\/\/socialagri.com\/agriFM\/pt-br\/podcast\/impacto-ambiental-da-suinocultura\/\",\"name\":\"Impacto ambiental da suinocultura\",\"isPartOf\":{\"@id\":\"https:\/\/socialagri.com\/agriFM\/#website\"},\"datePublished\":\"2022-06-27T15:51:48+00:00\",\"dateModified\":\"2022-07-05T07:57:39+00:00\",\"description\":\"Impacto ambiental da suinocultura: mais um exemplo de que s\u00f3 melhoramos aquilo que medimos!\",\"breadcrumb\":{\"@id\":\"https:\/\/socialagri.com\/agriFM\/pt-br\/podcast\/impacto-ambiental-da-suinocultura\/#breadcrumb\"},\"inLanguage\":\"pt-BR\",\"potentialAction\":[{\"@type\":\"ReadAction\",\"target\":[\"https:\/\/socialagri.com\/agriFM\/pt-br\/podcast\/impacto-ambiental-da-suinocultura\/\"]}]},{\"@type\":\"BreadcrumbList\",\"@id\":\"https:\/\/socialagri.com\/agriFM\/pt-br\/podcast\/impacto-ambiental-da-suinocultura\/#breadcrumb\",\"itemListElement\":[{\"@type\":\"ListItem\",\"position\":1,\"name\":\"Portada\",\"item\":\"https:\/\/socialagri.com\/agriFM\/pt-br\/\"},{\"@type\":\"ListItem\",\"position\":2,\"name\":\"Podcast\",\"item\":\"https:\/\/socialagri.com\/agriFM\/es\/podcast\/\"},{\"@type\":\"ListItem\",\"position\":3,\"name\":\"Impacto ambiental da suinocultura\"}]},{\"@type\":\"WebSite\",\"@id\":\"https:\/\/socialagri.com\/agriFM\/#website\",\"url\":\"https:\/\/socialagri.com\/agriFM\/\",\"name\":\"agriFM\",\"description\":\"Otro sitio realizado con WordPress\",\"potentialAction\":[{\"@type\":\"SearchAction\",\"target\":{\"@type\":\"EntryPoint\",\"urlTemplate\":\"https:\/\/socialagri.com\/agriFM\/?s={search_term_string}\"},\"query-input\":\"required name=search_term_string\"}],\"inLanguage\":\"pt-BR\"}]}<\/script>\n<!-- \/ Yoast SEO plugin. -->","yoast_head_json":{"title":"Impacto ambiental da suinocultura","description":"Impacto ambiental da suinocultura: mais um exemplo de que s\u00f3 melhoramos aquilo que medimos!","robots":{"index":"index","follow":"follow","max-snippet":"max-snippet:-1","max-image-preview":"max-image-preview:large","max-video-preview":"max-video-preview:-1"},"canonical":"https:\/\/socialagri.com\/agriFM\/pt-br\/podcast\/impacto-ambiental-da-suinocultura\/","og_locale":"pt_BR","og_type":"article","og_title":"Impacto ambiental da suinocultura","og_description":"Impacto ambiental da suinocultura: mais um exemplo de que s\u00f3 melhoramos aquilo que medimos!","og_url":"https:\/\/socialagri.com\/agriFM\/pt-br\/podcast\/impacto-ambiental-da-suinocultura\/","og_site_name":"agriFM","article_modified_time":"2022-07-05T07:57:39+00:00","twitter_card":"summary_large_image","twitter_misc":{"Est. tempo de leitura":"2 minutos"},"schema":{"@context":"https:\/\/schema.org","@graph":[{"@type":"WebPage","@id":"https:\/\/socialagri.com\/agriFM\/pt-br\/podcast\/impacto-ambiental-da-suinocultura\/","url":"https:\/\/socialagri.com\/agriFM\/pt-br\/podcast\/impacto-ambiental-da-suinocultura\/","name":"Impacto ambiental da suinocultura","isPartOf":{"@id":"https:\/\/socialagri.com\/agriFM\/#website"},"datePublished":"2022-06-27T15:51:48+00:00","dateModified":"2022-07-05T07:57:39+00:00","description":"Impacto ambiental da suinocultura: mais um exemplo de que s\u00f3 melhoramos aquilo que medimos!","breadcrumb":{"@id":"https:\/\/socialagri.com\/agriFM\/pt-br\/podcast\/impacto-ambiental-da-suinocultura\/#breadcrumb"},"inLanguage":"pt-BR","potentialAction":[{"@type":"ReadAction","target":["https:\/\/socialagri.com\/agriFM\/pt-br\/podcast\/impacto-ambiental-da-suinocultura\/"]}]},{"@type":"BreadcrumbList","@id":"https:\/\/socialagri.com\/agriFM\/pt-br\/podcast\/impacto-ambiental-da-suinocultura\/#breadcrumb","itemListElement":[{"@type":"ListItem","position":1,"name":"Portada","item":"https:\/\/socialagri.com\/agriFM\/pt-br\/"},{"@type":"ListItem","position":2,"name":"Podcast","item":"https:\/\/socialagri.com\/agriFM\/es\/podcast\/"},{"@type":"ListItem","position":3,"name":"Impacto ambiental da suinocultura"}]},{"@type":"WebSite","@id":"https:\/\/socialagri.com\/agriFM\/#website","url":"https:\/\/socialagri.com\/agriFM\/","name":"agriFM","description":"Otro sitio realizado con WordPress","potentialAction":[{"@type":"SearchAction","target":{"@type":"EntryPoint","urlTemplate":"https:\/\/socialagri.com\/agriFM\/?s={search_term_string}"},"query-input":"required name=search_term_string"}],"inLanguage":"pt-BR"}]}},"canal_name":"nutriNews Brasil","_links":{"self":[{"href":"https:\/\/socialagri.com\/agriFM\/pt-br\/wp-json\/wp\/v2\/podcast\/7698"}],"collection":[{"href":"https:\/\/socialagri.com\/agriFM\/pt-br\/wp-json\/wp\/v2\/podcast"}],"about":[{"href":"https:\/\/socialagri.com\/agriFM\/pt-br\/wp-json\/wp\/v2\/types\/podcast"}],"author":[{"embeddable":true,"href":"https:\/\/socialagri.com\/agriFM\/pt-br\/wp-json\/wp\/v2\/users\/2"}],"version-history":[{"count":1,"href":"https:\/\/socialagri.com\/agriFM\/pt-br\/wp-json\/wp\/v2\/podcast\/7698\/revisions"}],"predecessor-version":[{"id":7705,"href":"https:\/\/socialagri.com\/agriFM\/pt-br\/wp-json\/wp\/v2\/podcast\/7698\/revisions\/7705"}],"wp:attachment":[{"href":"https:\/\/socialagri.com\/agriFM\/pt-br\/wp-json\/wp\/v2\/media?parent=7698"}],"wp:term":[{"taxonomy":"category","embeddable":true,"href":"https:\/\/socialagri.com\/agriFM\/pt-br\/wp-json\/wp\/v2\/categories?post=7698"},{"taxonomy":"post_tag","embeddable":true,"href":"https:\/\/socialagri.com\/agriFM\/pt-br\/wp-json\/wp\/v2\/tags?post=7698"},{"taxonomy":"canales","embeddable":true,"href":"https:\/\/socialagri.com\/agriFM\/pt-br\/wp-json\/wp\/v2\/canales?post=7698"},{"taxonomy":"Idioma","embeddable":true,"href":"https:\/\/socialagri.com\/agriFM\/pt-br\/wp-json\/wp\/v2\/Idioma?post=7698"},{"taxonomy":"intereses","embeddable":true,"href":"https:\/\/socialagri.com\/agriFM\/pt-br\/wp-json\/wp\/v2\/intereses?post=7698"},{"taxonomy":"participantes","embeddable":true,"href":"https:\/\/socialagri.com\/agriFM\/pt-br\/wp-json\/wp\/v2\/participantes?post=7698"}],"curies":[{"name":"wp","href":"https:\/\/api.w.org\/{rel}","templated":true}]}}