{"id":3917,"date":"2021-12-17T12:14:56","date_gmt":"2021-12-17T11:14:56","guid":{"rendered":"https:\/\/socialagri.com\/agriFM\/?post_type=podcast&#038;p=3917"},"modified":"2022-05-02T21:49:46","modified_gmt":"2022-05-02T20:49:46","slug":"oleos-essenciais-como-alternativas-aos-antibioticos-ep3","status":"publish","type":"podcast","link":"https:\/\/socialagri.com\/agriFM\/pt-br\/podcast\/oleos-essenciais-como-alternativas-aos-antibioticos-ep3\/","title":{"rendered":"\u00d3leos essenciais como alternativas aos antibi\u00f3ticos &#8211; Parte 3"},"content":{"rendered":"<ol>\r\n \t<li><span style=\"vertical-align: inherit;\"><span style=\"vertical-align: inherit;\"><span style=\"vertical-align: inherit;\"><span style=\"vertical-align: inherit;\">O <\/span><\/span><\/span><\/span><span style=\"vertical-align: inherit;\"><span style=\"vertical-align: inherit;\"><span style=\"vertical-align: inherit;\"><span style=\"vertical-align: inherit;\">estresse oxidativo (EO)<\/span><\/span><\/span><\/span><span style=\"vertical-align: inherit;\"><span style=\"vertical-align: inherit;\"><span style=\"vertical-align: inherit;\"><span style=\"vertical-align: inherit;\"> representa um importante <\/span><\/span><\/span><\/span><\/li>\r\n \t<li><span style=\"vertical-align: inherit;\"><span style=\"vertical-align: inherit;\"><span style=\"vertical-align: inherit;\"><span style=\"vertical-align: inherit;\">mecanismo <\/span><\/span><\/span><\/span><span style=\"vertical-align: inherit;\"><span style=\"vertical-align: inherit;\"><span style=\"vertical-align: inherit;\"><span style=\"vertical-align: inherit;\">bioqu\u00edmico <\/span><\/span><\/span><\/span><span style=\"vertical-align: inherit;\"><span style=\"vertical-align: inherit;\"><span style=\"vertical-align: inherit;\"><span style=\"vertical-align: inherit;\">que leva a danos no organismo,<\/span><\/span><\/span><\/span><\/li>\r\n \t<li><span style=\"vertical-align: inherit;\"><span style=\"vertical-align: inherit;\"><span style=\"vertical-align: inherit;\"><span style=\"vertical-align: inherit;\"> que por sua vez <\/span><\/span><\/span><\/span><span style=\"vertical-align: inherit;\"><span style=\"vertical-align: inherit;\"><span style=\"vertical-align: inherit;\"><span style=\"vertical-align: inherit;\">podem afetar o <\/span><\/span><\/span><\/span><span style=\"vertical-align: inherit;\"><span style=\"vertical-align: inherit;\"><span style=\"vertical-align: inherit;\"><span style=\"vertical-align: inherit;\">desempenho e a sa\u00fade <\/span><\/span><\/span><\/span><\/li>\r\n \t<li><span style=\"vertical-align: inherit;\"><span style=\"vertical-align: inherit;\"><span style=\"vertical-align: inherit;\"><span style=\"vertical-align: inherit;\">em su\u00ednos, <\/span><\/span><\/span><\/span><span style=\"vertical-align: inherit;\"><span style=\"vertical-align: inherit;\"><span style=\"vertical-align: inherit;\"><span style=\"vertical-align: inherit;\">especialmente em sistemas de <\/span><\/span><\/span><\/span><span style=\"vertical-align: inherit;\"><span style=\"vertical-align: inherit;\"><span style=\"vertical-align: inherit;\"><span style=\"vertical-align: inherit;\">produ\u00e7\u00e3o <\/span><\/span><\/span><\/span><\/li>\r\n \t<li><span style=\"vertical-align: inherit;\"><span style=\"vertical-align: inherit;\"><span style=\"vertical-align: inherit;\"><span style=\"vertical-align: inherit;\">intensivo, de <\/span><\/span><\/span><\/span><span style=\"vertical-align: inherit;\"><span style=\"vertical-align: inherit;\"><span style=\"vertical-align: inherit;\"><span style=\"vertical-align: inherit;\">su\u00ednos de elevado desempenho. <\/span><\/span><\/span><\/span><\/li>\r\n \t<li><span style=\"vertical-align: inherit;\"><span style=\"vertical-align: inherit;\"><span style=\"vertical-align: inherit;\"><span style=\"vertical-align: inherit;\">Os su\u00ednos <\/span><\/span><\/span><\/span><span style=\"vertical-align: inherit;\"><span style=\"vertical-align: inherit;\"><span style=\"vertical-align: inherit;\"><span style=\"vertical-align: inherit;\">s\u00e3o frequentemente <\/span><\/span><\/span><\/span><span style=\"vertical-align: inherit;\"><span style=\"vertical-align: inherit;\"><span style=\"vertical-align: inherit;\"><span style=\"vertical-align: inherit;\">expostos a v\u00e1rios agentes estressores, incluindo:<\/span><\/span><\/span><\/span><\/li>\r\n \t<li><span style=\"vertical-align: inherit;\"><span style=\"vertical-align: inherit;\"><span style=\"vertical-align: inherit;\"><span style=\"vertical-align: inherit;\">&#8211; desmame<\/span><\/span><\/span><\/span><\/li>\r\n \t<li><span style=\"vertical-align: inherit;\"><span style=\"vertical-align: inherit;\"><span style=\"vertical-align: inherit;\"><span style=\"vertical-align: inherit;\">&#8211; desnutri\u00e7\u00e3o<\/span><\/span><\/span><\/span><\/li>\r\n \t<li><span style=\"vertical-align: inherit;\"><span style=\"vertical-align: inherit;\"><span style=\"vertical-align: inherit;\"><span style=\"vertical-align: inherit;\">&#8211; doen\u00e7as<\/span><\/span><\/span><\/span><\/li>\r\n \t<li><span style=\"vertical-align: inherit;\"><span style=\"vertical-align: inherit;\"><span style=\"vertical-align: inherit;\"><span style=\"vertical-align: inherit;\">&#8211; estresse por calor<\/span><\/span><\/span><\/span><\/li>\r\n \t<li><span style=\"vertical-align: inherit;\"><span style=\"vertical-align: inherit;\"><span style=\"vertical-align: inherit;\"><span style=\"vertical-align: inherit;\">&#8211; contamina\u00e7\u00e3o da ra\u00e7\u00e3o por micotoxinas<\/span><\/span><\/span><\/span><\/li>\r\n \t<li><span style=\"vertical-align: inherit;\"><span style=\"vertical-align: inherit;\"><span style=\"vertical-align: inherit;\"><span style=\"vertical-align: inherit;\">&#8211; transporte e<\/span><\/span><\/span><\/span><\/li>\r\n \t<li><span style=\"vertical-align: inherit;\"><span style=\"vertical-align: inherit;\"><span style=\"vertical-align: inherit;\"><span style=\"vertical-align: inherit;\">&#8211; superlota\u00e7\u00e3o<\/span><\/span><\/span><\/span><\/li>\r\n \t<li><\/li>\r\n \t<li><span style=\"vertical-align: inherit;\"><span style=\"vertical-align: inherit;\"><span style=\"vertical-align: inherit;\"><span style=\"vertical-align: inherit;\">Esses estressores s\u00e3o conhecidos por aumentar a produ\u00e7\u00e3o de <\/span><\/span><\/span><\/span><\/li>\r\n \t<li><span style=\"vertical-align: inherit;\"><span style=\"vertical-align: inherit;\"><span style=\"vertical-align: inherit;\"><span style=\"vertical-align: inherit;\">esp\u00e9cies reativas de oxig\u00eanio (EROs) e, quando o sistema <\/span><\/span><\/span><\/span><\/li>\r\n \t<li><span style=\"vertical-align: inherit;\"><span style=\"vertical-align: inherit;\"><span style=\"vertical-align: inherit;\"><span style=\"vertical-align: inherit;\">antioxidante <\/span><\/span><\/span><\/span><span style=\"vertical-align: inherit;\"><span style=\"vertical-align: inherit;\"><span style=\"vertical-align: inherit;\">\u00e9 sobrecarregado pela produ\u00e7\u00e3o de EROs,<\/span><\/span><\/span><\/li>\r\n \t<li><span style=\"vertical-align: inherit;\"><span style=\"vertical-align: inherit;\"><span style=\"vertical-align: inherit;\"> ocorre o estresse\u00a0 <\/span><\/span><\/span><span style=\"vertical-align: inherit;\"><span style=\"vertical-align: inherit;\"><span style=\"vertical-align: inherit;\"><span style=\"vertical-align: inherit;\">oxidativo.<\/span><\/span><\/span><\/span><\/li>\r\n \t<li><\/li>\r\n \t<li><span style=\"vertical-align: inherit;\"><span style=\"vertical-align: inherit;\">O estresse oxidativo pode estar associado a uma queda no<\/span><\/span><\/li>\r\n \t<li><span style=\"vertical-align: inherit;\"><span style=\"vertical-align: inherit;\"> desempenho,<\/span><\/span><span style=\"vertical-align: inherit;\"><span style=\"vertical-align: inherit;\"> imunidade comprometida, degenera\u00e7\u00e3o <\/span><\/span><\/li>\r\n \t<li><span style=\"vertical-align: inherit;\"><span style=\"vertical-align: inherit;\">muscular, aumento do risco <\/span><\/span>de derrame em su\u00ednos de<\/li>\r\n \t<li>crescimento r\u00e1pido, doen\u00e7a card\u00edaca da <span style=\"vertical-align: inherit;\"><span style=\"vertical-align: inherit;\">amora, redu\u00e7\u00e3o <\/span><\/span><\/li>\r\n \t<li><span style=\"vertical-align: inherit;\"><span style=\"vertical-align: inherit;\">do apetite, diarreia, destrui\u00e7\u00e3o do tecido hep\u00e1tico <\/span><\/span><\/li>\r\n \t<li><span style=\"vertical-align: inherit;\"><span style=\"vertical-align: inherit;\">e aumento do risco de aborto em porcas gestantes.<\/span><\/span><\/li>\r\n \t<li><\/li>\r\n \t<li>\u00c9 bem conhecido que os\u00a0<a href=\"https:\/\/suinobrasil.porcino.info\/oleos-essenciais-como-alternativa-aos-antibioticos-parte-2-4\/\">\u00f3leos essenciais<\/a>\u00a0e extratos vegetais<\/li>\r\n \t<li>t\u00eam efeitos antioxidantes\u00a0 e t\u00eam sido usados \u200b\u200bcom sucesso em<\/li>\r\n \t<li>dietas para su\u00ednos.<\/li>\r\n \t<li><\/li>\r\n \t<li>O aumento do EO leva \u00e0 diminui\u00e7\u00e3o da produ\u00e7\u00e3o<\/li>\r\n \t<li>de leite, desempenho reprodutivo e longevidade das porcas.<\/li>\r\n \t<li>A capacidade comprometida de produzir leite pode prejudicar<\/li>\r\n \t<li>diretamente a sa\u00fade e o crescimento dos leit\u00f5es lactentes.<\/li>\r\n \t<li>Tamb\u00e9m pode ter um efeito de longo prazo na sa\u00fade<\/li>\r\n \t<li>e no desempenho ao longo da vida dos su\u00ednos.<\/li>\r\n \t<li>Um aumento do EO sist\u00eamico foi observado no<\/li>\r\n \t<li>final da gesta\u00e7\u00e3o e in\u00edcio da lacta\u00e7\u00e3o das porcas e a<\/li>\r\n \t<li>suplementa\u00e7\u00e3o com \u00f3leo essencial de or\u00e9gano<\/li>\r\n \t<li>melhorou o desempenho de seus leit\u00f5es por<\/li>\r\n \t<li>meio da redu\u00e7\u00e3o do estresse oxidativo (Tan et al., 2015; Tan, 2015).<\/li>\r\n \t<li><\/li>\r\n \t<li>Portanto, a suplementa\u00e7\u00e3o de \u00f3leos essenciais \u00e9 um m\u00e9todo<\/li>\r\n \t<li>promissor para amenizar os efeitos negativos do estresse<\/li>\r\n \t<li>oxidativo induzido por diferentes estressores em sistemas<\/li>\r\n \t<li>modernos de produ\u00e7\u00e3o de su\u00ednos de alto desempenho.<\/li>\r\n \t<li><\/li>\r\n \t<li><\/li>\r\n \t<li>Para ler o artigo &#8220;<em>\u00d3leos essenciais como alternativas aos antibi\u00f3ticos &#8211; Parte 3&#8243;<\/em>, clique <a href=\"https:\/\/suinobrasil.porcino.info\/oleos-essenciais-como-alternativas-aos-antibioticos-na-producao-de-suinos-parte-3-4\/\" target=\"_blank\" rel=\"noopener\"><strong>AQUI<\/strong><\/a><\/li>\r\n \t<li><\/li>\r\n \t<li>Ou\u00e7a tamb\u00e9m: &#8220;<em>\u00d3leos essenciais como alternativas aos antibi\u00f3ticos &#8211; Parte 2<\/em>&#8220;<\/li>\r\n<\/ol>","protected":false},"author":2,"featured_media":0,"parent":0,"menu_order":0,"template":"","meta":{"_acf_changed":false,"footnotes":""},"categories":[129],"tags":[],"canales":[211],"Idioma":[13],"intereses":[324],"participantes":[],"acf":{"link_podcast1":"https:\/\/images.socialagri.com\/agriFM\/wp-content\/uploads\/2021\/12\/15175724\/PODCAST-Oleos-essenciais-como-alternativas-aos-antibioticos-parte-3.mp3","imagen_podcast1":"https:\/\/images.socialagri.com\/agriFM\/wp-content\/uploads\/2022\/05\/02214519\/capa-oleo-tres.png"},"yoast_head":"<!-- This site is optimized with the Yoast SEO plugin v22.9 - https:\/\/yoast.com\/wordpress\/plugins\/seo\/ -->\n<title>Estresse oxidativo - a\u00e7\u00e3o dos \u00d3leos essenciais Ep.3 - agriFM<\/title>\n<meta name=\"description\" content=\"\u00c9 sabido que os \u00f3leos essenciais t\u00eam efeitos positivos contra o estresse oxidativo e t\u00eam sido usados \u200b\u200bcom sucesso em dietas para su\u00ednos.\" \/>\n<meta name=\"robots\" content=\"index, follow, max-snippet:-1, max-image-preview:large, max-video-preview:-1\" \/>\n<link rel=\"canonical\" href=\"https:\/\/socialagri.com\/agriFM\/pt-br\/podcast\/oleos-essenciais-como-alternativas-aos-antibioticos-ep3\/\" \/>\n<meta property=\"og:locale\" content=\"pt_BR\" \/>\n<meta property=\"og:type\" content=\"article\" \/>\n<meta property=\"og:title\" content=\"Estresse oxidativo - a\u00e7\u00e3o dos \u00d3leos essenciais Ep.3 - agriFM\" \/>\n<meta property=\"og:description\" content=\"\u00c9 sabido que os \u00f3leos essenciais t\u00eam efeitos positivos contra o estresse oxidativo e t\u00eam sido usados \u200b\u200bcom sucesso em dietas para su\u00ednos.\" \/>\n<meta property=\"og:url\" content=\"https:\/\/socialagri.com\/agriFM\/pt-br\/podcast\/oleos-essenciais-como-alternativas-aos-antibioticos-ep3\/\" \/>\n<meta property=\"og:site_name\" content=\"agriFM\" \/>\n<meta property=\"article:modified_time\" content=\"2022-05-02T20:49:46+00:00\" \/>\n<meta name=\"twitter:card\" content=\"summary_large_image\" \/>\n<meta name=\"twitter:label1\" content=\"Est. tempo de leitura\" \/>\n\t<meta name=\"twitter:data1\" content=\"1 minuto\" \/>\n<script type=\"application\/ld+json\" class=\"yoast-schema-graph\">{\"@context\":\"https:\/\/schema.org\",\"@graph\":[{\"@type\":\"WebPage\",\"@id\":\"https:\/\/socialagri.com\/agriFM\/pt-br\/podcast\/oleos-essenciais-como-alternativas-aos-antibioticos-ep3\/\",\"url\":\"https:\/\/socialagri.com\/agriFM\/pt-br\/podcast\/oleos-essenciais-como-alternativas-aos-antibioticos-ep3\/\",\"name\":\"Estresse oxidativo - a\u00e7\u00e3o dos \u00d3leos essenciais Ep.3 - agriFM\",\"isPartOf\":{\"@id\":\"https:\/\/socialagri.com\/agriFM\/#website\"},\"datePublished\":\"2021-12-17T11:14:56+00:00\",\"dateModified\":\"2022-05-02T20:49:46+00:00\",\"description\":\"\u00c9 sabido que os \u00f3leos essenciais t\u00eam efeitos positivos contra o estresse oxidativo e t\u00eam sido usados \u200b\u200bcom sucesso em dietas para su\u00ednos.\",\"breadcrumb\":{\"@id\":\"https:\/\/socialagri.com\/agriFM\/pt-br\/podcast\/oleos-essenciais-como-alternativas-aos-antibioticos-ep3\/#breadcrumb\"},\"inLanguage\":\"pt-BR\",\"potentialAction\":[{\"@type\":\"ReadAction\",\"target\":[\"https:\/\/socialagri.com\/agriFM\/pt-br\/podcast\/oleos-essenciais-como-alternativas-aos-antibioticos-ep3\/\"]}]},{\"@type\":\"BreadcrumbList\",\"@id\":\"https:\/\/socialagri.com\/agriFM\/pt-br\/podcast\/oleos-essenciais-como-alternativas-aos-antibioticos-ep3\/#breadcrumb\",\"itemListElement\":[{\"@type\":\"ListItem\",\"position\":1,\"name\":\"Portada\",\"item\":\"https:\/\/socialagri.com\/agriFM\/pt-br\/\"},{\"@type\":\"ListItem\",\"position\":2,\"name\":\"Podcast\",\"item\":\"https:\/\/socialagri.com\/agriFM\/es\/podcast\/\"},{\"@type\":\"ListItem\",\"position\":3,\"name\":\"\u00d3leos essenciais como alternativas aos antibi\u00f3ticos &#8211; Parte 3\"}]},{\"@type\":\"WebSite\",\"@id\":\"https:\/\/socialagri.com\/agriFM\/#website\",\"url\":\"https:\/\/socialagri.com\/agriFM\/\",\"name\":\"agriFM\",\"description\":\"Otro sitio realizado con WordPress\",\"potentialAction\":[{\"@type\":\"SearchAction\",\"target\":{\"@type\":\"EntryPoint\",\"urlTemplate\":\"https:\/\/socialagri.com\/agriFM\/?s={search_term_string}\"},\"query-input\":\"required name=search_term_string\"}],\"inLanguage\":\"pt-BR\"}]}<\/script>\n<!-- \/ Yoast SEO plugin. -->","yoast_head_json":{"title":"Estresse oxidativo - a\u00e7\u00e3o dos \u00d3leos essenciais Ep.3 - agriFM","description":"\u00c9 sabido que os \u00f3leos essenciais t\u00eam efeitos positivos contra o estresse oxidativo e t\u00eam sido usados \u200b\u200bcom sucesso em dietas para su\u00ednos.","robots":{"index":"index","follow":"follow","max-snippet":"max-snippet:-1","max-image-preview":"max-image-preview:large","max-video-preview":"max-video-preview:-1"},"canonical":"https:\/\/socialagri.com\/agriFM\/pt-br\/podcast\/oleos-essenciais-como-alternativas-aos-antibioticos-ep3\/","og_locale":"pt_BR","og_type":"article","og_title":"Estresse oxidativo - a\u00e7\u00e3o dos \u00d3leos essenciais Ep.3 - agriFM","og_description":"\u00c9 sabido que os \u00f3leos essenciais t\u00eam efeitos positivos contra o estresse oxidativo e t\u00eam sido usados \u200b\u200bcom sucesso em dietas para su\u00ednos.","og_url":"https:\/\/socialagri.com\/agriFM\/pt-br\/podcast\/oleos-essenciais-como-alternativas-aos-antibioticos-ep3\/","og_site_name":"agriFM","article_modified_time":"2022-05-02T20:49:46+00:00","twitter_card":"summary_large_image","twitter_misc":{"Est. tempo de leitura":"1 minuto"},"schema":{"@context":"https:\/\/schema.org","@graph":[{"@type":"WebPage","@id":"https:\/\/socialagri.com\/agriFM\/pt-br\/podcast\/oleos-essenciais-como-alternativas-aos-antibioticos-ep3\/","url":"https:\/\/socialagri.com\/agriFM\/pt-br\/podcast\/oleos-essenciais-como-alternativas-aos-antibioticos-ep3\/","name":"Estresse oxidativo - a\u00e7\u00e3o dos \u00d3leos essenciais Ep.3 - agriFM","isPartOf":{"@id":"https:\/\/socialagri.com\/agriFM\/#website"},"datePublished":"2021-12-17T11:14:56+00:00","dateModified":"2022-05-02T20:49:46+00:00","description":"\u00c9 sabido que os \u00f3leos essenciais t\u00eam efeitos positivos contra o estresse oxidativo e t\u00eam sido usados \u200b\u200bcom sucesso em dietas para su\u00ednos.","breadcrumb":{"@id":"https:\/\/socialagri.com\/agriFM\/pt-br\/podcast\/oleos-essenciais-como-alternativas-aos-antibioticos-ep3\/#breadcrumb"},"inLanguage":"pt-BR","potentialAction":[{"@type":"ReadAction","target":["https:\/\/socialagri.com\/agriFM\/pt-br\/podcast\/oleos-essenciais-como-alternativas-aos-antibioticos-ep3\/"]}]},{"@type":"BreadcrumbList","@id":"https:\/\/socialagri.com\/agriFM\/pt-br\/podcast\/oleos-essenciais-como-alternativas-aos-antibioticos-ep3\/#breadcrumb","itemListElement":[{"@type":"ListItem","position":1,"name":"Portada","item":"https:\/\/socialagri.com\/agriFM\/pt-br\/"},{"@type":"ListItem","position":2,"name":"Podcast","item":"https:\/\/socialagri.com\/agriFM\/es\/podcast\/"},{"@type":"ListItem","position":3,"name":"\u00d3leos essenciais como alternativas aos antibi\u00f3ticos &#8211; Parte 3"}]},{"@type":"WebSite","@id":"https:\/\/socialagri.com\/agriFM\/#website","url":"https:\/\/socialagri.com\/agriFM\/","name":"agriFM","description":"Otro sitio realizado con WordPress","potentialAction":[{"@type":"SearchAction","target":{"@type":"EntryPoint","urlTemplate":"https:\/\/socialagri.com\/agriFM\/?s={search_term_string}"},"query-input":"required name=search_term_string"}],"inLanguage":"pt-BR"}]}},"canal_name":"SuinoBrasil","_links":{"self":[{"href":"https:\/\/socialagri.com\/agriFM\/pt-br\/wp-json\/wp\/v2\/podcast\/3917"}],"collection":[{"href":"https:\/\/socialagri.com\/agriFM\/pt-br\/wp-json\/wp\/v2\/podcast"}],"about":[{"href":"https:\/\/socialagri.com\/agriFM\/pt-br\/wp-json\/wp\/v2\/types\/podcast"}],"author":[{"embeddable":true,"href":"https:\/\/socialagri.com\/agriFM\/pt-br\/wp-json\/wp\/v2\/users\/2"}],"version-history":[{"count":12,"href":"https:\/\/socialagri.com\/agriFM\/pt-br\/wp-json\/wp\/v2\/podcast\/3917\/revisions"}],"predecessor-version":[{"id":6499,"href":"https:\/\/socialagri.com\/agriFM\/pt-br\/wp-json\/wp\/v2\/podcast\/3917\/revisions\/6499"}],"wp:attachment":[{"href":"https:\/\/socialagri.com\/agriFM\/pt-br\/wp-json\/wp\/v2\/media?parent=3917"}],"wp:term":[{"taxonomy":"category","embeddable":true,"href":"https:\/\/socialagri.com\/agriFM\/pt-br\/wp-json\/wp\/v2\/categories?post=3917"},{"taxonomy":"post_tag","embeddable":true,"href":"https:\/\/socialagri.com\/agriFM\/pt-br\/wp-json\/wp\/v2\/tags?post=3917"},{"taxonomy":"canales","embeddable":true,"href":"https:\/\/socialagri.com\/agriFM\/pt-br\/wp-json\/wp\/v2\/canales?post=3917"},{"taxonomy":"Idioma","embeddable":true,"href":"https:\/\/socialagri.com\/agriFM\/pt-br\/wp-json\/wp\/v2\/Idioma?post=3917"},{"taxonomy":"intereses","embeddable":true,"href":"https:\/\/socialagri.com\/agriFM\/pt-br\/wp-json\/wp\/v2\/intereses?post=3917"},{"taxonomy":"participantes","embeddable":true,"href":"https:\/\/socialagri.com\/agriFM\/pt-br\/wp-json\/wp\/v2\/participantes?post=3917"}],"curies":[{"name":"wp","href":"https:\/\/api.w.org\/{rel}","templated":true}]}}