{"id":19001,"date":"2025-05-27T22:45:22","date_gmt":"2025-05-27T20:45:22","guid":{"rendered":"https:\/\/socialagri.com\/agriFM\/?post_type=podcast&#038;p=19001"},"modified":"2025-05-27T22:45:22","modified_gmt":"2025-05-27T20:45:22","slug":"proteck-novo-aditivo-da-elanco-reduz-mortalidade-e-melhora-produtividade-de-femeas-suinas","status":"publish","type":"podcast","link":"https:\/\/socialagri.com\/agriFM\/pt-br\/podcast\/proteck-novo-aditivo-da-elanco-reduz-mortalidade-e-melhora-produtividade-de-femeas-suinas\/","title":{"rendered":"Proteck: novo aditivo da Elanco reduz mortalidade e melhora produtividade de f\u00eameas su\u00ednas"},"content":{"rendered":"Durante o SINSUI 2025, a Elanco apresentou oficialmente o Proteck, um aditivo nutricional voltado \u00e0 sa\u00fade de f\u00eameas su\u00ednas nas fases de gesta\u00e7\u00e3o e lacta\u00e7\u00e3o. Em entrevista \u00e0 AgriNews Play, Cleison de Souza, consultor t\u00e9cnico da empresa, compartilhou os dados locais de um ano de uso do produto em granjas brasileiras.\r\n\r\nOs resultados demonstram redu\u00e7\u00e3o de mortalidade de at\u00e9 10%, aumento de leit\u00f5es desmamados por f\u00eamea ao ano e mais 6 leit\u00f5es ao longo da vida produtiva da matriz. Acompanhe os detalhes sobre a a\u00e7\u00e3o do Proteck, os impactos na microbiota intestinal e o retorno econ\u00f4mico que a tecnologia oferece.\r\n","protected":false},"author":0,"featured_media":0,"parent":0,"menu_order":0,"template":"","meta":{"_acf_changed":false,"footnotes":""},"categories":[129],"tags":[],"canales":[212],"Idioma":[],"intereses":[324],"acf":{"link_podcast1":"https:\/\/images.socialagri.com\/agriFM\/wp-content\/uploads\/2025\/05\/27224522\/sinsui-elanco.mp3","imagen_podcast1":"https:\/\/images.socialagri.com\/agriFM\/wp-content\/uploads\/2025\/05\/27224522\/elanco-sinsui.png"},"yoast_head":"<!-- This site is optimized with the Yoast SEO plugin v22.9 - https:\/\/yoast.com\/wordpress\/plugins\/seo\/ -->\n<title>Proteck: novo aditivo da Elanco reduz mortalidade e melhora produtividade de f\u00eameas su\u00ednas - agriFM<\/title>\n<meta name=\"robots\" content=\"index, follow, max-snippet:-1, max-image-preview:large, max-video-preview:-1\" \/>\n<link rel=\"canonical\" href=\"https:\/\/socialagri.com\/agriFM\/pt-br\/podcast\/proteck-novo-aditivo-da-elanco-reduz-mortalidade-e-melhora-produtividade-de-femeas-suinas\/\" \/>\n<meta property=\"og:locale\" content=\"pt_BR\" \/>\n<meta property=\"og:type\" content=\"article\" \/>\n<meta property=\"og:title\" content=\"Proteck: novo aditivo da Elanco reduz mortalidade e melhora produtividade de f\u00eameas su\u00ednas - agriFM\" \/>\n<meta property=\"og:description\" content=\"Durante o SINSUI 2025, a Elanco apresentou oficialmente o Proteck, um aditivo nutricional voltado \u00e0 sa\u00fade de f\u00eameas su\u00ednas nas fases de gesta\u00e7\u00e3o e lacta\u00e7\u00e3o. Em entrevista \u00e0 AgriNews Play, Cleison de Souza, consultor t\u00e9cnico da empresa, compartilhou os dados locais de um ano de uso do produto em granjas brasileiras. Os resultados demonstram redu\u00e7\u00e3o [&hellip;]\" \/>\n<meta property=\"og:url\" content=\"https:\/\/socialagri.com\/agriFM\/pt-br\/podcast\/proteck-novo-aditivo-da-elanco-reduz-mortalidade-e-melhora-produtividade-de-femeas-suinas\/\" \/>\n<meta property=\"og:site_name\" content=\"agriFM\" \/>\n<meta name=\"twitter:card\" content=\"summary_large_image\" \/>\n<meta name=\"twitter:label1\" content=\"Est. tempo de leitura\" \/>\n\t<meta name=\"twitter:data1\" content=\"1 minuto\" \/>\n<script type=\"application\/ld+json\" class=\"yoast-schema-graph\">{\"@context\":\"https:\/\/schema.org\",\"@graph\":[{\"@type\":\"WebPage\",\"@id\":\"https:\/\/socialagri.com\/agriFM\/pt-br\/podcast\/proteck-novo-aditivo-da-elanco-reduz-mortalidade-e-melhora-produtividade-de-femeas-suinas\/\",\"url\":\"https:\/\/socialagri.com\/agriFM\/pt-br\/podcast\/proteck-novo-aditivo-da-elanco-reduz-mortalidade-e-melhora-produtividade-de-femeas-suinas\/\",\"name\":\"Proteck: novo aditivo da Elanco reduz mortalidade e melhora produtividade de f\u00eameas su\u00ednas - agriFM\",\"isPartOf\":{\"@id\":\"https:\/\/socialagri.com\/agriFM\/#website\"},\"datePublished\":\"2025-05-27T20:45:22+00:00\",\"dateModified\":\"2025-05-27T20:45:22+00:00\",\"breadcrumb\":{\"@id\":\"https:\/\/socialagri.com\/agriFM\/pt-br\/podcast\/proteck-novo-aditivo-da-elanco-reduz-mortalidade-e-melhora-produtividade-de-femeas-suinas\/#breadcrumb\"},\"inLanguage\":\"pt-BR\",\"potentialAction\":[{\"@type\":\"ReadAction\",\"target\":[\"https:\/\/socialagri.com\/agriFM\/pt-br\/podcast\/proteck-novo-aditivo-da-elanco-reduz-mortalidade-e-melhora-produtividade-de-femeas-suinas\/\"]}]},{\"@type\":\"BreadcrumbList\",\"@id\":\"https:\/\/socialagri.com\/agriFM\/pt-br\/podcast\/proteck-novo-aditivo-da-elanco-reduz-mortalidade-e-melhora-produtividade-de-femeas-suinas\/#breadcrumb\",\"itemListElement\":[{\"@type\":\"ListItem\",\"position\":1,\"name\":\"Portada\",\"item\":\"https:\/\/socialagri.com\/agriFM\/pt-br\/\"},{\"@type\":\"ListItem\",\"position\":2,\"name\":\"Podcast\",\"item\":\"https:\/\/socialagri.com\/agriFM\/es\/podcast\/\"},{\"@type\":\"ListItem\",\"position\":3,\"name\":\"Proteck: novo aditivo da Elanco reduz mortalidade e melhora produtividade de f\u00eameas su\u00ednas\"}]},{\"@type\":\"WebSite\",\"@id\":\"https:\/\/socialagri.com\/agriFM\/#website\",\"url\":\"https:\/\/socialagri.com\/agriFM\/\",\"name\":\"agriFM\",\"description\":\"Otro sitio realizado con WordPress\",\"potentialAction\":[{\"@type\":\"SearchAction\",\"target\":{\"@type\":\"EntryPoint\",\"urlTemplate\":\"https:\/\/socialagri.com\/agriFM\/?s={search_term_string}\"},\"query-input\":\"required name=search_term_string\"}],\"inLanguage\":\"pt-BR\"}]}<\/script>\n<!-- \/ Yoast SEO plugin. -->","yoast_head_json":{"title":"Proteck: novo aditivo da Elanco reduz mortalidade e melhora produtividade de f\u00eameas su\u00ednas - agriFM","robots":{"index":"index","follow":"follow","max-snippet":"max-snippet:-1","max-image-preview":"max-image-preview:large","max-video-preview":"max-video-preview:-1"},"canonical":"https:\/\/socialagri.com\/agriFM\/pt-br\/podcast\/proteck-novo-aditivo-da-elanco-reduz-mortalidade-e-melhora-produtividade-de-femeas-suinas\/","og_locale":"pt_BR","og_type":"article","og_title":"Proteck: novo aditivo da Elanco reduz mortalidade e melhora produtividade de f\u00eameas su\u00ednas - agriFM","og_description":"Durante o SINSUI 2025, a Elanco apresentou oficialmente o Proteck, um aditivo nutricional voltado \u00e0 sa\u00fade de f\u00eameas su\u00ednas nas fases de gesta\u00e7\u00e3o e lacta\u00e7\u00e3o. Em entrevista \u00e0 AgriNews Play, Cleison de Souza, consultor t\u00e9cnico da empresa, compartilhou os dados locais de um ano de uso do produto em granjas brasileiras. Os resultados demonstram redu\u00e7\u00e3o [&hellip;]","og_url":"https:\/\/socialagri.com\/agriFM\/pt-br\/podcast\/proteck-novo-aditivo-da-elanco-reduz-mortalidade-e-melhora-produtividade-de-femeas-suinas\/","og_site_name":"agriFM","twitter_card":"summary_large_image","twitter_misc":{"Est. tempo de leitura":"1 minuto"},"schema":{"@context":"https:\/\/schema.org","@graph":[{"@type":"WebPage","@id":"https:\/\/socialagri.com\/agriFM\/pt-br\/podcast\/proteck-novo-aditivo-da-elanco-reduz-mortalidade-e-melhora-produtividade-de-femeas-suinas\/","url":"https:\/\/socialagri.com\/agriFM\/pt-br\/podcast\/proteck-novo-aditivo-da-elanco-reduz-mortalidade-e-melhora-produtividade-de-femeas-suinas\/","name":"Proteck: novo aditivo da Elanco reduz mortalidade e melhora produtividade de f\u00eameas su\u00ednas - agriFM","isPartOf":{"@id":"https:\/\/socialagri.com\/agriFM\/#website"},"datePublished":"2025-05-27T20:45:22+00:00","dateModified":"2025-05-27T20:45:22+00:00","breadcrumb":{"@id":"https:\/\/socialagri.com\/agriFM\/pt-br\/podcast\/proteck-novo-aditivo-da-elanco-reduz-mortalidade-e-melhora-produtividade-de-femeas-suinas\/#breadcrumb"},"inLanguage":"pt-BR","potentialAction":[{"@type":"ReadAction","target":["https:\/\/socialagri.com\/agriFM\/pt-br\/podcast\/proteck-novo-aditivo-da-elanco-reduz-mortalidade-e-melhora-produtividade-de-femeas-suinas\/"]}]},{"@type":"BreadcrumbList","@id":"https:\/\/socialagri.com\/agriFM\/pt-br\/podcast\/proteck-novo-aditivo-da-elanco-reduz-mortalidade-e-melhora-produtividade-de-femeas-suinas\/#breadcrumb","itemListElement":[{"@type":"ListItem","position":1,"name":"Portada","item":"https:\/\/socialagri.com\/agriFM\/pt-br\/"},{"@type":"ListItem","position":2,"name":"Podcast","item":"https:\/\/socialagri.com\/agriFM\/es\/podcast\/"},{"@type":"ListItem","position":3,"name":"Proteck: novo aditivo da Elanco reduz mortalidade e melhora produtividade de f\u00eameas su\u00ednas"}]},{"@type":"WebSite","@id":"https:\/\/socialagri.com\/agriFM\/#website","url":"https:\/\/socialagri.com\/agriFM\/","name":"agriFM","description":"Otro sitio realizado con WordPress","potentialAction":[{"@type":"SearchAction","target":{"@type":"EntryPoint","urlTemplate":"https:\/\/socialagri.com\/agriFM\/?s={search_term_string}"},"query-input":"required name=search_term_string"}],"inLanguage":"pt-BR"}]}},"canal_name":"SuinoProsa","_links":{"self":[{"href":"https:\/\/socialagri.com\/agriFM\/pt-br\/wp-json\/wp\/v2\/podcast\/19001"}],"collection":[{"href":"https:\/\/socialagri.com\/agriFM\/pt-br\/wp-json\/wp\/v2\/podcast"}],"about":[{"href":"https:\/\/socialagri.com\/agriFM\/pt-br\/wp-json\/wp\/v2\/types\/podcast"}],"version-history":[{"count":1,"href":"https:\/\/socialagri.com\/agriFM\/pt-br\/wp-json\/wp\/v2\/podcast\/19001\/revisions"}],"predecessor-version":[{"id":19008,"href":"https:\/\/socialagri.com\/agriFM\/pt-br\/wp-json\/wp\/v2\/podcast\/19001\/revisions\/19008"}],"wp:attachment":[{"href":"https:\/\/socialagri.com\/agriFM\/pt-br\/wp-json\/wp\/v2\/media?parent=19001"}],"wp:term":[{"taxonomy":"category","embeddable":true,"href":"https:\/\/socialagri.com\/agriFM\/pt-br\/wp-json\/wp\/v2\/categories?post=19001"},{"taxonomy":"post_tag","embeddable":true,"href":"https:\/\/socialagri.com\/agriFM\/pt-br\/wp-json\/wp\/v2\/tags?post=19001"},{"taxonomy":"canales","embeddable":true,"href":"https:\/\/socialagri.com\/agriFM\/pt-br\/wp-json\/wp\/v2\/canales?post=19001"},{"taxonomy":"Idioma","embeddable":true,"href":"https:\/\/socialagri.com\/agriFM\/pt-br\/wp-json\/wp\/v2\/Idioma?post=19001"},{"taxonomy":"intereses","embeddable":true,"href":"https:\/\/socialagri.com\/agriFM\/pt-br\/wp-json\/wp\/v2\/intereses?post=19001"}],"curies":[{"name":"wp","href":"https:\/\/api.w.org\/{rel}","templated":true}]}}