{"id":15052,"date":"2024-06-28T14:17:13","date_gmt":"2024-06-28T12:17:13","guid":{"rendered":"https:\/\/socialagri.com\/agriFM\/?post_type=podcast&#038;p=15052"},"modified":"2024-06-28T14:17:13","modified_gmt":"2024-06-28T12:17:13","slug":"diretor-global-de-nutricao-da-aviagen-fala-sobre-nutricao-de-matrizes-em-goiania","status":"publish","type":"podcast","link":"https:\/\/socialagri.com\/agriFM\/pt-br\/podcast\/diretor-global-de-nutricao-da-aviagen-fala-sobre-nutricao-de-matrizes-em-goiania\/","title":{"rendered":"Diretor Global de Nutri\u00e7\u00e3o da Aviagen fala sobre nutri\u00e7\u00e3o de Matrizes em Goi\u00e2nia"},"content":{"rendered":"<ul>\r\n \t<li>\r\n<div id=\"title\" class=\"style-scope ytd-video-description-header-renderer\">Diretor Global de Nutri\u00e7\u00e3o da Aviagen fala sobre nutri\u00e7\u00e3o de Matrizes em Goi\u00e2nia<\/div><\/li>\r\n \t<li><\/li>\r\n \t<li>Neste v\u00eddeo exclusivo, Marcelo Silva, Diretor Global de Nutri\u00e7\u00e3o da Aviagen, compartilha insights valiosos sobre a nutri\u00e7\u00e3o de matrizes no XVI Simp\u00f3sio Goiano de Avicultura.<\/li>\r\n \t<li><\/li>\r\n \t<li>Com uma vasta experi\u00eancia no campo da nutri\u00e7\u00e3o av\u00edcola, Marcelo aborda temas cruciais para o desenvolvimento saud\u00e1vel e eficiente das matrizes, oferecendo uma vis\u00e3o detalhada das melhores pr\u00e1ticas e inova\u00e7\u00f5es no setor.<\/li>\r\n \t<li><\/li>\r\n \t<li>Assista a entrevista completa no canal\u00a0<a href=\"https:\/\/www.youtube.com\/watch?v=CC68lfbJyGo\" target=\"_blank\" rel=\"noopener\">agriNews TV Brasil. <img loading=\"lazy\" decoding=\"async\" class=\"alignnone  wp-image-15014\" src=\"https:\/\/images.socialagri.com\/agriFM\/wp-content\/uploads\/2024\/06\/28135423\/podcast-aga-aviagen-320x320.png\" alt=\"\" width=\"5\" height=\"5\" srcset=\"https:\/\/images.socialagri.com\/agriFM\/wp-content\/uploads\/2024\/06\/28135423\/podcast-aga-aviagen-320x320.png 320w, https:\/\/images.socialagri.com\/agriFM\/wp-content\/uploads\/2024\/06\/28135423\/podcast-aga-aviagen-112x112.png 112w, https:\/\/images.socialagri.com\/agriFM\/wp-content\/uploads\/2024\/06\/28135423\/podcast-aga-aviagen.png 500w\" sizes=\"(max-width: 5px) 100vw, 5px\" \/><\/a><\/li>\r\n \t<li><\/li>\r\n \t<li>Ou\u00e7a outros epis\u00f3dios em nosso canal aqui no\u00a0<a href=\"https:\/\/socialagri.com\/agriFM\/pt-br\/canales\/avinews-brasil-in-live\/?swcfpc=1\" target=\"_blank\" rel=\"noopener\">agriFM<\/a>.<\/li>\r\n \t<li><\/li>\r\n \t<li><\/li>\r\n \t<li><span style=\"color: #422c5e\">Neste v\u00eddeo exclusivo, Marcelo Silva, Diretor Global de Nutri\u00e7\u00e3o da Aviagen, compartilha insights valiosos sobre a nutri\u00e7\u00e3o de matrizes no XVI Simp\u00f3sio Goiano de Avicultura.<\/span><\/li>\r\n \t<li><\/li>\r\n \t<li><span style=\"color: #422c5e\">Com uma vasta experi\u00eancia no campo da nutri\u00e7\u00e3o av\u00edcola, Marcelo aborda temas cruciais para o desenvolvimento saud\u00e1vel e eficiente das matrizes, oferecendo uma vis\u00e3o detalhada das melhores pr\u00e1ticas e inova\u00e7\u00f5es no setor.<\/span><\/li>\r\n \t<li><\/li>\r\n \t<li><span style=\"color: #422c5e\">Neste v\u00eddeo exclusivo, Marcelo Silva, Diretor Global de Nutri\u00e7\u00e3o da Aviagen, compartilha insights valiosos sobre a nutri\u00e7\u00e3o de matrizes no XVI Simp\u00f3sio Goiano de Avicultura.<\/span><\/li>\r\n \t<li><\/li>\r\n \t<li><span style=\"color: #422c5e\">Com uma vasta experi\u00eancia no campo da nutri\u00e7\u00e3o av\u00edcola, Marcelo aborda temas cruciais para o desenvolvimento saud\u00e1vel e eficiente das matrizes, oferecendo uma vis\u00e3o detalhada das melhores pr\u00e1ticas e inova\u00e7\u00f5es no setor.<\/span><\/li>\r\n \t<li><\/li>\r\n \t<li><span style=\"color: #422c5e\">Neste v\u00eddeo exclusivo, Marcelo Silva, Diretor Global de Nutri\u00e7\u00e3o da Aviagen, compartilha insights valiososno XVI Simp\u00f3sio Goiano de Avicultura.<\/span><\/li>\r\n \t<li><\/li>\r\n \t<li><span style=\"color: #422c5e\">Com uma vasta experi\u00eancia no campo da nutri\u00e7\u00e3o av\u00edcola, Marcelo aborda temas cruciais para o desenvolvimento saud\u00e1vel e eficiente das matrizes, oferecendo uma vis\u00e3o detalhada das melhores pr\u00e1ticas e inova\u00e7\u00f5es no setor.<\/span><\/li>\r\n \t<li><\/li>\r\n \t<li><span style=\"color: #422c5e\">Assista a entrevista completa no <\/span><\/li>\r\n \t<li><\/li>\r\n<\/ul>","protected":false},"author":20,"featured_media":0,"parent":0,"menu_order":0,"template":"","meta":{"_acf_changed":false,"footnotes":""},"categories":[125],"tags":[],"canales":[208],"Idioma":[13],"intereses":[313,324],"participantes":[],"acf":{"link_podcast1":"https:\/\/images.socialagri.com\/agriFM\/wp-content\/uploads\/2024\/06\/28135531\/podcast-aviagen-aga.mp3","imagen_podcast1":"https:\/\/images.socialagri.com\/agriFM\/wp-content\/uploads\/2024\/06\/28135423\/podcast-aga-aviagen.png","tiempo":""},"yoast_head":"<!-- This site is optimized with the Yoast SEO plugin v22.9 - https:\/\/yoast.com\/wordpress\/plugins\/seo\/ -->\n<title>Diretor Global de Nutri\u00e7\u00e3o da Aviagen fala sobre nutri\u00e7\u00e3o de Matrizes em Goi\u00e2nia - agriFM<\/title>\n<meta name=\"description\" content=\"Marcelo Silva, Diretor Global de Nutri\u00e7\u00e3o da Aviagen, compartilha insights valiosos sobre a nutri\u00e7\u00e3o de matrizes\" \/>\n<meta name=\"robots\" content=\"index, follow, max-snippet:-1, max-image-preview:large, max-video-preview:-1\" \/>\n<link rel=\"canonical\" href=\"https:\/\/socialagri.com\/agriFM\/pt-br\/podcast\/diretor-global-de-nutricao-da-aviagen-fala-sobre-nutricao-de-matrizes-em-goiania\/\" \/>\n<meta property=\"og:locale\" content=\"pt_BR\" \/>\n<meta property=\"og:type\" content=\"article\" \/>\n<meta property=\"og:title\" content=\"Diretor Global de Nutri\u00e7\u00e3o da Aviagen fala sobre nutri\u00e7\u00e3o de Matrizes em Goi\u00e2nia - agriFM\" \/>\n<meta property=\"og:description\" content=\"Marcelo Silva, Diretor Global de Nutri\u00e7\u00e3o da Aviagen, compartilha insights valiosos sobre a nutri\u00e7\u00e3o de matrizes\" \/>\n<meta property=\"og:url\" content=\"https:\/\/socialagri.com\/agriFM\/pt-br\/podcast\/diretor-global-de-nutricao-da-aviagen-fala-sobre-nutricao-de-matrizes-em-goiania\/\" \/>\n<meta property=\"og:site_name\" content=\"agriFM\" \/>\n<meta property=\"og:image\" content=\"https:\/\/socialagri.com\/agriFM\/wp-content\/uploads\/2024\/06\/podcast-aga-aviagen-320x320.png\" \/>\n<meta name=\"twitter:card\" content=\"summary_large_image\" \/>\n<meta name=\"twitter:label1\" content=\"Est. tempo de leitura\" \/>\n\t<meta name=\"twitter:data1\" content=\"2 minutos\" \/>\n<script type=\"application\/ld+json\" class=\"yoast-schema-graph\">{\"@context\":\"https:\/\/schema.org\",\"@graph\":[{\"@type\":\"WebPage\",\"@id\":\"https:\/\/socialagri.com\/agriFM\/pt-br\/podcast\/diretor-global-de-nutricao-da-aviagen-fala-sobre-nutricao-de-matrizes-em-goiania\/\",\"url\":\"https:\/\/socialagri.com\/agriFM\/pt-br\/podcast\/diretor-global-de-nutricao-da-aviagen-fala-sobre-nutricao-de-matrizes-em-goiania\/\",\"name\":\"Diretor Global de Nutri\u00e7\u00e3o da Aviagen fala sobre nutri\u00e7\u00e3o de Matrizes em Goi\u00e2nia - agriFM\",\"isPartOf\":{\"@id\":\"https:\/\/socialagri.com\/agriFM\/#website\"},\"primaryImageOfPage\":{\"@id\":\"https:\/\/socialagri.com\/agriFM\/pt-br\/podcast\/diretor-global-de-nutricao-da-aviagen-fala-sobre-nutricao-de-matrizes-em-goiania\/#primaryimage\"},\"image\":{\"@id\":\"https:\/\/socialagri.com\/agriFM\/pt-br\/podcast\/diretor-global-de-nutricao-da-aviagen-fala-sobre-nutricao-de-matrizes-em-goiania\/#primaryimage\"},\"thumbnailUrl\":\"https:\/\/socialagri.com\/agriFM\/wp-content\/uploads\/2024\/06\/podcast-aga-aviagen-320x320.png\",\"datePublished\":\"2024-06-28T12:17:13+00:00\",\"dateModified\":\"2024-06-28T12:17:13+00:00\",\"description\":\"Marcelo Silva, Diretor Global de Nutri\u00e7\u00e3o da Aviagen, compartilha insights valiosos sobre a nutri\u00e7\u00e3o de matrizes\",\"breadcrumb\":{\"@id\":\"https:\/\/socialagri.com\/agriFM\/pt-br\/podcast\/diretor-global-de-nutricao-da-aviagen-fala-sobre-nutricao-de-matrizes-em-goiania\/#breadcrumb\"},\"inLanguage\":\"pt-BR\",\"potentialAction\":[{\"@type\":\"ReadAction\",\"target\":[\"https:\/\/socialagri.com\/agriFM\/pt-br\/podcast\/diretor-global-de-nutricao-da-aviagen-fala-sobre-nutricao-de-matrizes-em-goiania\/\"]}]},{\"@type\":\"ImageObject\",\"inLanguage\":\"pt-BR\",\"@id\":\"https:\/\/socialagri.com\/agriFM\/pt-br\/podcast\/diretor-global-de-nutricao-da-aviagen-fala-sobre-nutricao-de-matrizes-em-goiania\/#primaryimage\",\"url\":\"https:\/\/socialagri.com\/agriFM\/wp-content\/uploads\/2024\/06\/podcast-aga-aviagen-320x320.png\",\"contentUrl\":\"https:\/\/socialagri.com\/agriFM\/wp-content\/uploads\/2024\/06\/podcast-aga-aviagen-320x320.png\"},{\"@type\":\"BreadcrumbList\",\"@id\":\"https:\/\/socialagri.com\/agriFM\/pt-br\/podcast\/diretor-global-de-nutricao-da-aviagen-fala-sobre-nutricao-de-matrizes-em-goiania\/#breadcrumb\",\"itemListElement\":[{\"@type\":\"ListItem\",\"position\":1,\"name\":\"Portada\",\"item\":\"https:\/\/socialagri.com\/agriFM\/pt-br\/\"},{\"@type\":\"ListItem\",\"position\":2,\"name\":\"Podcast\",\"item\":\"https:\/\/socialagri.com\/agriFM\/es\/podcast\/\"},{\"@type\":\"ListItem\",\"position\":3,\"name\":\"Diretor Global de Nutri\u00e7\u00e3o da Aviagen fala sobre nutri\u00e7\u00e3o de Matrizes em Goi\u00e2nia\"}]},{\"@type\":\"WebSite\",\"@id\":\"https:\/\/socialagri.com\/agriFM\/#website\",\"url\":\"https:\/\/socialagri.com\/agriFM\/\",\"name\":\"agriFM\",\"description\":\"Otro sitio realizado con WordPress\",\"potentialAction\":[{\"@type\":\"SearchAction\",\"target\":{\"@type\":\"EntryPoint\",\"urlTemplate\":\"https:\/\/socialagri.com\/agriFM\/?s={search_term_string}\"},\"query-input\":\"required name=search_term_string\"}],\"inLanguage\":\"pt-BR\"}]}<\/script>\n<!-- \/ Yoast SEO plugin. -->","yoast_head_json":{"title":"Diretor Global de Nutri\u00e7\u00e3o da Aviagen fala sobre nutri\u00e7\u00e3o de Matrizes em Goi\u00e2nia - agriFM","description":"Marcelo Silva, Diretor Global de Nutri\u00e7\u00e3o da Aviagen, compartilha insights valiosos sobre a nutri\u00e7\u00e3o de matrizes","robots":{"index":"index","follow":"follow","max-snippet":"max-snippet:-1","max-image-preview":"max-image-preview:large","max-video-preview":"max-video-preview:-1"},"canonical":"https:\/\/socialagri.com\/agriFM\/pt-br\/podcast\/diretor-global-de-nutricao-da-aviagen-fala-sobre-nutricao-de-matrizes-em-goiania\/","og_locale":"pt_BR","og_type":"article","og_title":"Diretor Global de Nutri\u00e7\u00e3o da Aviagen fala sobre nutri\u00e7\u00e3o de Matrizes em Goi\u00e2nia - agriFM","og_description":"Marcelo Silva, Diretor Global de Nutri\u00e7\u00e3o da Aviagen, compartilha insights valiosos sobre a nutri\u00e7\u00e3o de matrizes","og_url":"https:\/\/socialagri.com\/agriFM\/pt-br\/podcast\/diretor-global-de-nutricao-da-aviagen-fala-sobre-nutricao-de-matrizes-em-goiania\/","og_site_name":"agriFM","og_image":[{"url":"https:\/\/socialagri.com\/agriFM\/wp-content\/uploads\/2024\/06\/podcast-aga-aviagen-320x320.png"}],"twitter_card":"summary_large_image","twitter_misc":{"Est. tempo de leitura":"2 minutos"},"schema":{"@context":"https:\/\/schema.org","@graph":[{"@type":"WebPage","@id":"https:\/\/socialagri.com\/agriFM\/pt-br\/podcast\/diretor-global-de-nutricao-da-aviagen-fala-sobre-nutricao-de-matrizes-em-goiania\/","url":"https:\/\/socialagri.com\/agriFM\/pt-br\/podcast\/diretor-global-de-nutricao-da-aviagen-fala-sobre-nutricao-de-matrizes-em-goiania\/","name":"Diretor Global de Nutri\u00e7\u00e3o da Aviagen fala sobre nutri\u00e7\u00e3o de Matrizes em Goi\u00e2nia - agriFM","isPartOf":{"@id":"https:\/\/socialagri.com\/agriFM\/#website"},"primaryImageOfPage":{"@id":"https:\/\/socialagri.com\/agriFM\/pt-br\/podcast\/diretor-global-de-nutricao-da-aviagen-fala-sobre-nutricao-de-matrizes-em-goiania\/#primaryimage"},"image":{"@id":"https:\/\/socialagri.com\/agriFM\/pt-br\/podcast\/diretor-global-de-nutricao-da-aviagen-fala-sobre-nutricao-de-matrizes-em-goiania\/#primaryimage"},"thumbnailUrl":"https:\/\/socialagri.com\/agriFM\/wp-content\/uploads\/2024\/06\/podcast-aga-aviagen-320x320.png","datePublished":"2024-06-28T12:17:13+00:00","dateModified":"2024-06-28T12:17:13+00:00","description":"Marcelo Silva, Diretor Global de Nutri\u00e7\u00e3o da Aviagen, compartilha insights valiosos sobre a nutri\u00e7\u00e3o de matrizes","breadcrumb":{"@id":"https:\/\/socialagri.com\/agriFM\/pt-br\/podcast\/diretor-global-de-nutricao-da-aviagen-fala-sobre-nutricao-de-matrizes-em-goiania\/#breadcrumb"},"inLanguage":"pt-BR","potentialAction":[{"@type":"ReadAction","target":["https:\/\/socialagri.com\/agriFM\/pt-br\/podcast\/diretor-global-de-nutricao-da-aviagen-fala-sobre-nutricao-de-matrizes-em-goiania\/"]}]},{"@type":"ImageObject","inLanguage":"pt-BR","@id":"https:\/\/socialagri.com\/agriFM\/pt-br\/podcast\/diretor-global-de-nutricao-da-aviagen-fala-sobre-nutricao-de-matrizes-em-goiania\/#primaryimage","url":"https:\/\/socialagri.com\/agriFM\/wp-content\/uploads\/2024\/06\/podcast-aga-aviagen-320x320.png","contentUrl":"https:\/\/socialagri.com\/agriFM\/wp-content\/uploads\/2024\/06\/podcast-aga-aviagen-320x320.png"},{"@type":"BreadcrumbList","@id":"https:\/\/socialagri.com\/agriFM\/pt-br\/podcast\/diretor-global-de-nutricao-da-aviagen-fala-sobre-nutricao-de-matrizes-em-goiania\/#breadcrumb","itemListElement":[{"@type":"ListItem","position":1,"name":"Portada","item":"https:\/\/socialagri.com\/agriFM\/pt-br\/"},{"@type":"ListItem","position":2,"name":"Podcast","item":"https:\/\/socialagri.com\/agriFM\/es\/podcast\/"},{"@type":"ListItem","position":3,"name":"Diretor Global de Nutri\u00e7\u00e3o da Aviagen fala sobre nutri\u00e7\u00e3o de Matrizes em Goi\u00e2nia"}]},{"@type":"WebSite","@id":"https:\/\/socialagri.com\/agriFM\/#website","url":"https:\/\/socialagri.com\/agriFM\/","name":"agriFM","description":"Otro sitio realizado con WordPress","potentialAction":[{"@type":"SearchAction","target":{"@type":"EntryPoint","urlTemplate":"https:\/\/socialagri.com\/agriFM\/?s={search_term_string}"},"query-input":"required name=search_term_string"}],"inLanguage":"pt-BR"}]}},"canal_name":"aviNews Brasil in Live","_links":{"self":[{"href":"https:\/\/socialagri.com\/agriFM\/pt-br\/wp-json\/wp\/v2\/podcast\/15052"}],"collection":[{"href":"https:\/\/socialagri.com\/agriFM\/pt-br\/wp-json\/wp\/v2\/podcast"}],"about":[{"href":"https:\/\/socialagri.com\/agriFM\/pt-br\/wp-json\/wp\/v2\/types\/podcast"}],"author":[{"embeddable":true,"href":"https:\/\/socialagri.com\/agriFM\/pt-br\/wp-json\/wp\/v2\/users\/20"}],"version-history":[{"count":1,"href":"https:\/\/socialagri.com\/agriFM\/pt-br\/wp-json\/wp\/v2\/podcast\/15052\/revisions"}],"predecessor-version":[{"id":15053,"href":"https:\/\/socialagri.com\/agriFM\/pt-br\/wp-json\/wp\/v2\/podcast\/15052\/revisions\/15053"}],"wp:attachment":[{"href":"https:\/\/socialagri.com\/agriFM\/pt-br\/wp-json\/wp\/v2\/media?parent=15052"}],"wp:term":[{"taxonomy":"category","embeddable":true,"href":"https:\/\/socialagri.com\/agriFM\/pt-br\/wp-json\/wp\/v2\/categories?post=15052"},{"taxonomy":"post_tag","embeddable":true,"href":"https:\/\/socialagri.com\/agriFM\/pt-br\/wp-json\/wp\/v2\/tags?post=15052"},{"taxonomy":"canales","embeddable":true,"href":"https:\/\/socialagri.com\/agriFM\/pt-br\/wp-json\/wp\/v2\/canales?post=15052"},{"taxonomy":"Idioma","embeddable":true,"href":"https:\/\/socialagri.com\/agriFM\/pt-br\/wp-json\/wp\/v2\/Idioma?post=15052"},{"taxonomy":"intereses","embeddable":true,"href":"https:\/\/socialagri.com\/agriFM\/pt-br\/wp-json\/wp\/v2\/intereses?post=15052"},{"taxonomy":"participantes","embeddable":true,"href":"https:\/\/socialagri.com\/agriFM\/pt-br\/wp-json\/wp\/v2\/participantes?post=15052"}],"curies":[{"name":"wp","href":"https:\/\/api.w.org\/{rel}","templated":true}]}}