{"id":14180,"date":"2024-01-25T13:07:00","date_gmt":"2024-01-25T12:07:00","guid":{"rendered":"https:\/\/socialagri.com\/agriFM\/?post_type=podcast&#038;p=14180"},"modified":"2024-01-25T13:12:23","modified_gmt":"2024-01-25T12:12:23","slug":"sustentabilidade-prolificidade-e-numero-de-tetos-qual-a-relacao-entre-eles","status":"publish","type":"podcast","link":"https:\/\/socialagri.com\/agriFM\/pt-br\/podcast\/sustentabilidade-prolificidade-e-numero-de-tetos-qual-a-relacao-entre-eles\/","title":{"rendered":"Sustentabilidade, prolificidade e n\u00famero de tetos: Qual a rela\u00e7\u00e3o entre eles?"},"content":{"rendered":"<div class=\"col-12 col-sm-12 col-md-12 col-lg-7 px-4\">\r\n<p style=\"text-align: right\"><em>Sustentabilidade, prolificidade e n\u00famero de tetos: Qual a rela\u00e7\u00e3o entre eles?<\/em><\/p>\r\n\r\n<ul>\r\n \t<li><\/li>\r\n \t<li>A\u00a0<strong>atividade suin\u00edcola<\/strong>, na vis\u00e3o alicer\u00e7ada nos princ\u00edpios da sustentabilidade ambiental, social e econ\u00f4mica, tem como cerne de suas a\u00e7\u00f5es:<\/li>\r\n \t<li><\/li>\r\n \t<li><strong>Prote\u00e7\u00e3o ao meio ambiente<\/strong><\/li>\r\n \t<li><strong>Otimiza\u00e7\u00e3o da sa\u00fade e bem-estar animal<\/strong><\/li>\r\n \t<li><strong>Uso racional de antibi\u00f3ticos e<\/strong><\/li>\r\n \t<li><strong>Valoriza\u00e7\u00e3o de todos os aspectos humanos relacionados aos colaboradores e \u00e0 sociedade.<\/strong><\/li>\r\n \t<li><\/li>\r\n \t<li>Embora todos esses crit\u00e9rios tenham igual import\u00e2ncia para atingir a sustentabilidade do sistema produtivo, este artigo trar\u00e1 uma reflex\u00e3o relacionado de como o\u00a0<strong>n\u00famero de leit\u00f5es lactentes por porca pode afetar o bem-estar animal e o uso racional de antibi\u00f3ticos, e, por fim, a sustentabilidade do sistema.<\/strong><\/li>\r\n \t<li><\/li>\r\n \t<li>Nas \u00faltimas d\u00e9cadas, as f\u00eameas su\u00ednas passaram por uma vigorosa sele\u00e7\u00e3o gen\u00e9tica para aumentar suas taxas de ovula\u00e7\u00e3o e, consequentemente, o n\u00famero de leit\u00f5es nascidos.<\/li>\r\n \t<li><\/li>\r\n \t<li><strong><img loading=\"lazy\" decoding=\"async\" class=\"wp-image-215644 webpexpress-processed alignright\" src=\"https:\/\/porcinews.com\/wp-content\/uploads\/2023\/06\/leitao-deitado-pequeno.png\" alt=\"\" width=\"5\" height=\"3\" \/>No Brasil, houve um aumento aproximado de 0,2 leit\u00f5es nascidos por porca nos \u00faltimos 14 anos<\/strong>\u00a0(Agriness, 2022). Esse aumento da prolificidade motivou a denomina\u00e7\u00e3o das f\u00eameas comerciais modernas como f\u00eameas hiperprol\u00edficas.<\/li>\r\n \t<li><\/li>\r\n \t<li>Por defini\u00e7\u00e3o,\u00a0<a href=\"https:\/\/porcinews.com\/pt-br\/femeas-hiperprolificas-existe-manejo-ideal-durante-a-lactacao\/\">matrizes hiperprol\u00edficas<\/a> s\u00e3o f\u00eameas que d\u00e3o origem a uma quantidade de leit\u00f5es que excede seu n\u00famero de tetos funcionais (Oliviero, 2022).<\/li>\r\n \t<li><\/li>\r\n \t<li>A principal\u00a0<strong>consequ\u00eancia negativa da hiperprolificidade<\/strong>\u00a0foi o\u00a0<strong>aumento da mortalidade perinatal.<\/strong> Estudos recentes utilizando f\u00eameas hiperprol\u00edficas encontraram taxas de mortalidade pr\u00e9-desmame que ultrapassam 15 \u2013 20% (Schoos et al., 2023; De Meyer et al. 2020; van den Bosch et al.,2022).<\/li>\r\n \t<li><\/li>\r\n \t<li><strong>Nesse sentido, a produ\u00e7\u00e3o insuficiente de colostro e leite para atender as exig\u00eancias nutricionais e metab\u00f3licas do grande n\u00famero de neonatos nascidos, os quais s\u00e3o selecionados geneticamente para r\u00e1pido e vigoroso ganho de peso associado a disputas por hierarquia na escolha de tetos e ainda a alta variabilidade no peso ao nascimento s\u00e3o caracter\u00edsticas que mais contribuem para as altas taxas de mortalidade pr\u00e9-desmame<\/strong> (Baxter et al., 2020).<\/li>\r\n \t<li><\/li>\r\n \t<li>Leia o artigo completo, clicando <a href=\"https:\/\/porcinews.com\/pt-br\/sustentabilidade-prolificidade-e-numero-de-tetos-qual-a-relacao-entre-eles\/\" target=\"_blank\" rel=\"noopener\"><strong>AQUI<\/strong><\/a><\/li>\r\n \t<li><\/li>\r\n \t<li>Ou\u00e7a tamb\u00e9m: <a href=\"https:\/\/socialagri.com\/agriFM\/pt-br\/podcast\/abordagens-sobre-a-utilizacao-do-oxido-de-zinco-zno-na-dieta-de-leitoes\/\" target=\"_blank\" rel=\"noopener\">Abordagens sobre a utiliza\u00e7\u00e3o do \u00f3xido de Zinco (ZnO) na dieta de leit\u00f5es<\/a><\/li>\r\n<\/ul>\r\n<div class=\"row\">\r\n<div class=\"col-12 col-sm-12 col-md-12 col-lg-7 px-4\"><\/div>\r\n<div class=\"col-12 col-sm-12 col-md-12 col-lg-7 px-4\"><\/div>\r\n<\/div>\r\n<div class=\"col-12 col-sm-12 col-md-12 col-lg-7 px-4\"><\/div>\r\n<\/div>\r\n<div class=\"col-12 col-sm-12 col-md-12 col-lg-3 px-4 mt-5\">\r\n<div class=\"d-flex justify-content-between flex-column h-75\"><\/div>\r\n<\/div>","protected":false},"author":20,"featured_media":0,"parent":0,"menu_order":0,"template":"","meta":{"_acf_changed":false,"footnotes":""},"categories":[129],"tags":[],"canales":[211],"Idioma":[13],"intereses":[313],"participantes":[],"acf":{"link_podcast1":"https:\/\/images.socialagri.com\/agriFM\/wp-content\/uploads\/2024\/01\/25130237\/PODCAST-NUMERO-DE-TETOS.mp3","imagen_podcast1":"https:\/\/images.socialagri.com\/agriFM\/wp-content\/uploads\/2024\/01\/25130216\/capa-numero-de-tetos.png","tiempo":""},"yoast_head":"<!-- This site is optimized with the Yoast SEO plugin v22.9 - https:\/\/yoast.com\/wordpress\/plugins\/seo\/ -->\n<title>Sustentabilidade, prolificidade e n\u00famero de tetos: Qual a rela\u00e7\u00e3o entre eles? - agriFM<\/title>\n<meta name=\"description\" content=\"Por defini\u00e7\u00e3o, matrizes hiperprol\u00edficas s\u00e3o f\u00eameas que d\u00e3o origem a uma quantidade de leit\u00f5es que excede seu n\u00famero de tetos funcionais.\" \/>\n<meta name=\"robots\" content=\"index, follow, max-snippet:-1, max-image-preview:large, max-video-preview:-1\" \/>\n<link rel=\"canonical\" href=\"https:\/\/socialagri.com\/agriFM\/pt-br\/podcast\/sustentabilidade-prolificidade-e-numero-de-tetos-qual-a-relacao-entre-eles\/\" \/>\n<meta property=\"og:locale\" content=\"pt_BR\" \/>\n<meta property=\"og:type\" content=\"article\" \/>\n<meta property=\"og:title\" content=\"Sustentabilidade, prolificidade e n\u00famero de tetos: Qual a rela\u00e7\u00e3o entre eles? - agriFM\" \/>\n<meta property=\"og:description\" content=\"Por defini\u00e7\u00e3o, matrizes hiperprol\u00edficas s\u00e3o f\u00eameas que d\u00e3o origem a uma quantidade de leit\u00f5es que excede seu n\u00famero de tetos funcionais.\" \/>\n<meta property=\"og:url\" content=\"https:\/\/socialagri.com\/agriFM\/pt-br\/podcast\/sustentabilidade-prolificidade-e-numero-de-tetos-qual-a-relacao-entre-eles\/\" \/>\n<meta property=\"og:site_name\" content=\"agriFM\" \/>\n<meta property=\"article:modified_time\" content=\"2024-01-25T12:12:23+00:00\" \/>\n<meta property=\"og:image\" content=\"https:\/\/porcinews.com\/wp-content\/uploads\/2023\/06\/leitao-deitado-pequeno.png\" \/>\n<meta name=\"twitter:card\" content=\"summary_large_image\" \/>\n<meta name=\"twitter:label1\" content=\"Est. tempo de leitura\" \/>\n\t<meta name=\"twitter:data1\" content=\"2 minutos\" \/>\n<script type=\"application\/ld+json\" class=\"yoast-schema-graph\">{\"@context\":\"https:\/\/schema.org\",\"@graph\":[{\"@type\":\"WebPage\",\"@id\":\"https:\/\/socialagri.com\/agriFM\/pt-br\/podcast\/sustentabilidade-prolificidade-e-numero-de-tetos-qual-a-relacao-entre-eles\/\",\"url\":\"https:\/\/socialagri.com\/agriFM\/pt-br\/podcast\/sustentabilidade-prolificidade-e-numero-de-tetos-qual-a-relacao-entre-eles\/\",\"name\":\"Sustentabilidade, prolificidade e n\u00famero de tetos: Qual a rela\u00e7\u00e3o entre eles? - agriFM\",\"isPartOf\":{\"@id\":\"https:\/\/socialagri.com\/agriFM\/#website\"},\"primaryImageOfPage\":{\"@id\":\"https:\/\/socialagri.com\/agriFM\/pt-br\/podcast\/sustentabilidade-prolificidade-e-numero-de-tetos-qual-a-relacao-entre-eles\/#primaryimage\"},\"image\":{\"@id\":\"https:\/\/socialagri.com\/agriFM\/pt-br\/podcast\/sustentabilidade-prolificidade-e-numero-de-tetos-qual-a-relacao-entre-eles\/#primaryimage\"},\"thumbnailUrl\":\"https:\/\/porcinews.com\/wp-content\/uploads\/2023\/06\/leitao-deitado-pequeno.png\",\"datePublished\":\"2024-01-25T12:07:00+00:00\",\"dateModified\":\"2024-01-25T12:12:23+00:00\",\"description\":\"Por defini\u00e7\u00e3o, matrizes hiperprol\u00edficas s\u00e3o f\u00eameas que d\u00e3o origem a uma quantidade de leit\u00f5es que excede seu n\u00famero de tetos funcionais.\",\"breadcrumb\":{\"@id\":\"https:\/\/socialagri.com\/agriFM\/pt-br\/podcast\/sustentabilidade-prolificidade-e-numero-de-tetos-qual-a-relacao-entre-eles\/#breadcrumb\"},\"inLanguage\":\"pt-BR\",\"potentialAction\":[{\"@type\":\"ReadAction\",\"target\":[\"https:\/\/socialagri.com\/agriFM\/pt-br\/podcast\/sustentabilidade-prolificidade-e-numero-de-tetos-qual-a-relacao-entre-eles\/\"]}]},{\"@type\":\"ImageObject\",\"inLanguage\":\"pt-BR\",\"@id\":\"https:\/\/socialagri.com\/agriFM\/pt-br\/podcast\/sustentabilidade-prolificidade-e-numero-de-tetos-qual-a-relacao-entre-eles\/#primaryimage\",\"url\":\"https:\/\/porcinews.com\/wp-content\/uploads\/2023\/06\/leitao-deitado-pequeno.png\",\"contentUrl\":\"https:\/\/porcinews.com\/wp-content\/uploads\/2023\/06\/leitao-deitado-pequeno.png\"},{\"@type\":\"BreadcrumbList\",\"@id\":\"https:\/\/socialagri.com\/agriFM\/pt-br\/podcast\/sustentabilidade-prolificidade-e-numero-de-tetos-qual-a-relacao-entre-eles\/#breadcrumb\",\"itemListElement\":[{\"@type\":\"ListItem\",\"position\":1,\"name\":\"Portada\",\"item\":\"https:\/\/socialagri.com\/agriFM\/pt-br\/\"},{\"@type\":\"ListItem\",\"position\":2,\"name\":\"Podcast\",\"item\":\"https:\/\/socialagri.com\/agriFM\/es\/podcast\/\"},{\"@type\":\"ListItem\",\"position\":3,\"name\":\"Sustentabilidade, prolificidade e n\u00famero de tetos: Qual a rela\u00e7\u00e3o entre eles?\"}]},{\"@type\":\"WebSite\",\"@id\":\"https:\/\/socialagri.com\/agriFM\/#website\",\"url\":\"https:\/\/socialagri.com\/agriFM\/\",\"name\":\"agriFM\",\"description\":\"Otro sitio realizado con WordPress\",\"potentialAction\":[{\"@type\":\"SearchAction\",\"target\":{\"@type\":\"EntryPoint\",\"urlTemplate\":\"https:\/\/socialagri.com\/agriFM\/?s={search_term_string}\"},\"query-input\":\"required name=search_term_string\"}],\"inLanguage\":\"pt-BR\"}]}<\/script>\n<!-- \/ Yoast SEO plugin. -->","yoast_head_json":{"title":"Sustentabilidade, prolificidade e n\u00famero de tetos: Qual a rela\u00e7\u00e3o entre eles? - agriFM","description":"Por defini\u00e7\u00e3o, matrizes hiperprol\u00edficas s\u00e3o f\u00eameas que d\u00e3o origem a uma quantidade de leit\u00f5es que excede seu n\u00famero de tetos funcionais.","robots":{"index":"index","follow":"follow","max-snippet":"max-snippet:-1","max-image-preview":"max-image-preview:large","max-video-preview":"max-video-preview:-1"},"canonical":"https:\/\/socialagri.com\/agriFM\/pt-br\/podcast\/sustentabilidade-prolificidade-e-numero-de-tetos-qual-a-relacao-entre-eles\/","og_locale":"pt_BR","og_type":"article","og_title":"Sustentabilidade, prolificidade e n\u00famero de tetos: Qual a rela\u00e7\u00e3o entre eles? - agriFM","og_description":"Por defini\u00e7\u00e3o, matrizes hiperprol\u00edficas s\u00e3o f\u00eameas que d\u00e3o origem a uma quantidade de leit\u00f5es que excede seu n\u00famero de tetos funcionais.","og_url":"https:\/\/socialagri.com\/agriFM\/pt-br\/podcast\/sustentabilidade-prolificidade-e-numero-de-tetos-qual-a-relacao-entre-eles\/","og_site_name":"agriFM","article_modified_time":"2024-01-25T12:12:23+00:00","og_image":[{"url":"https:\/\/porcinews.com\/wp-content\/uploads\/2023\/06\/leitao-deitado-pequeno.png"}],"twitter_card":"summary_large_image","twitter_misc":{"Est. tempo de leitura":"2 minutos"},"schema":{"@context":"https:\/\/schema.org","@graph":[{"@type":"WebPage","@id":"https:\/\/socialagri.com\/agriFM\/pt-br\/podcast\/sustentabilidade-prolificidade-e-numero-de-tetos-qual-a-relacao-entre-eles\/","url":"https:\/\/socialagri.com\/agriFM\/pt-br\/podcast\/sustentabilidade-prolificidade-e-numero-de-tetos-qual-a-relacao-entre-eles\/","name":"Sustentabilidade, prolificidade e n\u00famero de tetos: Qual a rela\u00e7\u00e3o entre eles? - agriFM","isPartOf":{"@id":"https:\/\/socialagri.com\/agriFM\/#website"},"primaryImageOfPage":{"@id":"https:\/\/socialagri.com\/agriFM\/pt-br\/podcast\/sustentabilidade-prolificidade-e-numero-de-tetos-qual-a-relacao-entre-eles\/#primaryimage"},"image":{"@id":"https:\/\/socialagri.com\/agriFM\/pt-br\/podcast\/sustentabilidade-prolificidade-e-numero-de-tetos-qual-a-relacao-entre-eles\/#primaryimage"},"thumbnailUrl":"https:\/\/porcinews.com\/wp-content\/uploads\/2023\/06\/leitao-deitado-pequeno.png","datePublished":"2024-01-25T12:07:00+00:00","dateModified":"2024-01-25T12:12:23+00:00","description":"Por defini\u00e7\u00e3o, matrizes hiperprol\u00edficas s\u00e3o f\u00eameas que d\u00e3o origem a uma quantidade de leit\u00f5es que excede seu n\u00famero de tetos funcionais.","breadcrumb":{"@id":"https:\/\/socialagri.com\/agriFM\/pt-br\/podcast\/sustentabilidade-prolificidade-e-numero-de-tetos-qual-a-relacao-entre-eles\/#breadcrumb"},"inLanguage":"pt-BR","potentialAction":[{"@type":"ReadAction","target":["https:\/\/socialagri.com\/agriFM\/pt-br\/podcast\/sustentabilidade-prolificidade-e-numero-de-tetos-qual-a-relacao-entre-eles\/"]}]},{"@type":"ImageObject","inLanguage":"pt-BR","@id":"https:\/\/socialagri.com\/agriFM\/pt-br\/podcast\/sustentabilidade-prolificidade-e-numero-de-tetos-qual-a-relacao-entre-eles\/#primaryimage","url":"https:\/\/porcinews.com\/wp-content\/uploads\/2023\/06\/leitao-deitado-pequeno.png","contentUrl":"https:\/\/porcinews.com\/wp-content\/uploads\/2023\/06\/leitao-deitado-pequeno.png"},{"@type":"BreadcrumbList","@id":"https:\/\/socialagri.com\/agriFM\/pt-br\/podcast\/sustentabilidade-prolificidade-e-numero-de-tetos-qual-a-relacao-entre-eles\/#breadcrumb","itemListElement":[{"@type":"ListItem","position":1,"name":"Portada","item":"https:\/\/socialagri.com\/agriFM\/pt-br\/"},{"@type":"ListItem","position":2,"name":"Podcast","item":"https:\/\/socialagri.com\/agriFM\/es\/podcast\/"},{"@type":"ListItem","position":3,"name":"Sustentabilidade, prolificidade e n\u00famero de tetos: Qual a rela\u00e7\u00e3o entre eles?"}]},{"@type":"WebSite","@id":"https:\/\/socialagri.com\/agriFM\/#website","url":"https:\/\/socialagri.com\/agriFM\/","name":"agriFM","description":"Otro sitio realizado con WordPress","potentialAction":[{"@type":"SearchAction","target":{"@type":"EntryPoint","urlTemplate":"https:\/\/socialagri.com\/agriFM\/?s={search_term_string}"},"query-input":"required name=search_term_string"}],"inLanguage":"pt-BR"}]}},"canal_name":"SuinoBrasil","_links":{"self":[{"href":"https:\/\/socialagri.com\/agriFM\/pt-br\/wp-json\/wp\/v2\/podcast\/14180"}],"collection":[{"href":"https:\/\/socialagri.com\/agriFM\/pt-br\/wp-json\/wp\/v2\/podcast"}],"about":[{"href":"https:\/\/socialagri.com\/agriFM\/pt-br\/wp-json\/wp\/v2\/types\/podcast"}],"author":[{"embeddable":true,"href":"https:\/\/socialagri.com\/agriFM\/pt-br\/wp-json\/wp\/v2\/users\/20"}],"version-history":[{"count":2,"href":"https:\/\/socialagri.com\/agriFM\/pt-br\/wp-json\/wp\/v2\/podcast\/14180\/revisions"}],"predecessor-version":[{"id":14196,"href":"https:\/\/socialagri.com\/agriFM\/pt-br\/wp-json\/wp\/v2\/podcast\/14180\/revisions\/14196"}],"wp:attachment":[{"href":"https:\/\/socialagri.com\/agriFM\/pt-br\/wp-json\/wp\/v2\/media?parent=14180"}],"wp:term":[{"taxonomy":"category","embeddable":true,"href":"https:\/\/socialagri.com\/agriFM\/pt-br\/wp-json\/wp\/v2\/categories?post=14180"},{"taxonomy":"post_tag","embeddable":true,"href":"https:\/\/socialagri.com\/agriFM\/pt-br\/wp-json\/wp\/v2\/tags?post=14180"},{"taxonomy":"canales","embeddable":true,"href":"https:\/\/socialagri.com\/agriFM\/pt-br\/wp-json\/wp\/v2\/canales?post=14180"},{"taxonomy":"Idioma","embeddable":true,"href":"https:\/\/socialagri.com\/agriFM\/pt-br\/wp-json\/wp\/v2\/Idioma?post=14180"},{"taxonomy":"intereses","embeddable":true,"href":"https:\/\/socialagri.com\/agriFM\/pt-br\/wp-json\/wp\/v2\/intereses?post=14180"},{"taxonomy":"participantes","embeddable":true,"href":"https:\/\/socialagri.com\/agriFM\/pt-br\/wp-json\/wp\/v2\/participantes?post=14180"}],"curies":[{"name":"wp","href":"https:\/\/api.w.org\/{rel}","templated":true}]}}