{"id":13700,"date":"2023-10-10T20:00:18","date_gmt":"2023-10-10T18:00:18","guid":{"rendered":"https:\/\/socialagri.com\/agriFM\/?post_type=podcast&#038;p=13700"},"modified":"2023-10-10T20:00:18","modified_gmt":"2023-10-10T18:00:18","slug":"coleta-de-amostras-para-diagnostico-de-doencas-em-suinos","status":"publish","type":"podcast","link":"https:\/\/socialagri.com\/agriFM\/pt-br\/podcast\/coleta-de-amostras-para-diagnostico-de-doencas-em-suinos\/","title":{"rendered":"Coleta de amostras para diagn\u00f3stico de doen\u00e7as em su\u00ednos"},"content":{"rendered":"<ul>\r\n \t<li style=\"text-align: right\"><span style=\"font-size: 10pt\"><em><span class=\"TextRun SCXW219346521 BCX9\" lang=\"PT-BR\" xml:lang=\"PT-BR\" data-contrast=\"auto\"><span class=\"NormalTextRun SCXW219346521 BCX9\">Coleta de amostras para diagn\u00f3stico de doen\u00e7as em su\u00ednos<\/span><\/span><\/em><\/span><\/li>\r\n \t<li><span style=\"font-weight: 400\">\u00a0<\/span><\/li>\r\n \t<li><b>A suinocultura intensiva tem se especializado consideravelmente nos \u00faltimos 20 anos.\u00a0<\/b><\/li>\r\n \t<li><\/li>\r\n \t<li><span style=\"font-weight: 400\">Aliado a esse cen\u00e1rio, encontramos cada vez mais suinocultores treinados ou capacitados que demandam por <\/span><b>servi\u00e7os de consultoria qualificada por parte dos m\u00e9dicos veterin\u00e1rios que os atendem.<\/b><\/li>\r\n \t<li><\/li>\r\n \t<li><span style=\"font-weight: 400\">Na <\/span><b>sanidade<\/b><span style=\"font-weight: 400\"> tamb\u00e9m observamos mudan\u00e7as significativas no estabelecimento das doen\u00e7as, agora consideradas <\/span><b>enfermidades complexas<\/b><span style=\"font-weight: 400\">, onde um pat\u00f3geno j\u00e1 reconhecido interage com outros agentes patol\u00f3gicos novos e estes ainda podem sofrer a interfer\u00eancia de aspectos relacionados ao manejo, ambiente e sistema de produ\u00e7\u00e3o.\u00a0<\/span><\/li>\r\n \t<li><\/li>\r\n \t<li><span style=\"font-weight: 400\">Sem deixar de lado a crescente demanda do mercado consumidor por melhorias na forma de produ\u00e7\u00e3o dos animais. <\/span><b>O objetivo \u00e9 associar esses fatores e assegurar uma produ\u00e7\u00e3o livre ou com a presen\u00e7a m\u00ednima de pat\u00f3genos nocivos aos su\u00ednos e \u00e0 sa\u00fade humana.<\/b><\/li>\r\n \t<li><\/li>\r\n \t<li><span style=\"font-weight: 400\">Os ganhos obtidos com os sistemas intensivos de produ\u00e7\u00e3o melhoraram significativamente a atividade suin\u00edcola, no entanto precisamos levar em considera\u00e7\u00e3o os <\/span><b>impactos do aumento da densidade de animais em espa\u00e7os limitados<\/b><span style=\"font-weight: 400\"> e sua rela\u00e7\u00e3o com a <\/span><b>transmiss\u00e3o de doen\u00e7as infecciosas<\/b><span style=\"font-weight: 400\"> e at\u00e9 mesmo processos n\u00e3o infecciosos, como:<\/span><\/li>\r\n \t<li><\/li>\r\n \t<li style=\"font-weight: 400\"><span style=\"font-weight: 400\">Desbalan\u00e7os nutricionais,\u00a0<\/span><\/li>\r\n \t<li style=\"font-weight: 400\"><span style=\"font-weight: 400\">Intoxica\u00e7\u00f5es e\u00a0<\/span><\/li>\r\n \t<li style=\"font-weight: 400\"><span style=\"font-weight: 400\">Problemas de manejo relacionados com abastecimento de \u00e1gua e automa\u00e7\u00e3o da dieta.\u00a0<\/span><\/li>\r\n \t<li><\/li>\r\n \t<li><span style=\"font-weight: 400\"><img loading=\"lazy\" decoding=\"async\" class=\"wp-image-222287 alignright\" src=\"https:\/\/porcinews.com\/wp-content\/uploads\/2023\/09\/bacterias-fatores-300x300.png\" alt=\"\" width=\"5\" height=\"5\" \/>Em um <\/span><b>desafio sanit\u00e1rio complexo<\/b><span style=\"font-weight: 400\">, frequentemente, estamos diante de uma <\/span><b>etiologia multifatorial<\/b><span style=\"font-weight: 400\"> e o estabelecimento de um diagn\u00f3stico r\u00e1pido e correto torna-se decisivo. O processo para se alcan\u00e7ar um diagn\u00f3stico conclusivo envolve v\u00e1rias etapas.\u00a0<\/span><\/li>\r\n \t<li><\/li>\r\n \t<li><span style=\"background-color: #008481;color: #ffffff\"><b>\u00a0A investiga\u00e7\u00e3o cl\u00ednica \u00e9 a base desse processo.\u00a0<\/b><\/span><\/li>\r\n \t<li><\/li>\r\n \t<li><span style=\"font-weight: 400\">Nesta etapa realiza-se o <\/span><b>levantamento das informa\u00e7\u00f5es cl\u00ednicas<\/b><span style=\"font-weight: 400\">, quem tem o qu\u00ea, onde, quando, desde quando, quantos e como? A partir das informa\u00e7\u00f5es colhidas poder-se-\u00e1 estabelecer uma <\/span><b>hip\u00f3tese diagn\u00f3stica<\/b><span style=\"font-weight: 400\">.\u00a0<\/span><\/li>\r\n \t<li><\/li>\r\n \t<li>Caso queria, leia o artigo na \u00edntegra clicando <a href=\"https:\/\/porcinews.com\/pt-br\/coleta-de-amostras-para-diagnostico-de-doencas-em-suinos\/\" target=\"_blank\" rel=\"noopener\">AQUI<\/a><\/li>\r\n \t<li><\/li>\r\n \t<li>Ou\u00e7a tamb\u00e9m: <a href=\"https:\/\/socialagri.com\/agriFM\/pt-br\/podcast\/avaliar-a-longevidade-do-plantel-reprodutivo-contribui-para-a-sustentabilidade-da-producao-de-suinos\/\" target=\"_blank\" rel=\"noopener\">Avaliar a longevidade do plantel reprodutivo contribui para a sustentabilidade da produ\u00e7\u00e3o de su\u00ednos<\/a><\/li>\r\n<\/ul>","protected":false},"author":19,"featured_media":0,"parent":0,"menu_order":0,"template":"","meta":{"_acf_changed":false,"footnotes":""},"categories":[129],"tags":[],"canales":[211],"Idioma":[13],"intereses":[311],"participantes":[],"acf":{"link_podcast1":"https:\/\/images.socialagri.com\/agriFM\/wp-content\/uploads\/2023\/10\/10195127\/news-podcast-coleta.png","imagen_podcast1":"https:\/\/images.socialagri.com\/agriFM\/wp-content\/uploads\/2023\/10\/10195125\/capa-podcast-coleta.png","tiempo":""},"yoast_head":"<!-- This site is optimized with the Yoast SEO plugin v22.9 - https:\/\/yoast.com\/wordpress\/plugins\/seo\/ -->\n<title>Coleta de amostras para diagn\u00f3stico de doen\u00e7as em su\u00ednos - agriFM<\/title>\n<meta name=\"description\" content=\"Ou\u00e7a o artigo e conhe\u00e7a a metodologia de coleta de amostras para diagn\u00f3stico de doen\u00e7as em su\u00ednos. su\u00ednoBrasil\" \/>\n<meta name=\"robots\" content=\"index, follow, max-snippet:-1, max-image-preview:large, max-video-preview:-1\" \/>\n<link rel=\"canonical\" href=\"https:\/\/socialagri.com\/agriFM\/pt-br\/podcast\/coleta-de-amostras-para-diagnostico-de-doencas-em-suinos\/\" \/>\n<meta property=\"og:locale\" content=\"pt_BR\" \/>\n<meta property=\"og:type\" content=\"article\" \/>\n<meta property=\"og:title\" content=\"Coleta de amostras para diagn\u00f3stico de doen\u00e7as em su\u00ednos - agriFM\" \/>\n<meta property=\"og:description\" content=\"Ou\u00e7a o artigo e conhe\u00e7a a metodologia de coleta de amostras para diagn\u00f3stico de doen\u00e7as em su\u00ednos. su\u00ednoBrasil\" \/>\n<meta property=\"og:url\" content=\"https:\/\/socialagri.com\/agriFM\/pt-br\/podcast\/coleta-de-amostras-para-diagnostico-de-doencas-em-suinos\/\" \/>\n<meta property=\"og:site_name\" content=\"agriFM\" \/>\n<meta property=\"og:image\" content=\"https:\/\/porcinews.com\/wp-content\/uploads\/2023\/09\/bacterias-fatores-300x300.png\" \/>\n<meta name=\"twitter:card\" content=\"summary_large_image\" \/>\n<meta name=\"twitter:label1\" content=\"Est. tempo de leitura\" \/>\n\t<meta name=\"twitter:data1\" content=\"2 minutos\" \/>\n<script type=\"application\/ld+json\" class=\"yoast-schema-graph\">{\"@context\":\"https:\/\/schema.org\",\"@graph\":[{\"@type\":\"WebPage\",\"@id\":\"https:\/\/socialagri.com\/agriFM\/pt-br\/podcast\/coleta-de-amostras-para-diagnostico-de-doencas-em-suinos\/\",\"url\":\"https:\/\/socialagri.com\/agriFM\/pt-br\/podcast\/coleta-de-amostras-para-diagnostico-de-doencas-em-suinos\/\",\"name\":\"Coleta de amostras para diagn\u00f3stico de doen\u00e7as em su\u00ednos - agriFM\",\"isPartOf\":{\"@id\":\"https:\/\/socialagri.com\/agriFM\/#website\"},\"primaryImageOfPage\":{\"@id\":\"https:\/\/socialagri.com\/agriFM\/pt-br\/podcast\/coleta-de-amostras-para-diagnostico-de-doencas-em-suinos\/#primaryimage\"},\"image\":{\"@id\":\"https:\/\/socialagri.com\/agriFM\/pt-br\/podcast\/coleta-de-amostras-para-diagnostico-de-doencas-em-suinos\/#primaryimage\"},\"thumbnailUrl\":\"https:\/\/porcinews.com\/wp-content\/uploads\/2023\/09\/bacterias-fatores-300x300.png\",\"datePublished\":\"2023-10-10T18:00:18+00:00\",\"dateModified\":\"2023-10-10T18:00:18+00:00\",\"description\":\"Ou\u00e7a o artigo e conhe\u00e7a a metodologia de coleta de amostras para diagn\u00f3stico de doen\u00e7as em su\u00ednos. su\u00ednoBrasil\",\"breadcrumb\":{\"@id\":\"https:\/\/socialagri.com\/agriFM\/pt-br\/podcast\/coleta-de-amostras-para-diagnostico-de-doencas-em-suinos\/#breadcrumb\"},\"inLanguage\":\"pt-BR\",\"potentialAction\":[{\"@type\":\"ReadAction\",\"target\":[\"https:\/\/socialagri.com\/agriFM\/pt-br\/podcast\/coleta-de-amostras-para-diagnostico-de-doencas-em-suinos\/\"]}]},{\"@type\":\"ImageObject\",\"inLanguage\":\"pt-BR\",\"@id\":\"https:\/\/socialagri.com\/agriFM\/pt-br\/podcast\/coleta-de-amostras-para-diagnostico-de-doencas-em-suinos\/#primaryimage\",\"url\":\"https:\/\/porcinews.com\/wp-content\/uploads\/2023\/09\/bacterias-fatores-300x300.png\",\"contentUrl\":\"https:\/\/porcinews.com\/wp-content\/uploads\/2023\/09\/bacterias-fatores-300x300.png\"},{\"@type\":\"BreadcrumbList\",\"@id\":\"https:\/\/socialagri.com\/agriFM\/pt-br\/podcast\/coleta-de-amostras-para-diagnostico-de-doencas-em-suinos\/#breadcrumb\",\"itemListElement\":[{\"@type\":\"ListItem\",\"position\":1,\"name\":\"Portada\",\"item\":\"https:\/\/socialagri.com\/agriFM\/pt-br\/\"},{\"@type\":\"ListItem\",\"position\":2,\"name\":\"Podcast\",\"item\":\"https:\/\/socialagri.com\/agriFM\/es\/podcast\/\"},{\"@type\":\"ListItem\",\"position\":3,\"name\":\"Coleta de amostras para diagn\u00f3stico de doen\u00e7as em su\u00ednos\"}]},{\"@type\":\"WebSite\",\"@id\":\"https:\/\/socialagri.com\/agriFM\/#website\",\"url\":\"https:\/\/socialagri.com\/agriFM\/\",\"name\":\"agriFM\",\"description\":\"Otro sitio realizado con WordPress\",\"potentialAction\":[{\"@type\":\"SearchAction\",\"target\":{\"@type\":\"EntryPoint\",\"urlTemplate\":\"https:\/\/socialagri.com\/agriFM\/?s={search_term_string}\"},\"query-input\":\"required name=search_term_string\"}],\"inLanguage\":\"pt-BR\"}]}<\/script>\n<!-- \/ Yoast SEO plugin. -->","yoast_head_json":{"title":"Coleta de amostras para diagn\u00f3stico de doen\u00e7as em su\u00ednos - agriFM","description":"Ou\u00e7a o artigo e conhe\u00e7a a metodologia de coleta de amostras para diagn\u00f3stico de doen\u00e7as em su\u00ednos. su\u00ednoBrasil","robots":{"index":"index","follow":"follow","max-snippet":"max-snippet:-1","max-image-preview":"max-image-preview:large","max-video-preview":"max-video-preview:-1"},"canonical":"https:\/\/socialagri.com\/agriFM\/pt-br\/podcast\/coleta-de-amostras-para-diagnostico-de-doencas-em-suinos\/","og_locale":"pt_BR","og_type":"article","og_title":"Coleta de amostras para diagn\u00f3stico de doen\u00e7as em su\u00ednos - agriFM","og_description":"Ou\u00e7a o artigo e conhe\u00e7a a metodologia de coleta de amostras para diagn\u00f3stico de doen\u00e7as em su\u00ednos. su\u00ednoBrasil","og_url":"https:\/\/socialagri.com\/agriFM\/pt-br\/podcast\/coleta-de-amostras-para-diagnostico-de-doencas-em-suinos\/","og_site_name":"agriFM","og_image":[{"url":"https:\/\/porcinews.com\/wp-content\/uploads\/2023\/09\/bacterias-fatores-300x300.png"}],"twitter_card":"summary_large_image","twitter_misc":{"Est. tempo de leitura":"2 minutos"},"schema":{"@context":"https:\/\/schema.org","@graph":[{"@type":"WebPage","@id":"https:\/\/socialagri.com\/agriFM\/pt-br\/podcast\/coleta-de-amostras-para-diagnostico-de-doencas-em-suinos\/","url":"https:\/\/socialagri.com\/agriFM\/pt-br\/podcast\/coleta-de-amostras-para-diagnostico-de-doencas-em-suinos\/","name":"Coleta de amostras para diagn\u00f3stico de doen\u00e7as em su\u00ednos - agriFM","isPartOf":{"@id":"https:\/\/socialagri.com\/agriFM\/#website"},"primaryImageOfPage":{"@id":"https:\/\/socialagri.com\/agriFM\/pt-br\/podcast\/coleta-de-amostras-para-diagnostico-de-doencas-em-suinos\/#primaryimage"},"image":{"@id":"https:\/\/socialagri.com\/agriFM\/pt-br\/podcast\/coleta-de-amostras-para-diagnostico-de-doencas-em-suinos\/#primaryimage"},"thumbnailUrl":"https:\/\/porcinews.com\/wp-content\/uploads\/2023\/09\/bacterias-fatores-300x300.png","datePublished":"2023-10-10T18:00:18+00:00","dateModified":"2023-10-10T18:00:18+00:00","description":"Ou\u00e7a o artigo e conhe\u00e7a a metodologia de coleta de amostras para diagn\u00f3stico de doen\u00e7as em su\u00ednos. su\u00ednoBrasil","breadcrumb":{"@id":"https:\/\/socialagri.com\/agriFM\/pt-br\/podcast\/coleta-de-amostras-para-diagnostico-de-doencas-em-suinos\/#breadcrumb"},"inLanguage":"pt-BR","potentialAction":[{"@type":"ReadAction","target":["https:\/\/socialagri.com\/agriFM\/pt-br\/podcast\/coleta-de-amostras-para-diagnostico-de-doencas-em-suinos\/"]}]},{"@type":"ImageObject","inLanguage":"pt-BR","@id":"https:\/\/socialagri.com\/agriFM\/pt-br\/podcast\/coleta-de-amostras-para-diagnostico-de-doencas-em-suinos\/#primaryimage","url":"https:\/\/porcinews.com\/wp-content\/uploads\/2023\/09\/bacterias-fatores-300x300.png","contentUrl":"https:\/\/porcinews.com\/wp-content\/uploads\/2023\/09\/bacterias-fatores-300x300.png"},{"@type":"BreadcrumbList","@id":"https:\/\/socialagri.com\/agriFM\/pt-br\/podcast\/coleta-de-amostras-para-diagnostico-de-doencas-em-suinos\/#breadcrumb","itemListElement":[{"@type":"ListItem","position":1,"name":"Portada","item":"https:\/\/socialagri.com\/agriFM\/pt-br\/"},{"@type":"ListItem","position":2,"name":"Podcast","item":"https:\/\/socialagri.com\/agriFM\/es\/podcast\/"},{"@type":"ListItem","position":3,"name":"Coleta de amostras para diagn\u00f3stico de doen\u00e7as em su\u00ednos"}]},{"@type":"WebSite","@id":"https:\/\/socialagri.com\/agriFM\/#website","url":"https:\/\/socialagri.com\/agriFM\/","name":"agriFM","description":"Otro sitio realizado con WordPress","potentialAction":[{"@type":"SearchAction","target":{"@type":"EntryPoint","urlTemplate":"https:\/\/socialagri.com\/agriFM\/?s={search_term_string}"},"query-input":"required name=search_term_string"}],"inLanguage":"pt-BR"}]}},"canal_name":"SuinoBrasil","_links":{"self":[{"href":"https:\/\/socialagri.com\/agriFM\/pt-br\/wp-json\/wp\/v2\/podcast\/13700"}],"collection":[{"href":"https:\/\/socialagri.com\/agriFM\/pt-br\/wp-json\/wp\/v2\/podcast"}],"about":[{"href":"https:\/\/socialagri.com\/agriFM\/pt-br\/wp-json\/wp\/v2\/types\/podcast"}],"author":[{"embeddable":true,"href":"https:\/\/socialagri.com\/agriFM\/pt-br\/wp-json\/wp\/v2\/users\/19"}],"version-history":[{"count":1,"href":"https:\/\/socialagri.com\/agriFM\/pt-br\/wp-json\/wp\/v2\/podcast\/13700\/revisions"}],"predecessor-version":[{"id":13701,"href":"https:\/\/socialagri.com\/agriFM\/pt-br\/wp-json\/wp\/v2\/podcast\/13700\/revisions\/13701"}],"wp:attachment":[{"href":"https:\/\/socialagri.com\/agriFM\/pt-br\/wp-json\/wp\/v2\/media?parent=13700"}],"wp:term":[{"taxonomy":"category","embeddable":true,"href":"https:\/\/socialagri.com\/agriFM\/pt-br\/wp-json\/wp\/v2\/categories?post=13700"},{"taxonomy":"post_tag","embeddable":true,"href":"https:\/\/socialagri.com\/agriFM\/pt-br\/wp-json\/wp\/v2\/tags?post=13700"},{"taxonomy":"canales","embeddable":true,"href":"https:\/\/socialagri.com\/agriFM\/pt-br\/wp-json\/wp\/v2\/canales?post=13700"},{"taxonomy":"Idioma","embeddable":true,"href":"https:\/\/socialagri.com\/agriFM\/pt-br\/wp-json\/wp\/v2\/Idioma?post=13700"},{"taxonomy":"intereses","embeddable":true,"href":"https:\/\/socialagri.com\/agriFM\/pt-br\/wp-json\/wp\/v2\/intereses?post=13700"},{"taxonomy":"participantes","embeddable":true,"href":"https:\/\/socialagri.com\/agriFM\/pt-br\/wp-json\/wp\/v2\/participantes?post=13700"}],"curies":[{"name":"wp","href":"https:\/\/api.w.org\/{rel}","templated":true}]}}