{"id":12950,"date":"2023-07-17T19:34:04","date_gmt":"2023-07-17T17:34:04","guid":{"rendered":"https:\/\/socialagri.com\/agriFM\/?post_type=podcast&#038;p=12950"},"modified":"2023-07-19T14:07:49","modified_gmt":"2023-07-19T12:07:49","slug":"residuo-de-incubatorio-o-que-acontece-depois-da-eclosao","status":"publish","type":"podcast","link":"https:\/\/socialagri.com\/agriFM\/pt-br\/podcast\/residuo-de-incubatorio-o-que-acontece-depois-da-eclosao\/","title":{"rendered":"Res\u00edduo de incubat\u00f3rio: o que acontece depois da eclos\u00e3o?"},"content":{"rendered":"<ul>\r\n \t<li>\u00a0Res\u00edduo de incubat\u00f3rio : o que acontece depois da eclos\u00e3o?<\/li>\r\n<\/ul>\r\n<div class=\"row\">\r\n<div class=\"col-12 col-sm-12 col-md-12 col-lg-7 px-4\">\r\n<ul>\r\n \t<li>Atualmente,\u00a0<b>o Brasil lidera o ranking de maior exportador de carne de frango do mundo.<\/b>\u00a0No 1\u00ba trimestre de 2023, as exporta\u00e7\u00f5es alcan\u00e7aram 1,3 milh\u00f5es de toneladas, volume de 15,1% superior ao mesmo per\u00edodo de 2022 (ABPA, 2023).<\/li>\r\n \t<li><\/li>\r\n \t<li>De acordo com o relat\u00f3rio anual da ABPA (2023),\u00a0<strong>o alojamento das matrizes de corte, contabilizaram aprox. 56 milh\u00f5es de cabe\u00e7as respons\u00e1veis por 6,8 bilh\u00f5es de pintos de corte alojados<\/strong>, enquanto que as matrizes de postura chegaram \u00e0 1,1 milh\u00f5es, sendo 113 milh\u00f5es de galinhas alojadas encarregadas de garantir o\u00a0<strong>consumo de 241 ovos per capita, em 2022.<\/strong><\/li>\r\n \t<li><\/li>\r\n \t<li>O incubat\u00f3rio, por sua vez, \u00e9 o processo respons\u00e1vel em receber os ovos produzidos pelas reprodutoras e atrav\u00e9s da incuba\u00e7\u00e3o transformar os ovos f\u00e9rteis em pintinhos de excelente qualidade.<\/li>\r\n \t<li><\/li>\r\n \t<li><b>Os ovos podem ser classificados na granja ou incubat\u00f3rio,<\/b>\u00a0este, podendo ser a destinado \u00e0 venda de ovos f\u00e9rteis para industrializa\u00e7\u00e3o e ou para a incuba\u00e7\u00e3o.<\/li>\r\n \t<li><\/li>\r\n \t<li>Se estes, forem utilizados para a incuba\u00e7\u00e3o, as cascas dos ovos, ovos trincados\/quebrados e ovos com mortalidades embrion\u00e1rias geram res\u00edduos dentro da planta de incuba\u00e7\u00e3o.<\/li>\r\n \t<li><\/li>\r\n \t<li><b>Vamos agora discorrer das etapas que acabam gerando res\u00edduos dentro da planta de incuba\u00e7\u00e3o, tais com: classifica\u00e7\u00e3o, transfer\u00eancia e nascimento.<\/b><\/li>\r\n \t<li><\/li>\r\n \t<li>Na <b>transfer\u00eancia<\/b>, ovos inf\u00e9rteis, mortalidade embrion\u00e1ria precoce, intermedi\u00e1ria, tardia, contamina\u00e7\u00f5es ou at\u00e9 mesmo, atrav\u00e9s de choques mec\u00e2nicos faz com que quebre a casca do embri\u00e3o tornando estes invi\u00e1veis para prosseguir com o processo de incuba\u00e7\u00e3o.<\/li>\r\n \t<li><\/li>\r\n \t<li>No momento de <b>eclos\u00e3o<\/b>, s\u00e3o selecionados pintos vi\u00e1veis e os n\u00e3o vi\u00e1veis, que apresentem m\u00e1 qualidade, pintos natimortos e casca de ovos tem como destino final a macera\u00e7\u00e3o.<\/li>\r\n \t<li><\/li>\r\n \t<li>E a situa\u00e7\u00e3o se agrava ainda mais<b>\u00a0na <a href=\"https:\/\/socialagri.com\/agriFM\/pt-br\/sessoes\/aves\/\">postura<\/a> comercial<\/b>, pois somente, a f\u00eamea \u00e9 utilizada no sistema de produ\u00e7\u00e3o, descartando os pintos machos nascidos, gerando uma maior quantidade de res\u00edduo.<\/li>\r\n \t<li><\/li>\r\n \t<li>Apesar destas perdas que ocorrerem em distintos momentos no incubat\u00f3rio, geralmente <b>o res\u00edduo \u00e9 coletado num ponto em comum e s\u00e3o misturados l\u00edquidos e s\u00f3lidos (resultados da macera\u00e7\u00e3o) numa esp\u00e9cie de contentor,<\/b>\u00a0com capacidade suficiente para armazenar o conte\u00fado que s\u00e3o gerados durante todo o processamento.<\/li>\r\n \t<li><\/li>\r\n \t<li>Se preferir, leia o artigo:<\/li>\r\n \t<li><\/li>\r\n \t<li><a href=\"https:\/\/avinews.com\/pt-br\/residuo-de-incubatorio-o-que-acontece-depois-da-eclosao\/\" target=\"_blank\" rel=\"noopener\">Res\u00edduo de incubat\u00f3rio: o que acontece depois da eclos\u00e3o?<\/a><\/li>\r\n<\/ul>\r\n<\/div>\r\n<\/div>\r\n<img loading=\"lazy\" decoding=\"async\" class=\"alignnone  wp-image-12951\" src=\"https:\/\/images.socialagri.com\/agriFM\/wp-content\/uploads\/2023\/07\/17193245\/capa-incubacao-320x320.png\" alt=\"\" width=\"5\" height=\"5\" srcset=\"https:\/\/images.socialagri.com\/agriFM\/wp-content\/uploads\/2023\/07\/17193245\/capa-incubacao-320x320.png 320w, https:\/\/images.socialagri.com\/agriFM\/wp-content\/uploads\/2023\/07\/17193245\/capa-incubacao-112x112.png 112w, https:\/\/images.socialagri.com\/agriFM\/wp-content\/uploads\/2023\/07\/17193245\/capa-incubacao.png 500w\" sizes=\"(max-width: 5px) 100vw, 5px\" \/>","protected":false},"author":20,"featured_media":0,"parent":0,"menu_order":0,"template":"","meta":{"_acf_changed":false,"footnotes":""},"categories":[125],"tags":[],"canales":[168],"Idioma":[13],"intereses":[309],"acf":{"link_podcast1":"https:\/\/images.socialagri.com\/agriFM\/wp-content\/uploads\/2023\/07\/19140353\/PODCAST-residuos-incubacao.mp3","imagen_podcast1":"https:\/\/images.socialagri.com\/agriFM\/wp-content\/uploads\/2023\/07\/17193245\/capa-incubacao.png","tiempo":""},"yoast_head":"<!-- This site is optimized with the Yoast SEO plugin v22.9 - https:\/\/yoast.com\/wordpress\/plugins\/seo\/ -->\n<title>Res\u00edduo de incubat\u00f3rio: o que acontece depois da eclos\u00e3o? - agriFM<\/title>\n<meta name=\"description\" content=\"Ou\u00e7a mais um excelente aritgo da aviNews Brasil: Res\u00edduo de incubat\u00f3rio: o que acontece depois da eclos\u00e3o?\" \/>\n<meta name=\"robots\" content=\"index, follow, max-snippet:-1, max-image-preview:large, max-video-preview:-1\" \/>\n<link rel=\"canonical\" href=\"https:\/\/socialagri.com\/agriFM\/pt-br\/podcast\/residuo-de-incubatorio-o-que-acontece-depois-da-eclosao\/\" \/>\n<meta property=\"og:locale\" content=\"pt_BR\" \/>\n<meta property=\"og:type\" content=\"article\" \/>\n<meta property=\"og:title\" content=\"Res\u00edduo de incubat\u00f3rio: o que acontece depois da eclos\u00e3o? - agriFM\" \/>\n<meta property=\"og:description\" content=\"Ou\u00e7a mais um excelente aritgo da aviNews Brasil: Res\u00edduo de incubat\u00f3rio: o que acontece depois da eclos\u00e3o?\" \/>\n<meta property=\"og:url\" content=\"https:\/\/socialagri.com\/agriFM\/pt-br\/podcast\/residuo-de-incubatorio-o-que-acontece-depois-da-eclosao\/\" \/>\n<meta property=\"og:site_name\" content=\"agriFM\" \/>\n<meta property=\"article:modified_time\" content=\"2023-07-19T12:07:49+00:00\" \/>\n<meta property=\"og:image\" content=\"https:\/\/socialagri.com\/agriFM\/wp-content\/uploads\/2023\/07\/capa-incubacao-320x320.png\" \/>\n<meta name=\"twitter:card\" content=\"summary_large_image\" \/>\n<meta name=\"twitter:label1\" content=\"Est. tempo de leitura\" \/>\n\t<meta name=\"twitter:data1\" content=\"2 minutos\" \/>\n<script type=\"application\/ld+json\" class=\"yoast-schema-graph\">{\"@context\":\"https:\/\/schema.org\",\"@graph\":[{\"@type\":\"WebPage\",\"@id\":\"https:\/\/socialagri.com\/agriFM\/pt-br\/podcast\/residuo-de-incubatorio-o-que-acontece-depois-da-eclosao\/\",\"url\":\"https:\/\/socialagri.com\/agriFM\/pt-br\/podcast\/residuo-de-incubatorio-o-que-acontece-depois-da-eclosao\/\",\"name\":\"Res\u00edduo de incubat\u00f3rio: o que acontece depois da eclos\u00e3o? - agriFM\",\"isPartOf\":{\"@id\":\"https:\/\/socialagri.com\/agriFM\/#website\"},\"primaryImageOfPage\":{\"@id\":\"https:\/\/socialagri.com\/agriFM\/pt-br\/podcast\/residuo-de-incubatorio-o-que-acontece-depois-da-eclosao\/#primaryimage\"},\"image\":{\"@id\":\"https:\/\/socialagri.com\/agriFM\/pt-br\/podcast\/residuo-de-incubatorio-o-que-acontece-depois-da-eclosao\/#primaryimage\"},\"thumbnailUrl\":\"https:\/\/socialagri.com\/agriFM\/wp-content\/uploads\/2023\/07\/capa-incubacao-320x320.png\",\"datePublished\":\"2023-07-17T17:34:04+00:00\",\"dateModified\":\"2023-07-19T12:07:49+00:00\",\"description\":\"Ou\u00e7a mais um excelente aritgo da aviNews Brasil: Res\u00edduo de incubat\u00f3rio: o que acontece depois da eclos\u00e3o?\",\"breadcrumb\":{\"@id\":\"https:\/\/socialagri.com\/agriFM\/pt-br\/podcast\/residuo-de-incubatorio-o-que-acontece-depois-da-eclosao\/#breadcrumb\"},\"inLanguage\":\"pt-BR\",\"potentialAction\":[{\"@type\":\"ReadAction\",\"target\":[\"https:\/\/socialagri.com\/agriFM\/pt-br\/podcast\/residuo-de-incubatorio-o-que-acontece-depois-da-eclosao\/\"]}]},{\"@type\":\"ImageObject\",\"inLanguage\":\"pt-BR\",\"@id\":\"https:\/\/socialagri.com\/agriFM\/pt-br\/podcast\/residuo-de-incubatorio-o-que-acontece-depois-da-eclosao\/#primaryimage\",\"url\":\"https:\/\/socialagri.com\/agriFM\/wp-content\/uploads\/2023\/07\/capa-incubacao-320x320.png\",\"contentUrl\":\"https:\/\/socialagri.com\/agriFM\/wp-content\/uploads\/2023\/07\/capa-incubacao-320x320.png\"},{\"@type\":\"BreadcrumbList\",\"@id\":\"https:\/\/socialagri.com\/agriFM\/pt-br\/podcast\/residuo-de-incubatorio-o-que-acontece-depois-da-eclosao\/#breadcrumb\",\"itemListElement\":[{\"@type\":\"ListItem\",\"position\":1,\"name\":\"Portada\",\"item\":\"https:\/\/socialagri.com\/agriFM\/pt-br\/\"},{\"@type\":\"ListItem\",\"position\":2,\"name\":\"Podcast\",\"item\":\"https:\/\/socialagri.com\/agriFM\/es\/podcast\/\"},{\"@type\":\"ListItem\",\"position\":3,\"name\":\"Res\u00edduo de incubat\u00f3rio: o que acontece depois da eclos\u00e3o?\"}]},{\"@type\":\"WebSite\",\"@id\":\"https:\/\/socialagri.com\/agriFM\/#website\",\"url\":\"https:\/\/socialagri.com\/agriFM\/\",\"name\":\"agriFM\",\"description\":\"Otro sitio realizado con WordPress\",\"potentialAction\":[{\"@type\":\"SearchAction\",\"target\":{\"@type\":\"EntryPoint\",\"urlTemplate\":\"https:\/\/socialagri.com\/agriFM\/?s={search_term_string}\"},\"query-input\":\"required name=search_term_string\"}],\"inLanguage\":\"pt-BR\"}]}<\/script>\n<!-- \/ Yoast SEO plugin. -->","yoast_head_json":{"title":"Res\u00edduo de incubat\u00f3rio: o que acontece depois da eclos\u00e3o? - agriFM","description":"Ou\u00e7a mais um excelente aritgo da aviNews Brasil: Res\u00edduo de incubat\u00f3rio: o que acontece depois da eclos\u00e3o?","robots":{"index":"index","follow":"follow","max-snippet":"max-snippet:-1","max-image-preview":"max-image-preview:large","max-video-preview":"max-video-preview:-1"},"canonical":"https:\/\/socialagri.com\/agriFM\/pt-br\/podcast\/residuo-de-incubatorio-o-que-acontece-depois-da-eclosao\/","og_locale":"pt_BR","og_type":"article","og_title":"Res\u00edduo de incubat\u00f3rio: o que acontece depois da eclos\u00e3o? - agriFM","og_description":"Ou\u00e7a mais um excelente aritgo da aviNews Brasil: Res\u00edduo de incubat\u00f3rio: o que acontece depois da eclos\u00e3o?","og_url":"https:\/\/socialagri.com\/agriFM\/pt-br\/podcast\/residuo-de-incubatorio-o-que-acontece-depois-da-eclosao\/","og_site_name":"agriFM","article_modified_time":"2023-07-19T12:07:49+00:00","og_image":[{"url":"https:\/\/socialagri.com\/agriFM\/wp-content\/uploads\/2023\/07\/capa-incubacao-320x320.png"}],"twitter_card":"summary_large_image","twitter_misc":{"Est. tempo de leitura":"2 minutos"},"schema":{"@context":"https:\/\/schema.org","@graph":[{"@type":"WebPage","@id":"https:\/\/socialagri.com\/agriFM\/pt-br\/podcast\/residuo-de-incubatorio-o-que-acontece-depois-da-eclosao\/","url":"https:\/\/socialagri.com\/agriFM\/pt-br\/podcast\/residuo-de-incubatorio-o-que-acontece-depois-da-eclosao\/","name":"Res\u00edduo de incubat\u00f3rio: o que acontece depois da eclos\u00e3o? - agriFM","isPartOf":{"@id":"https:\/\/socialagri.com\/agriFM\/#website"},"primaryImageOfPage":{"@id":"https:\/\/socialagri.com\/agriFM\/pt-br\/podcast\/residuo-de-incubatorio-o-que-acontece-depois-da-eclosao\/#primaryimage"},"image":{"@id":"https:\/\/socialagri.com\/agriFM\/pt-br\/podcast\/residuo-de-incubatorio-o-que-acontece-depois-da-eclosao\/#primaryimage"},"thumbnailUrl":"https:\/\/socialagri.com\/agriFM\/wp-content\/uploads\/2023\/07\/capa-incubacao-320x320.png","datePublished":"2023-07-17T17:34:04+00:00","dateModified":"2023-07-19T12:07:49+00:00","description":"Ou\u00e7a mais um excelente aritgo da aviNews Brasil: Res\u00edduo de incubat\u00f3rio: o que acontece depois da eclos\u00e3o?","breadcrumb":{"@id":"https:\/\/socialagri.com\/agriFM\/pt-br\/podcast\/residuo-de-incubatorio-o-que-acontece-depois-da-eclosao\/#breadcrumb"},"inLanguage":"pt-BR","potentialAction":[{"@type":"ReadAction","target":["https:\/\/socialagri.com\/agriFM\/pt-br\/podcast\/residuo-de-incubatorio-o-que-acontece-depois-da-eclosao\/"]}]},{"@type":"ImageObject","inLanguage":"pt-BR","@id":"https:\/\/socialagri.com\/agriFM\/pt-br\/podcast\/residuo-de-incubatorio-o-que-acontece-depois-da-eclosao\/#primaryimage","url":"https:\/\/socialagri.com\/agriFM\/wp-content\/uploads\/2023\/07\/capa-incubacao-320x320.png","contentUrl":"https:\/\/socialagri.com\/agriFM\/wp-content\/uploads\/2023\/07\/capa-incubacao-320x320.png"},{"@type":"BreadcrumbList","@id":"https:\/\/socialagri.com\/agriFM\/pt-br\/podcast\/residuo-de-incubatorio-o-que-acontece-depois-da-eclosao\/#breadcrumb","itemListElement":[{"@type":"ListItem","position":1,"name":"Portada","item":"https:\/\/socialagri.com\/agriFM\/pt-br\/"},{"@type":"ListItem","position":2,"name":"Podcast","item":"https:\/\/socialagri.com\/agriFM\/es\/podcast\/"},{"@type":"ListItem","position":3,"name":"Res\u00edduo de incubat\u00f3rio: o que acontece depois da eclos\u00e3o?"}]},{"@type":"WebSite","@id":"https:\/\/socialagri.com\/agriFM\/#website","url":"https:\/\/socialagri.com\/agriFM\/","name":"agriFM","description":"Otro sitio realizado con WordPress","potentialAction":[{"@type":"SearchAction","target":{"@type":"EntryPoint","urlTemplate":"https:\/\/socialagri.com\/agriFM\/?s={search_term_string}"},"query-input":"required name=search_term_string"}],"inLanguage":"pt-BR"}]}},"canal_name":"aviNews Brasil","_links":{"self":[{"href":"https:\/\/socialagri.com\/agriFM\/pt-br\/wp-json\/wp\/v2\/podcast\/12950"}],"collection":[{"href":"https:\/\/socialagri.com\/agriFM\/pt-br\/wp-json\/wp\/v2\/podcast"}],"about":[{"href":"https:\/\/socialagri.com\/agriFM\/pt-br\/wp-json\/wp\/v2\/types\/podcast"}],"author":[{"embeddable":true,"href":"https:\/\/socialagri.com\/agriFM\/pt-br\/wp-json\/wp\/v2\/users\/20"}],"version-history":[{"count":3,"href":"https:\/\/socialagri.com\/agriFM\/pt-br\/wp-json\/wp\/v2\/podcast\/12950\/revisions"}],"predecessor-version":[{"id":12971,"href":"https:\/\/socialagri.com\/agriFM\/pt-br\/wp-json\/wp\/v2\/podcast\/12950\/revisions\/12971"}],"wp:attachment":[{"href":"https:\/\/socialagri.com\/agriFM\/pt-br\/wp-json\/wp\/v2\/media?parent=12950"}],"wp:term":[{"taxonomy":"category","embeddable":true,"href":"https:\/\/socialagri.com\/agriFM\/pt-br\/wp-json\/wp\/v2\/categories?post=12950"},{"taxonomy":"post_tag","embeddable":true,"href":"https:\/\/socialagri.com\/agriFM\/pt-br\/wp-json\/wp\/v2\/tags?post=12950"},{"taxonomy":"canales","embeddable":true,"href":"https:\/\/socialagri.com\/agriFM\/pt-br\/wp-json\/wp\/v2\/canales?post=12950"},{"taxonomy":"Idioma","embeddable":true,"href":"https:\/\/socialagri.com\/agriFM\/pt-br\/wp-json\/wp\/v2\/Idioma?post=12950"},{"taxonomy":"intereses","embeddable":true,"href":"https:\/\/socialagri.com\/agriFM\/pt-br\/wp-json\/wp\/v2\/intereses?post=12950"}],"curies":[{"name":"wp","href":"https:\/\/api.w.org\/{rel}","templated":true}]}}