{"id":12875,"date":"2023-07-04T03:53:44","date_gmt":"2023-07-04T01:53:44","guid":{"rendered":"https:\/\/socialagri.com\/agriFM\/?post_type=podcast&#038;p=12875"},"modified":"2023-07-04T03:53:44","modified_gmt":"2023-07-04T01:53:44","slug":"tecnologias-e-estrategias-para-digestao-da-fibra-em-ruminantes","status":"publish","type":"podcast","link":"https:\/\/socialagri.com\/agriFM\/pt-br\/podcast\/tecnologias-e-estrategias-para-digestao-da-fibra-em-ruminantes\/","title":{"rendered":"Tecnologias para a melhora da efici\u00eancia de digest\u00e3o da fibra em ruminantes"},"content":{"rendered":"<p style=\"text-align: right\"><strong>Tecnologias e estrat\u00e9gias que visam a melhoria da efici\u00eancia de digest\u00e3o da fibra em ruminantes<\/strong><\/p>\r\nFibra \u00e9 um dos principais nutrientes na dieta de ruminantes, e \u00e9 <strong>oriunda principalmente de forragens, tais como, pastagem, silagem, feno, ou subprodutos da ind\u00fastria agr\u00edcola.<\/strong>\r\n\r\nA fibra desempenha dois papeis essenciais na nutri\u00e7\u00e3o. Um deles \u00e9 de <strong>fornecer capacidade f\u00edsica<\/strong>, estimulando a saliva\u00e7\u00e3o do animal, vital para o funcionamento do r\u00famen e sa\u00fade do animal.\r\n\r\nO segundo papel, o que possui suma import\u00e2ncia, \u00e9 a <strong>capacidade de ser degradada no r\u00famen<\/strong> pelos microrganismos, gerando composto denominando \u00e1cidos graxos vol\u00e1teis, a principal fonte de energia para ruminantes.\r\n\r\nEntretanto, a<strong> capacidade de degrada\u00e7\u00e3o da fibra tem grande varia\u00e7\u00e3o<\/strong> entre os nutrientes da dieta, e um dos <strong>principais fatores<\/strong> que influencia isso \u00e9 a <strong>organiza\u00e7\u00e3o e composi\u00e7\u00e3o dessa fra\u00e7\u00e3o<\/strong>. Para melhor entender esse aspecto da capacidade de degrada\u00e7\u00e3o da fibra \u00e9 primordial entender o que \u00e9 a fibra na planta.\r\n\r\nFibra, tamb\u00e9m conhecida como parede celular, \u00e9 uma <strong>estrutura complexa e vital<\/strong> para plantas de modo geral. \u00c9 <strong>respons\u00e1vel por prover estrutura, integridade, flexibilidade, e prote\u00e7\u00e3o contra pat\u00f3genos e estresse<\/strong>, como uma barreira f\u00edsica. A fibra \u00e9 constitu\u00edda predominantemente por<strong> tr\u00eas compostos: celulose, hemicelulose e lignina.<\/strong>\r\n\r\nEnquanto parte da celulose e hemicelulose \u00e9 capaz de ser degradada no r\u00famen formando os previamente mencionados \u00e1cidos graxos vol\u00e1teis, lignina funciona como uma barreira influenciando negativamente na degrada\u00e7\u00e3o dos demais.\r\n\r\nIsso acontece porque <strong>para um nutriente ser degradado no r\u00famen, \u00e9 necess\u00e1rio a s\u00edntese da enzima<\/strong> que desempenha esse papel, <strong>e a s\u00edntese de enzimas que degradam lignina no r\u00famen \u00e9 praticamente insignificante.<\/strong>\r\n\r\nPesquisas ao longo de d\u00e9cadas vem mostrando que<strong> aumentar digest\u00e3o da fibra est\u00e1 fortemente relacionada com a intensifica\u00e7\u00e3o na produtividade, lucros e menor impacto ambiental, <\/strong>tanto na cadeia leiteira quanto de corte.\r\n\r\nDesta forma, tecnologias e estrat\u00e9gias v\u00eam sendo estudadas e desenvolvidas com o intuito de aumentar sua degrada\u00e7\u00e3o.","protected":false},"author":12,"featured_media":0,"parent":0,"menu_order":0,"template":"","meta":{"_acf_changed":false,"footnotes":""},"categories":[131],"tags":[],"canales":[209],"Idioma":[13],"intereses":[324],"participantes":[],"acf":{"link_podcast1":"https:\/\/images.socialagri.com\/agriFM\/wp-content\/uploads\/2023\/07\/04034522\/degradacao-da-fibra-em-ruminantes.mp3","imagen_podcast1":"https:\/\/images.socialagri.com\/agriFM\/wp-content\/uploads\/2023\/07\/04034509\/degradacao-da-fibra-podcast.png","tiempo":""},"yoast_head":"<!-- This site is optimized with the Yoast SEO plugin v22.9 - https:\/\/yoast.com\/wordpress\/plugins\/seo\/ -->\n<title>Tecnologias e estrat\u00e9gias para digest\u00e3o da fibra em ruminantes<\/title>\n<meta name=\"description\" content=\"Existem in\u00fameras tecnologias para melhorar a digest\u00e3o da fibra em ruminantes e novas tecnologias v\u00eam sendo testadas e colocadas no m...\" \/>\n<meta name=\"robots\" content=\"index, follow, max-snippet:-1, max-image-preview:large, max-video-preview:-1\" \/>\n<link rel=\"canonical\" href=\"https:\/\/socialagri.com\/agriFM\/pt-br\/podcast\/tecnologias-e-estrategias-para-digestao-da-fibra-em-ruminantes\/\" \/>\n<meta property=\"og:locale\" content=\"pt_BR\" \/>\n<meta property=\"og:type\" content=\"article\" \/>\n<meta property=\"og:title\" content=\"Tecnologias e estrat\u00e9gias para digest\u00e3o da fibra em ruminantes\" \/>\n<meta property=\"og:description\" content=\"Existem in\u00fameras tecnologias para melhorar a digest\u00e3o da fibra em ruminantes e novas tecnologias v\u00eam sendo testadas e colocadas no m...\" \/>\n<meta property=\"og:url\" content=\"https:\/\/socialagri.com\/agriFM\/pt-br\/podcast\/tecnologias-e-estrategias-para-digestao-da-fibra-em-ruminantes\/\" \/>\n<meta property=\"og:site_name\" content=\"agriFM\" \/>\n<meta name=\"twitter:card\" content=\"summary_large_image\" \/>\n<meta name=\"twitter:label1\" content=\"Est. tempo de leitura\" \/>\n\t<meta name=\"twitter:data1\" content=\"2 minutos\" \/>\n<script type=\"application\/ld+json\" class=\"yoast-schema-graph\">{\"@context\":\"https:\/\/schema.org\",\"@graph\":[{\"@type\":\"WebPage\",\"@id\":\"https:\/\/socialagri.com\/agriFM\/pt-br\/podcast\/tecnologias-e-estrategias-para-digestao-da-fibra-em-ruminantes\/\",\"url\":\"https:\/\/socialagri.com\/agriFM\/pt-br\/podcast\/tecnologias-e-estrategias-para-digestao-da-fibra-em-ruminantes\/\",\"name\":\"Tecnologias e estrat\u00e9gias para digest\u00e3o da fibra em ruminantes\",\"isPartOf\":{\"@id\":\"https:\/\/socialagri.com\/agriFM\/#website\"},\"datePublished\":\"2023-07-04T01:53:44+00:00\",\"dateModified\":\"2023-07-04T01:53:44+00:00\",\"description\":\"Existem in\u00fameras tecnologias para melhorar a digest\u00e3o da fibra em ruminantes e novas tecnologias v\u00eam sendo testadas e colocadas no m...\",\"breadcrumb\":{\"@id\":\"https:\/\/socialagri.com\/agriFM\/pt-br\/podcast\/tecnologias-e-estrategias-para-digestao-da-fibra-em-ruminantes\/#breadcrumb\"},\"inLanguage\":\"pt-BR\",\"potentialAction\":[{\"@type\":\"ReadAction\",\"target\":[\"https:\/\/socialagri.com\/agriFM\/pt-br\/podcast\/tecnologias-e-estrategias-para-digestao-da-fibra-em-ruminantes\/\"]}]},{\"@type\":\"BreadcrumbList\",\"@id\":\"https:\/\/socialagri.com\/agriFM\/pt-br\/podcast\/tecnologias-e-estrategias-para-digestao-da-fibra-em-ruminantes\/#breadcrumb\",\"itemListElement\":[{\"@type\":\"ListItem\",\"position\":1,\"name\":\"Portada\",\"item\":\"https:\/\/socialagri.com\/agriFM\/pt-br\/\"},{\"@type\":\"ListItem\",\"position\":2,\"name\":\"Podcast\",\"item\":\"https:\/\/socialagri.com\/agriFM\/es\/podcast\/\"},{\"@type\":\"ListItem\",\"position\":3,\"name\":\"Tecnologias para a melhora da efici\u00eancia de digest\u00e3o da fibra em ruminantes\"}]},{\"@type\":\"WebSite\",\"@id\":\"https:\/\/socialagri.com\/agriFM\/#website\",\"url\":\"https:\/\/socialagri.com\/agriFM\/\",\"name\":\"agriFM\",\"description\":\"Otro sitio realizado con WordPress\",\"potentialAction\":[{\"@type\":\"SearchAction\",\"target\":{\"@type\":\"EntryPoint\",\"urlTemplate\":\"https:\/\/socialagri.com\/agriFM\/?s={search_term_string}\"},\"query-input\":\"required name=search_term_string\"}],\"inLanguage\":\"pt-BR\"}]}<\/script>\n<!-- \/ Yoast SEO plugin. -->","yoast_head_json":{"title":"Tecnologias e estrat\u00e9gias para digest\u00e3o da fibra em ruminantes","description":"Existem in\u00fameras tecnologias para melhorar a digest\u00e3o da fibra em ruminantes e novas tecnologias v\u00eam sendo testadas e colocadas no m...","robots":{"index":"index","follow":"follow","max-snippet":"max-snippet:-1","max-image-preview":"max-image-preview:large","max-video-preview":"max-video-preview:-1"},"canonical":"https:\/\/socialagri.com\/agriFM\/pt-br\/podcast\/tecnologias-e-estrategias-para-digestao-da-fibra-em-ruminantes\/","og_locale":"pt_BR","og_type":"article","og_title":"Tecnologias e estrat\u00e9gias para digest\u00e3o da fibra em ruminantes","og_description":"Existem in\u00fameras tecnologias para melhorar a digest\u00e3o da fibra em ruminantes e novas tecnologias v\u00eam sendo testadas e colocadas no m...","og_url":"https:\/\/socialagri.com\/agriFM\/pt-br\/podcast\/tecnologias-e-estrategias-para-digestao-da-fibra-em-ruminantes\/","og_site_name":"agriFM","twitter_card":"summary_large_image","twitter_misc":{"Est. tempo de leitura":"2 minutos"},"schema":{"@context":"https:\/\/schema.org","@graph":[{"@type":"WebPage","@id":"https:\/\/socialagri.com\/agriFM\/pt-br\/podcast\/tecnologias-e-estrategias-para-digestao-da-fibra-em-ruminantes\/","url":"https:\/\/socialagri.com\/agriFM\/pt-br\/podcast\/tecnologias-e-estrategias-para-digestao-da-fibra-em-ruminantes\/","name":"Tecnologias e estrat\u00e9gias para digest\u00e3o da fibra em ruminantes","isPartOf":{"@id":"https:\/\/socialagri.com\/agriFM\/#website"},"datePublished":"2023-07-04T01:53:44+00:00","dateModified":"2023-07-04T01:53:44+00:00","description":"Existem in\u00fameras tecnologias para melhorar a digest\u00e3o da fibra em ruminantes e novas tecnologias v\u00eam sendo testadas e colocadas no m...","breadcrumb":{"@id":"https:\/\/socialagri.com\/agriFM\/pt-br\/podcast\/tecnologias-e-estrategias-para-digestao-da-fibra-em-ruminantes\/#breadcrumb"},"inLanguage":"pt-BR","potentialAction":[{"@type":"ReadAction","target":["https:\/\/socialagri.com\/agriFM\/pt-br\/podcast\/tecnologias-e-estrategias-para-digestao-da-fibra-em-ruminantes\/"]}]},{"@type":"BreadcrumbList","@id":"https:\/\/socialagri.com\/agriFM\/pt-br\/podcast\/tecnologias-e-estrategias-para-digestao-da-fibra-em-ruminantes\/#breadcrumb","itemListElement":[{"@type":"ListItem","position":1,"name":"Portada","item":"https:\/\/socialagri.com\/agriFM\/pt-br\/"},{"@type":"ListItem","position":2,"name":"Podcast","item":"https:\/\/socialagri.com\/agriFM\/es\/podcast\/"},{"@type":"ListItem","position":3,"name":"Tecnologias para a melhora da efici\u00eancia de digest\u00e3o da fibra em ruminantes"}]},{"@type":"WebSite","@id":"https:\/\/socialagri.com\/agriFM\/#website","url":"https:\/\/socialagri.com\/agriFM\/","name":"agriFM","description":"Otro sitio realizado con WordPress","potentialAction":[{"@type":"SearchAction","target":{"@type":"EntryPoint","urlTemplate":"https:\/\/socialagri.com\/agriFM\/?s={search_term_string}"},"query-input":"required name=search_term_string"}],"inLanguage":"pt-BR"}]}},"canal_name":"nutriNews Brasil","_links":{"self":[{"href":"https:\/\/socialagri.com\/agriFM\/pt-br\/wp-json\/wp\/v2\/podcast\/12875"}],"collection":[{"href":"https:\/\/socialagri.com\/agriFM\/pt-br\/wp-json\/wp\/v2\/podcast"}],"about":[{"href":"https:\/\/socialagri.com\/agriFM\/pt-br\/wp-json\/wp\/v2\/types\/podcast"}],"author":[{"embeddable":true,"href":"https:\/\/socialagri.com\/agriFM\/pt-br\/wp-json\/wp\/v2\/users\/12"}],"version-history":[{"count":1,"href":"https:\/\/socialagri.com\/agriFM\/pt-br\/wp-json\/wp\/v2\/podcast\/12875\/revisions"}],"predecessor-version":[{"id":12876,"href":"https:\/\/socialagri.com\/agriFM\/pt-br\/wp-json\/wp\/v2\/podcast\/12875\/revisions\/12876"}],"wp:attachment":[{"href":"https:\/\/socialagri.com\/agriFM\/pt-br\/wp-json\/wp\/v2\/media?parent=12875"}],"wp:term":[{"taxonomy":"category","embeddable":true,"href":"https:\/\/socialagri.com\/agriFM\/pt-br\/wp-json\/wp\/v2\/categories?post=12875"},{"taxonomy":"post_tag","embeddable":true,"href":"https:\/\/socialagri.com\/agriFM\/pt-br\/wp-json\/wp\/v2\/tags?post=12875"},{"taxonomy":"canales","embeddable":true,"href":"https:\/\/socialagri.com\/agriFM\/pt-br\/wp-json\/wp\/v2\/canales?post=12875"},{"taxonomy":"Idioma","embeddable":true,"href":"https:\/\/socialagri.com\/agriFM\/pt-br\/wp-json\/wp\/v2\/Idioma?post=12875"},{"taxonomy":"intereses","embeddable":true,"href":"https:\/\/socialagri.com\/agriFM\/pt-br\/wp-json\/wp\/v2\/intereses?post=12875"},{"taxonomy":"participantes","embeddable":true,"href":"https:\/\/socialagri.com\/agriFM\/pt-br\/wp-json\/wp\/v2\/participantes?post=12875"}],"curies":[{"name":"wp","href":"https:\/\/api.w.org\/{rel}","templated":true}]}}