{"id":12069,"date":"2023-03-10T15:41:54","date_gmt":"2023-03-10T14:41:54","guid":{"rendered":"https:\/\/socialagri.com\/agriFM\/?post_type=podcast&#038;p=12069"},"modified":"2023-03-10T15:41:54","modified_gmt":"2023-03-10T14:41:54","slug":"impactos-da-zearalenona-na-reproducao-de-suinos","status":"publish","type":"podcast","link":"https:\/\/socialagri.com\/agriFM\/pt-br\/podcast\/impactos-da-zearalenona-na-reproducao-de-suinos\/","title":{"rendered":"Impactos da zearalenona na reprodu\u00e7\u00e3o de su\u00ednos"},"content":{"rendered":"<ul>\r\n \t<li style=\"text-align: right;\"><em>Impactos da zearalenona na reprodu\u00e7\u00e3o de su\u00ednos<\/em><\/li>\r\n \t<li><\/li>\r\n \t<li>O termo micotoxina \u00e9 derivado de \u201cmykes\u201d, que significa fungo\u201d e \u201ctoxicon\u201d que significa veneno. A <strong>micotoxina zearalenona (ZEA)<\/strong> \u00e9 um metab\u00f3lito secund\u00e1rio t\u00f3xico produzido por <strong>fungos do g\u00eanero <em>Fusarium<\/em><\/strong>, que podem ser comumente encontrados em cereais e outros gr\u00e3os, como <strong>milho, cevada e trigo<\/strong>.<\/li>\r\n \t<li><\/li>\r\n \t<li>A ZEA \u00e9 uma toxina branca, cristalina, sol\u00favel em gordura, tem ponto de fus\u00e3o relativamente alto (164 a 165 \u00b0C) e, ainda, \u00e9 estruturalmente semelhante ao horm\u00f4nio sexual 17\u03b2-estradiol.<\/li>\r\n \t<li><\/li>\r\n \t<li>Dessa forma, ao ligar-se aos receptores de estrog\u00eanio, exerce efeitos estrog\u00eanicos em animais, aos quais<strong> a<\/strong> <strong>esp\u00e9cie su\u00edna \u00e9 a mais sens\u00edvel.<\/strong><\/li>\r\n \t<li><\/li>\r\n \t<li>Devido \u00e0s suas propriedades estrog\u00eanicas, a ZEA tem sido associada a efeitos negativos na reprodu\u00e7\u00e3o de su\u00ednos, os quais incluem:<\/li>\r\n \t<li><\/li>\r\n \t<li><strong>Altera\u00e7\u00f5es no ciclo estral<\/strong><\/li>\r\n \t<li><strong>Redu\u00e7\u00e3o da fertilidade de machos e f\u00eameas e<\/strong><\/li>\r\n \t<li><strong>Aumento da mortalidade fetal (Gong et al., 2018).<\/strong><\/li>\r\n \t<li><\/li>\r\n \t<li>Portanto, a intoxica\u00e7\u00e3o por ZEA sempre deve ser considerada como diagn\u00f3stico diferencial em casos de falha reprodutiva.<\/li>\r\n \t<li><\/li>\r\n \t<li>Al\u00e9m dos efeitos diretos na reprodu\u00e7\u00e3o, a ZEA tamb\u00e9m pode ter efeitos indiretos na sa\u00fade dos su\u00ednos.<\/li>\r\n \t<li><\/li>\r\n \t<li>Estudos t\u00eam mostrado que a exposi\u00e7\u00e3o a altas doses de <strong>ZEA podem afetar a sa\u00fade intestinal e o sistema imunol\u00f3gico dos su\u00ednos<\/strong>, al\u00e9m de causar<strong> aumento do estresse oxidativo<\/strong>, o que pode levar a danos celulares e aumento do risco de doen\u00e7as.<\/li>\r\n \t<li><\/li>\r\n \t<li>Para ler o artigo &#8220;Impactos da zearalenona na reprodu\u00e7\u00e3o de su\u00ednos<em>&#8220;<\/em>, clique <a href=\"https:\/\/porcinews.com\/pt-br\/impactos-da-zearalenona-na-reproducao-de-suinos\/\" target=\"_blank\" rel=\"noopener\"><strong>AQUI<img loading=\"lazy\" decoding=\"async\" class=\"alignnone wp-image-8367\" src=\"https:\/\/images.socialagri.com\/agriFM\/wp-content\/uploads\/2022\/08\/05182134\/capa-podcast-mercado-320x320.png\" alt=\"\" width=\"5\" height=\"5\" srcset=\"https:\/\/images.socialagri.com\/agriFM\/wp-content\/uploads\/2022\/08\/05182134\/capa-podcast-mercado-320x320.png 320w, https:\/\/images.socialagri.com\/agriFM\/wp-content\/uploads\/2022\/08\/05182134\/capa-podcast-mercado-112x112.png 112w, https:\/\/images.socialagri.com\/agriFM\/wp-content\/uploads\/2022\/08\/05182134\/capa-podcast-mercado.png 500w\" sizes=\"(max-width: 5px) 100vw, 5px\" \/><\/strong><\/a><\/li>\r\n \t<li><\/li>\r\n \t<li>Ou\u00e7a tamb\u00e9m: &#8220;<a href=\"https:\/\/socialagri.com\/agriFM\/pt-br\/?post_type=podcast&amp;p=12066&amp;preview=true\">PCV4 uma nova amea\u00e7a \u00e0 suinocultura?<\/a>&#8220;<\/li>\r\n \t<li><\/li>\r\n<\/ul>\r\n&nbsp;","protected":false},"author":19,"featured_media":0,"parent":0,"menu_order":0,"template":"","meta":{"_acf_changed":false,"footnotes":""},"categories":[129],"tags":[],"canales":[211],"Idioma":[13],"intereses":[324],"participantes":[],"acf":{"link_podcast1":"https:\/\/images.socialagri.com\/agriFM\/wp-content\/uploads\/2023\/03\/06192511\/PODCAST-ZEA.mp3","imagen_podcast1":"https:\/\/images.socialagri.com\/agriFM\/wp-content\/uploads\/2023\/03\/06192447\/capa-podcast-zea.png","tiempo":""},"yoast_head":"<!-- This site is optimized with the Yoast SEO plugin v22.9 - https:\/\/yoast.com\/wordpress\/plugins\/seo\/ -->\n<title>Impactos da zearalenona na reprodu\u00e7\u00e3o de su\u00ednos - agriFM<\/title>\n<meta name=\"description\" content=\"Devido \u00e0s suas propriedades estrog\u00eanicas, a zearalenona tem sido associada a efeitos negativos na reprodu\u00e7\u00e3o de su\u00ednos.\" \/>\n<meta name=\"robots\" content=\"index, follow, max-snippet:-1, max-image-preview:large, max-video-preview:-1\" \/>\n<link rel=\"canonical\" href=\"https:\/\/socialagri.com\/agriFM\/pt-br\/podcast\/impactos-da-zearalenona-na-reproducao-de-suinos\/\" \/>\n<meta property=\"og:locale\" content=\"pt_BR\" \/>\n<meta property=\"og:type\" content=\"article\" \/>\n<meta property=\"og:title\" content=\"Impactos da zearalenona na reprodu\u00e7\u00e3o de su\u00ednos - agriFM\" \/>\n<meta property=\"og:description\" content=\"Devido \u00e0s suas propriedades estrog\u00eanicas, a zearalenona tem sido associada a efeitos negativos na reprodu\u00e7\u00e3o de su\u00ednos.\" \/>\n<meta property=\"og:url\" content=\"https:\/\/socialagri.com\/agriFM\/pt-br\/podcast\/impactos-da-zearalenona-na-reproducao-de-suinos\/\" \/>\n<meta property=\"og:site_name\" content=\"agriFM\" \/>\n<meta property=\"og:image\" content=\"https:\/\/socialagri.com\/agriFM\/wp-content\/uploads\/2022\/08\/capa-podcast-mercado-320x320.png\" \/>\n<meta name=\"twitter:card\" content=\"summary_large_image\" \/>\n<meta name=\"twitter:label1\" content=\"Est. tempo de leitura\" \/>\n\t<meta name=\"twitter:data1\" content=\"2 minutos\" \/>\n<script type=\"application\/ld+json\" class=\"yoast-schema-graph\">{\"@context\":\"https:\/\/schema.org\",\"@graph\":[{\"@type\":\"WebPage\",\"@id\":\"https:\/\/socialagri.com\/agriFM\/pt-br\/podcast\/impactos-da-zearalenona-na-reproducao-de-suinos\/\",\"url\":\"https:\/\/socialagri.com\/agriFM\/pt-br\/podcast\/impactos-da-zearalenona-na-reproducao-de-suinos\/\",\"name\":\"Impactos da zearalenona na reprodu\u00e7\u00e3o de su\u00ednos - agriFM\",\"isPartOf\":{\"@id\":\"https:\/\/socialagri.com\/agriFM\/#website\"},\"primaryImageOfPage\":{\"@id\":\"https:\/\/socialagri.com\/agriFM\/pt-br\/podcast\/impactos-da-zearalenona-na-reproducao-de-suinos\/#primaryimage\"},\"image\":{\"@id\":\"https:\/\/socialagri.com\/agriFM\/pt-br\/podcast\/impactos-da-zearalenona-na-reproducao-de-suinos\/#primaryimage\"},\"thumbnailUrl\":\"https:\/\/socialagri.com\/agriFM\/wp-content\/uploads\/2022\/08\/capa-podcast-mercado-320x320.png\",\"datePublished\":\"2023-03-10T14:41:54+00:00\",\"dateModified\":\"2023-03-10T14:41:54+00:00\",\"description\":\"Devido \u00e0s suas propriedades estrog\u00eanicas, a zearalenona tem sido associada a efeitos negativos na reprodu\u00e7\u00e3o de su\u00ednos.\",\"breadcrumb\":{\"@id\":\"https:\/\/socialagri.com\/agriFM\/pt-br\/podcast\/impactos-da-zearalenona-na-reproducao-de-suinos\/#breadcrumb\"},\"inLanguage\":\"pt-BR\",\"potentialAction\":[{\"@type\":\"ReadAction\",\"target\":[\"https:\/\/socialagri.com\/agriFM\/pt-br\/podcast\/impactos-da-zearalenona-na-reproducao-de-suinos\/\"]}]},{\"@type\":\"ImageObject\",\"inLanguage\":\"pt-BR\",\"@id\":\"https:\/\/socialagri.com\/agriFM\/pt-br\/podcast\/impactos-da-zearalenona-na-reproducao-de-suinos\/#primaryimage\",\"url\":\"https:\/\/socialagri.com\/agriFM\/wp-content\/uploads\/2022\/08\/capa-podcast-mercado-320x320.png\",\"contentUrl\":\"https:\/\/socialagri.com\/agriFM\/wp-content\/uploads\/2022\/08\/capa-podcast-mercado-320x320.png\"},{\"@type\":\"BreadcrumbList\",\"@id\":\"https:\/\/socialagri.com\/agriFM\/pt-br\/podcast\/impactos-da-zearalenona-na-reproducao-de-suinos\/#breadcrumb\",\"itemListElement\":[{\"@type\":\"ListItem\",\"position\":1,\"name\":\"Portada\",\"item\":\"https:\/\/socialagri.com\/agriFM\/pt-br\/\"},{\"@type\":\"ListItem\",\"position\":2,\"name\":\"Podcast\",\"item\":\"https:\/\/socialagri.com\/agriFM\/es\/podcast\/\"},{\"@type\":\"ListItem\",\"position\":3,\"name\":\"Impactos da zearalenona na reprodu\u00e7\u00e3o de su\u00ednos\"}]},{\"@type\":\"WebSite\",\"@id\":\"https:\/\/socialagri.com\/agriFM\/#website\",\"url\":\"https:\/\/socialagri.com\/agriFM\/\",\"name\":\"agriFM\",\"description\":\"Otro sitio realizado con WordPress\",\"potentialAction\":[{\"@type\":\"SearchAction\",\"target\":{\"@type\":\"EntryPoint\",\"urlTemplate\":\"https:\/\/socialagri.com\/agriFM\/?s={search_term_string}\"},\"query-input\":\"required name=search_term_string\"}],\"inLanguage\":\"pt-BR\"}]}<\/script>\n<!-- \/ Yoast SEO plugin. -->","yoast_head_json":{"title":"Impactos da zearalenona na reprodu\u00e7\u00e3o de su\u00ednos - agriFM","description":"Devido \u00e0s suas propriedades estrog\u00eanicas, a zearalenona tem sido associada a efeitos negativos na reprodu\u00e7\u00e3o de su\u00ednos.","robots":{"index":"index","follow":"follow","max-snippet":"max-snippet:-1","max-image-preview":"max-image-preview:large","max-video-preview":"max-video-preview:-1"},"canonical":"https:\/\/socialagri.com\/agriFM\/pt-br\/podcast\/impactos-da-zearalenona-na-reproducao-de-suinos\/","og_locale":"pt_BR","og_type":"article","og_title":"Impactos da zearalenona na reprodu\u00e7\u00e3o de su\u00ednos - agriFM","og_description":"Devido \u00e0s suas propriedades estrog\u00eanicas, a zearalenona tem sido associada a efeitos negativos na reprodu\u00e7\u00e3o de su\u00ednos.","og_url":"https:\/\/socialagri.com\/agriFM\/pt-br\/podcast\/impactos-da-zearalenona-na-reproducao-de-suinos\/","og_site_name":"agriFM","og_image":[{"url":"https:\/\/socialagri.com\/agriFM\/wp-content\/uploads\/2022\/08\/capa-podcast-mercado-320x320.png"}],"twitter_card":"summary_large_image","twitter_misc":{"Est. tempo de leitura":"2 minutos"},"schema":{"@context":"https:\/\/schema.org","@graph":[{"@type":"WebPage","@id":"https:\/\/socialagri.com\/agriFM\/pt-br\/podcast\/impactos-da-zearalenona-na-reproducao-de-suinos\/","url":"https:\/\/socialagri.com\/agriFM\/pt-br\/podcast\/impactos-da-zearalenona-na-reproducao-de-suinos\/","name":"Impactos da zearalenona na reprodu\u00e7\u00e3o de su\u00ednos - agriFM","isPartOf":{"@id":"https:\/\/socialagri.com\/agriFM\/#website"},"primaryImageOfPage":{"@id":"https:\/\/socialagri.com\/agriFM\/pt-br\/podcast\/impactos-da-zearalenona-na-reproducao-de-suinos\/#primaryimage"},"image":{"@id":"https:\/\/socialagri.com\/agriFM\/pt-br\/podcast\/impactos-da-zearalenona-na-reproducao-de-suinos\/#primaryimage"},"thumbnailUrl":"https:\/\/socialagri.com\/agriFM\/wp-content\/uploads\/2022\/08\/capa-podcast-mercado-320x320.png","datePublished":"2023-03-10T14:41:54+00:00","dateModified":"2023-03-10T14:41:54+00:00","description":"Devido \u00e0s suas propriedades estrog\u00eanicas, a zearalenona tem sido associada a efeitos negativos na reprodu\u00e7\u00e3o de su\u00ednos.","breadcrumb":{"@id":"https:\/\/socialagri.com\/agriFM\/pt-br\/podcast\/impactos-da-zearalenona-na-reproducao-de-suinos\/#breadcrumb"},"inLanguage":"pt-BR","potentialAction":[{"@type":"ReadAction","target":["https:\/\/socialagri.com\/agriFM\/pt-br\/podcast\/impactos-da-zearalenona-na-reproducao-de-suinos\/"]}]},{"@type":"ImageObject","inLanguage":"pt-BR","@id":"https:\/\/socialagri.com\/agriFM\/pt-br\/podcast\/impactos-da-zearalenona-na-reproducao-de-suinos\/#primaryimage","url":"https:\/\/socialagri.com\/agriFM\/wp-content\/uploads\/2022\/08\/capa-podcast-mercado-320x320.png","contentUrl":"https:\/\/socialagri.com\/agriFM\/wp-content\/uploads\/2022\/08\/capa-podcast-mercado-320x320.png"},{"@type":"BreadcrumbList","@id":"https:\/\/socialagri.com\/agriFM\/pt-br\/podcast\/impactos-da-zearalenona-na-reproducao-de-suinos\/#breadcrumb","itemListElement":[{"@type":"ListItem","position":1,"name":"Portada","item":"https:\/\/socialagri.com\/agriFM\/pt-br\/"},{"@type":"ListItem","position":2,"name":"Podcast","item":"https:\/\/socialagri.com\/agriFM\/es\/podcast\/"},{"@type":"ListItem","position":3,"name":"Impactos da zearalenona na reprodu\u00e7\u00e3o de su\u00ednos"}]},{"@type":"WebSite","@id":"https:\/\/socialagri.com\/agriFM\/#website","url":"https:\/\/socialagri.com\/agriFM\/","name":"agriFM","description":"Otro sitio realizado con WordPress","potentialAction":[{"@type":"SearchAction","target":{"@type":"EntryPoint","urlTemplate":"https:\/\/socialagri.com\/agriFM\/?s={search_term_string}"},"query-input":"required name=search_term_string"}],"inLanguage":"pt-BR"}]}},"canal_name":"SuinoBrasil","_links":{"self":[{"href":"https:\/\/socialagri.com\/agriFM\/pt-br\/wp-json\/wp\/v2\/podcast\/12069"}],"collection":[{"href":"https:\/\/socialagri.com\/agriFM\/pt-br\/wp-json\/wp\/v2\/podcast"}],"about":[{"href":"https:\/\/socialagri.com\/agriFM\/pt-br\/wp-json\/wp\/v2\/types\/podcast"}],"author":[{"embeddable":true,"href":"https:\/\/socialagri.com\/agriFM\/pt-br\/wp-json\/wp\/v2\/users\/19"}],"version-history":[{"count":1,"href":"https:\/\/socialagri.com\/agriFM\/pt-br\/wp-json\/wp\/v2\/podcast\/12069\/revisions"}],"predecessor-version":[{"id":12079,"href":"https:\/\/socialagri.com\/agriFM\/pt-br\/wp-json\/wp\/v2\/podcast\/12069\/revisions\/12079"}],"wp:attachment":[{"href":"https:\/\/socialagri.com\/agriFM\/pt-br\/wp-json\/wp\/v2\/media?parent=12069"}],"wp:term":[{"taxonomy":"category","embeddable":true,"href":"https:\/\/socialagri.com\/agriFM\/pt-br\/wp-json\/wp\/v2\/categories?post=12069"},{"taxonomy":"post_tag","embeddable":true,"href":"https:\/\/socialagri.com\/agriFM\/pt-br\/wp-json\/wp\/v2\/tags?post=12069"},{"taxonomy":"canales","embeddable":true,"href":"https:\/\/socialagri.com\/agriFM\/pt-br\/wp-json\/wp\/v2\/canales?post=12069"},{"taxonomy":"Idioma","embeddable":true,"href":"https:\/\/socialagri.com\/agriFM\/pt-br\/wp-json\/wp\/v2\/Idioma?post=12069"},{"taxonomy":"intereses","embeddable":true,"href":"https:\/\/socialagri.com\/agriFM\/pt-br\/wp-json\/wp\/v2\/intereses?post=12069"},{"taxonomy":"participantes","embeddable":true,"href":"https:\/\/socialagri.com\/agriFM\/pt-br\/wp-json\/wp\/v2\/participantes?post=12069"}],"curies":[{"name":"wp","href":"https:\/\/api.w.org\/{rel}","templated":true}]}}