{"id":11607,"date":"2023-01-23T21:12:23","date_gmt":"2023-01-23T20:12:23","guid":{"rendered":"https:\/\/socialagri.com\/agriFM\/?post_type=podcast&#038;p=11607"},"modified":"2023-01-23T21:12:23","modified_gmt":"2023-01-23T20:12:23","slug":"qual-a-interacao-entre-nutricao-manejo-e-saude-intestinal","status":"publish","type":"podcast","link":"https:\/\/socialagri.com\/agriFM\/pt-br\/podcast\/qual-a-interacao-entre-nutricao-manejo-e-saude-intestinal\/","title":{"rendered":"Qual a intera\u00e7\u00e3o entre nutri\u00e7\u00e3o, manejo e sa\u00fade intestinal?"},"content":{"rendered":"<ul>\r\n \t<li style=\"text-align: right;\"><span style=\"font-size: 10pt;\"><em>Qual a intera\u00e7\u00e3o entre nutri\u00e7\u00e3o, manejo e sa\u00fade intestinal?<\/em><\/span><\/li>\r\n \t<li><\/li>\r\n \t<li>Com base nas <strong>crescentes demandas mundiais de produ\u00e7\u00e3o animal<\/strong>, atreladas as atuais exig\u00eancias de mercado, \u00e9 n\u00edtido a necessidade de que os profissionais da \u00e1rea revisem constantemente a literatura para a reciclagem de conceitos b\u00e1sicos, a fim de reajustar a rota quanto ao que tem sido feito em:<\/li>\r\n \t<li><\/li>\r\n \t<li><strong>programas de sanidade,<\/strong><\/li>\r\n \t<li><\/li>\r\n \t<li><strong>formula\u00e7\u00e3o de dietas,<\/strong><\/li>\r\n \t<li><\/li>\r\n \t<li><strong>implementa\u00e7\u00e3o de pr\u00e1ticas de manejo e<\/strong><\/li>\r\n \t<li><\/li>\r\n \t<li><strong>objetivos do melhoramento gen\u00e9tico.<\/strong><\/li>\r\n \t<li><\/li>\r\n \t<li>Tendo em vista estas tend\u00eancias, a manuten\u00e7\u00e3o da homeostase e efici\u00eancia dos processos fisiol\u00f3gicos do trato gastrointestinal se tornam uma pe\u00e7a chave para alcan\u00e7ar as metas almejadas, sendo fundamental a aplicabilidade de conceitos relacionados a sa\u00fade intestinal.<\/li>\r\n \t<li><\/li>\r\n \t<li>Na suinocultura industrial este prop\u00f3sito n\u00e3o \u00e9 diferente, visto que o intuito principal <strong>\u00e9 a transforma\u00e7\u00e3o efetiva de vegetais em um produto de alto valor biol\u00f3gico, por\u00e9m o sucesso deste processo depende de uma \u201cm\u00e1quina\u201d em m\u00e1xima performance, a qual \u00e9 o su\u00edno.<\/strong><\/li>\r\n \t<li><\/li>\r\n \t<li>Entretanto, infortunadamente os sistemas de produ\u00e7\u00e3o est\u00e3o rotineiramente suscept\u00edveis a ocorr\u00eancia de alguns problemas que limitam a completa efici\u00eancia produtiva dos animais, cabendo aos profissionais tomadores de decis\u00e3o <strong>criar planos de preven\u00e7\u00e3o<\/strong>, compreendendo quais fatores que promovem a ocorr\u00eancia do mesmo, <strong>e planos de conting\u00eancia<\/strong>, quando o problema j\u00e1 se encontra instalado.<\/li>\r\n \t<li><\/li>\r\n \t<li>Estes empecilhos podem estar inseridos em uma rede de a\u00e7\u00f5es durante todo o processo produtivo, iniciando-se desde:<\/li>\r\n \t<li><\/li>\r\n \t<li>C\u00e1lculos no momento de formula\u00e7\u00e3o da dieta,<\/li>\r\n \t<li><\/li>\r\n \t<li>Escolha de ingredientes para o atendimento das reais exig\u00eancias do animal,<\/li>\r\n \t<li><\/li>\r\n \t<li>Controle microbiol\u00f3gico e da composi\u00e7\u00e3o nutricional do referido ingrediente utilizado,<\/li>\r\n \t<li><\/li>\r\n \t<li>Armazenamento e transporte da ra\u00e7\u00e3o ap\u00f3s o processamento, assim como na oferta do alimento no comedouro.<\/li>\r\n \t<li><\/li>\r\n \t<li><span style=\"color: #008481;\"><strong>Cuidados que podem parecer simples, mas em somat\u00f3rio, quando passam despercebidos, tem o potencial de comprometer a saudabilidade intestinal, e de tal modo, os par\u00e2metros de desempenho, proporcionando queda na produtividade e menor retorno sobre o investimento.<\/strong><\/span><\/li>\r\n \t<li><\/li>\r\n \t<li>Os dizeres supracitados fomentam a necessidade da aplica\u00e7\u00e3o pr\u00e1tica do conceito expresso pela tr\u00edade:<strong> animal, ambiente e pat\u00f3geno.<\/strong><\/li>\r\n \t<li><\/li>\r\n \t<li>Quando esta <strong>inter-rela\u00e7\u00e3o est\u00e1 desbalanceada<\/strong> seja por falhas no manejo, sanidade ou nutri\u00e7\u00e3o, haver\u00e1 o <strong>surgimento de um processo estressor<\/strong> com prov\u00e1vel <strong>impacto no desempenho do indiv\u00edduo<\/strong> como resultado a instala\u00e7\u00e3o de um quadro patol\u00f3gico local ou sist\u00eamico. De tal modo, estes pontos s\u00e3o importantes para obter a sa\u00fade integral do indiv\u00edduo, sendo a sa\u00fade intestinal uma grande colaboradora desta.<\/li>\r\n \t<li><\/li>\r\n \t<li>Para ler o artigo &#8220;Qual a intera\u00e7\u00e3o entre nutri\u00e7\u00e3o, manejo e sa\u00fade intestinal? <em>&#8220;<\/em>, clique <a href=\"https:\/\/porcinews.com\/pt-br\/qual-a-interacao-entre-nutricao-manejo-e-saude-intestinal\/\" target=\"_blank\" rel=\"noopener\"><strong>AQUI<img loading=\"lazy\" decoding=\"async\" class=\"alignnone wp-image-8367\" src=\"https:\/\/images.socialagri.com\/agriFM\/wp-content\/uploads\/2022\/08\/05182134\/capa-podcast-mercado-320x320.png\" alt=\"\" width=\"5\" height=\"5\" srcset=\"https:\/\/images.socialagri.com\/agriFM\/wp-content\/uploads\/2022\/08\/05182134\/capa-podcast-mercado-320x320.png 320w, https:\/\/images.socialagri.com\/agriFM\/wp-content\/uploads\/2022\/08\/05182134\/capa-podcast-mercado-112x112.png 112w, https:\/\/images.socialagri.com\/agriFM\/wp-content\/uploads\/2022\/08\/05182134\/capa-podcast-mercado.png 500w\" sizes=\"(max-width: 5px) 100vw, 5px\" \/><\/strong><\/a><\/li>\r\n \t<li><\/li>\r\n \t<li>Ou\u00e7a tamb\u00e9m: &#8220;<a href=\"https:\/\/socialagri.com\/agriFM\/pt-br\/podcast\/hiperleitegadas-o-que-faremos-com-os-leitoes-excedentes\/\" target=\"_blank\" rel=\"noopener\">Hiperleitegadas: o que faremos com os leit\u00f5es excedentes?<\/a> &#8220;<\/li>\r\n<\/ul>","protected":false},"author":19,"featured_media":0,"parent":0,"menu_order":0,"template":"","meta":{"_acf_changed":false,"footnotes":""},"categories":[129],"tags":[],"canales":[211],"Idioma":[13],"intereses":[324],"participantes":[],"acf":{"link_podcast1":"https:\/\/images.socialagri.com\/agriFM\/wp-content\/uploads\/2023\/01\/23211116\/PODCAST-nutricao-manejo-saude-intestinal.mp3","imagen_podcast1":"https:\/\/images.socialagri.com\/agriFM\/wp-content\/uploads\/2023\/01\/23211105\/capa-podcast-nutricao-manejo-saude-intestinal.png"},"yoast_head":"<!-- This site is optimized with the Yoast SEO plugin v22.9 - https:\/\/yoast.com\/wordpress\/plugins\/seo\/ -->\n<title>Qual a intera\u00e7\u00e3o entre nutri\u00e7\u00e3o, manejo e sa\u00fade intestinal? - agriFM<\/title>\n<meta name=\"description\" content=\"Existe uma grande oportunidade na compreens\u00e3o das intera\u00e7\u00f5es presentes entre o manejo e nutri\u00e7\u00e3o com os impactos na sa\u00fade intestinal\" \/>\n<meta name=\"robots\" content=\"index, follow, max-snippet:-1, max-image-preview:large, max-video-preview:-1\" \/>\n<link rel=\"canonical\" href=\"https:\/\/socialagri.com\/agriFM\/pt-br\/podcast\/qual-a-interacao-entre-nutricao-manejo-e-saude-intestinal\/\" \/>\n<meta property=\"og:locale\" content=\"pt_BR\" \/>\n<meta property=\"og:type\" content=\"article\" \/>\n<meta property=\"og:title\" content=\"Qual a intera\u00e7\u00e3o entre nutri\u00e7\u00e3o, manejo e sa\u00fade intestinal? - agriFM\" \/>\n<meta property=\"og:description\" content=\"Existe uma grande oportunidade na compreens\u00e3o das intera\u00e7\u00f5es presentes entre o manejo e nutri\u00e7\u00e3o com os impactos na sa\u00fade intestinal\" \/>\n<meta property=\"og:url\" content=\"https:\/\/socialagri.com\/agriFM\/pt-br\/podcast\/qual-a-interacao-entre-nutricao-manejo-e-saude-intestinal\/\" \/>\n<meta property=\"og:site_name\" content=\"agriFM\" \/>\n<meta property=\"og:image\" content=\"https:\/\/socialagri.com\/agriFM\/wp-content\/uploads\/2022\/08\/capa-podcast-mercado-320x320.png\" \/>\n<meta name=\"twitter:card\" content=\"summary_large_image\" \/>\n<meta name=\"twitter:label1\" content=\"Est. tempo de leitura\" \/>\n\t<meta name=\"twitter:data1\" content=\"2 minutos\" \/>\n<script type=\"application\/ld+json\" class=\"yoast-schema-graph\">{\"@context\":\"https:\/\/schema.org\",\"@graph\":[{\"@type\":\"WebPage\",\"@id\":\"https:\/\/socialagri.com\/agriFM\/pt-br\/podcast\/qual-a-interacao-entre-nutricao-manejo-e-saude-intestinal\/\",\"url\":\"https:\/\/socialagri.com\/agriFM\/pt-br\/podcast\/qual-a-interacao-entre-nutricao-manejo-e-saude-intestinal\/\",\"name\":\"Qual a intera\u00e7\u00e3o entre nutri\u00e7\u00e3o, manejo e sa\u00fade intestinal? - agriFM\",\"isPartOf\":{\"@id\":\"https:\/\/socialagri.com\/agriFM\/#website\"},\"primaryImageOfPage\":{\"@id\":\"https:\/\/socialagri.com\/agriFM\/pt-br\/podcast\/qual-a-interacao-entre-nutricao-manejo-e-saude-intestinal\/#primaryimage\"},\"image\":{\"@id\":\"https:\/\/socialagri.com\/agriFM\/pt-br\/podcast\/qual-a-interacao-entre-nutricao-manejo-e-saude-intestinal\/#primaryimage\"},\"thumbnailUrl\":\"https:\/\/socialagri.com\/agriFM\/wp-content\/uploads\/2022\/08\/capa-podcast-mercado-320x320.png\",\"datePublished\":\"2023-01-23T20:12:23+00:00\",\"dateModified\":\"2023-01-23T20:12:23+00:00\",\"description\":\"Existe uma grande oportunidade na compreens\u00e3o das intera\u00e7\u00f5es presentes entre o manejo e nutri\u00e7\u00e3o com os impactos na sa\u00fade intestinal\",\"breadcrumb\":{\"@id\":\"https:\/\/socialagri.com\/agriFM\/pt-br\/podcast\/qual-a-interacao-entre-nutricao-manejo-e-saude-intestinal\/#breadcrumb\"},\"inLanguage\":\"pt-BR\",\"potentialAction\":[{\"@type\":\"ReadAction\",\"target\":[\"https:\/\/socialagri.com\/agriFM\/pt-br\/podcast\/qual-a-interacao-entre-nutricao-manejo-e-saude-intestinal\/\"]}]},{\"@type\":\"ImageObject\",\"inLanguage\":\"pt-BR\",\"@id\":\"https:\/\/socialagri.com\/agriFM\/pt-br\/podcast\/qual-a-interacao-entre-nutricao-manejo-e-saude-intestinal\/#primaryimage\",\"url\":\"https:\/\/socialagri.com\/agriFM\/wp-content\/uploads\/2022\/08\/capa-podcast-mercado-320x320.png\",\"contentUrl\":\"https:\/\/socialagri.com\/agriFM\/wp-content\/uploads\/2022\/08\/capa-podcast-mercado-320x320.png\"},{\"@type\":\"BreadcrumbList\",\"@id\":\"https:\/\/socialagri.com\/agriFM\/pt-br\/podcast\/qual-a-interacao-entre-nutricao-manejo-e-saude-intestinal\/#breadcrumb\",\"itemListElement\":[{\"@type\":\"ListItem\",\"position\":1,\"name\":\"Portada\",\"item\":\"https:\/\/socialagri.com\/agriFM\/pt-br\/\"},{\"@type\":\"ListItem\",\"position\":2,\"name\":\"Podcast\",\"item\":\"https:\/\/socialagri.com\/agriFM\/es\/podcast\/\"},{\"@type\":\"ListItem\",\"position\":3,\"name\":\"Qual a intera\u00e7\u00e3o entre nutri\u00e7\u00e3o, manejo e sa\u00fade intestinal?\"}]},{\"@type\":\"WebSite\",\"@id\":\"https:\/\/socialagri.com\/agriFM\/#website\",\"url\":\"https:\/\/socialagri.com\/agriFM\/\",\"name\":\"agriFM\",\"description\":\"Otro sitio realizado con WordPress\",\"potentialAction\":[{\"@type\":\"SearchAction\",\"target\":{\"@type\":\"EntryPoint\",\"urlTemplate\":\"https:\/\/socialagri.com\/agriFM\/?s={search_term_string}\"},\"query-input\":\"required name=search_term_string\"}],\"inLanguage\":\"pt-BR\"}]}<\/script>\n<!-- \/ Yoast SEO plugin. -->","yoast_head_json":{"title":"Qual a intera\u00e7\u00e3o entre nutri\u00e7\u00e3o, manejo e sa\u00fade intestinal? - agriFM","description":"Existe uma grande oportunidade na compreens\u00e3o das intera\u00e7\u00f5es presentes entre o manejo e nutri\u00e7\u00e3o com os impactos na sa\u00fade intestinal","robots":{"index":"index","follow":"follow","max-snippet":"max-snippet:-1","max-image-preview":"max-image-preview:large","max-video-preview":"max-video-preview:-1"},"canonical":"https:\/\/socialagri.com\/agriFM\/pt-br\/podcast\/qual-a-interacao-entre-nutricao-manejo-e-saude-intestinal\/","og_locale":"pt_BR","og_type":"article","og_title":"Qual a intera\u00e7\u00e3o entre nutri\u00e7\u00e3o, manejo e sa\u00fade intestinal? - agriFM","og_description":"Existe uma grande oportunidade na compreens\u00e3o das intera\u00e7\u00f5es presentes entre o manejo e nutri\u00e7\u00e3o com os impactos na sa\u00fade intestinal","og_url":"https:\/\/socialagri.com\/agriFM\/pt-br\/podcast\/qual-a-interacao-entre-nutricao-manejo-e-saude-intestinal\/","og_site_name":"agriFM","og_image":[{"url":"https:\/\/socialagri.com\/agriFM\/wp-content\/uploads\/2022\/08\/capa-podcast-mercado-320x320.png"}],"twitter_card":"summary_large_image","twitter_misc":{"Est. tempo de leitura":"2 minutos"},"schema":{"@context":"https:\/\/schema.org","@graph":[{"@type":"WebPage","@id":"https:\/\/socialagri.com\/agriFM\/pt-br\/podcast\/qual-a-interacao-entre-nutricao-manejo-e-saude-intestinal\/","url":"https:\/\/socialagri.com\/agriFM\/pt-br\/podcast\/qual-a-interacao-entre-nutricao-manejo-e-saude-intestinal\/","name":"Qual a intera\u00e7\u00e3o entre nutri\u00e7\u00e3o, manejo e sa\u00fade intestinal? - agriFM","isPartOf":{"@id":"https:\/\/socialagri.com\/agriFM\/#website"},"primaryImageOfPage":{"@id":"https:\/\/socialagri.com\/agriFM\/pt-br\/podcast\/qual-a-interacao-entre-nutricao-manejo-e-saude-intestinal\/#primaryimage"},"image":{"@id":"https:\/\/socialagri.com\/agriFM\/pt-br\/podcast\/qual-a-interacao-entre-nutricao-manejo-e-saude-intestinal\/#primaryimage"},"thumbnailUrl":"https:\/\/socialagri.com\/agriFM\/wp-content\/uploads\/2022\/08\/capa-podcast-mercado-320x320.png","datePublished":"2023-01-23T20:12:23+00:00","dateModified":"2023-01-23T20:12:23+00:00","description":"Existe uma grande oportunidade na compreens\u00e3o das intera\u00e7\u00f5es presentes entre o manejo e nutri\u00e7\u00e3o com os impactos na sa\u00fade intestinal","breadcrumb":{"@id":"https:\/\/socialagri.com\/agriFM\/pt-br\/podcast\/qual-a-interacao-entre-nutricao-manejo-e-saude-intestinal\/#breadcrumb"},"inLanguage":"pt-BR","potentialAction":[{"@type":"ReadAction","target":["https:\/\/socialagri.com\/agriFM\/pt-br\/podcast\/qual-a-interacao-entre-nutricao-manejo-e-saude-intestinal\/"]}]},{"@type":"ImageObject","inLanguage":"pt-BR","@id":"https:\/\/socialagri.com\/agriFM\/pt-br\/podcast\/qual-a-interacao-entre-nutricao-manejo-e-saude-intestinal\/#primaryimage","url":"https:\/\/socialagri.com\/agriFM\/wp-content\/uploads\/2022\/08\/capa-podcast-mercado-320x320.png","contentUrl":"https:\/\/socialagri.com\/agriFM\/wp-content\/uploads\/2022\/08\/capa-podcast-mercado-320x320.png"},{"@type":"BreadcrumbList","@id":"https:\/\/socialagri.com\/agriFM\/pt-br\/podcast\/qual-a-interacao-entre-nutricao-manejo-e-saude-intestinal\/#breadcrumb","itemListElement":[{"@type":"ListItem","position":1,"name":"Portada","item":"https:\/\/socialagri.com\/agriFM\/pt-br\/"},{"@type":"ListItem","position":2,"name":"Podcast","item":"https:\/\/socialagri.com\/agriFM\/es\/podcast\/"},{"@type":"ListItem","position":3,"name":"Qual a intera\u00e7\u00e3o entre nutri\u00e7\u00e3o, manejo e sa\u00fade intestinal?"}]},{"@type":"WebSite","@id":"https:\/\/socialagri.com\/agriFM\/#website","url":"https:\/\/socialagri.com\/agriFM\/","name":"agriFM","description":"Otro sitio realizado con WordPress","potentialAction":[{"@type":"SearchAction","target":{"@type":"EntryPoint","urlTemplate":"https:\/\/socialagri.com\/agriFM\/?s={search_term_string}"},"query-input":"required name=search_term_string"}],"inLanguage":"pt-BR"}]}},"canal_name":"SuinoBrasil","_links":{"self":[{"href":"https:\/\/socialagri.com\/agriFM\/pt-br\/wp-json\/wp\/v2\/podcast\/11607"}],"collection":[{"href":"https:\/\/socialagri.com\/agriFM\/pt-br\/wp-json\/wp\/v2\/podcast"}],"about":[{"href":"https:\/\/socialagri.com\/agriFM\/pt-br\/wp-json\/wp\/v2\/types\/podcast"}],"author":[{"embeddable":true,"href":"https:\/\/socialagri.com\/agriFM\/pt-br\/wp-json\/wp\/v2\/users\/19"}],"version-history":[{"count":2,"href":"https:\/\/socialagri.com\/agriFM\/pt-br\/wp-json\/wp\/v2\/podcast\/11607\/revisions"}],"predecessor-version":[{"id":12061,"href":"https:\/\/socialagri.com\/agriFM\/pt-br\/wp-json\/wp\/v2\/podcast\/11607\/revisions\/12061"}],"wp:attachment":[{"href":"https:\/\/socialagri.com\/agriFM\/pt-br\/wp-json\/wp\/v2\/media?parent=11607"}],"wp:term":[{"taxonomy":"category","embeddable":true,"href":"https:\/\/socialagri.com\/agriFM\/pt-br\/wp-json\/wp\/v2\/categories?post=11607"},{"taxonomy":"post_tag","embeddable":true,"href":"https:\/\/socialagri.com\/agriFM\/pt-br\/wp-json\/wp\/v2\/tags?post=11607"},{"taxonomy":"canales","embeddable":true,"href":"https:\/\/socialagri.com\/agriFM\/pt-br\/wp-json\/wp\/v2\/canales?post=11607"},{"taxonomy":"Idioma","embeddable":true,"href":"https:\/\/socialagri.com\/agriFM\/pt-br\/wp-json\/wp\/v2\/Idioma?post=11607"},{"taxonomy":"intereses","embeddable":true,"href":"https:\/\/socialagri.com\/agriFM\/pt-br\/wp-json\/wp\/v2\/intereses?post=11607"},{"taxonomy":"participantes","embeddable":true,"href":"https:\/\/socialagri.com\/agriFM\/pt-br\/wp-json\/wp\/v2\/participantes?post=11607"}],"curies":[{"name":"wp","href":"https:\/\/api.w.org\/{rel}","templated":true}]}}